{"id":2,"date":"2010-10-03T05:11:36","date_gmt":"2010-10-03T05:11:36","guid":{"rendered":"https:\/\/aapars.com\/jacques-landry\/?page_id=2"},"modified":"2024-03-26T15:23:42","modified_gmt":"2024-03-26T19:23:42","slug":"accueil","status":"publish","type":"page","link":"https:\/\/aapars.com\/yves-dore\/","title":{"rendered":"Yves Dor\u00e9"},"content":{"rendered":"<p><img loading=\"lazy\" decoding=\"async\" class=\"alignnone wp-image-93 size-full\" src=\"https:\/\/aapars.com\/yves-dore\/files\/2010\/10\/IMG_2454.jpg\" alt=\"\" width=\"108\" height=\"108\" \/><\/p>\n\n<table id=\"tablepress-1\" class=\"tablepress tablepress-id-1\">\n<tbody class=\"row-striping\">\n<tr class=\"row-1\">\n\t<td class=\"column-1\">Technique :<\/td><td class=\"column-2\">Acrylique<\/td>\n<\/tr>\n<tr class=\"row-2\">\n\t<td class=\"column-1\">Affiliation professionelle :<\/td><td class=\"column-2\">AAPARS<\/td>\n<\/tr>\n<tr class=\"row-3\">\n\t<td class=\"column-1\">T\u00e9l\u00e9phone :<\/td><td class=\"column-2\">450-699-5862<\/td>\n<\/tr>\n<tr class=\"row-4\">\n\t<td class=\"column-1\">Courriel :<\/td><td class=\"column-2\"><a href=\"mailto:yvesdore@sympatico.ca\">yvesdore@sympatico.ca<\/a><\/td>\n<\/tr>\n<tr class=\"row-5\">\n\t<td class=\"column-1\">Site Internet :<\/td><td class=\"column-2\"><a href=\"http:\/\/www.yvesdore.ca\">www.yvesdore.ca<\/a><\/td>\n<\/tr>\n<\/tbody>\n<\/table>\n<!-- #tablepress-1 from cache -->\n<h2>Biographie<\/h2>\n<p>J\u2019ai vu le jour \u00e0 Montr\u00e9al. \u00c0 un tr\u00e8s bas \u00e2ge, le crayon \u00e9tait mon meilleur ami, le dessin ma passion.<\/p>\n<p>Vers quatorze ans, je donnai mes premiers coups de pinceau. Je me souviens encore de cette premi\u00e8re toile \u2013 une rivi\u00e8re, un homme debout dans une chaloupe et au loin une maison.<\/p>\n<p>Plus tard, j\u2019entrepris des \u00e9tudes en art publicitaire au Studio Salette de Montr\u00e9al et<\/p>\n<p>en fut dipl\u00f4m\u00e9. J\u2019entrepris alors ma carri\u00e8re de graphiste, tout en continuant d\u2019approfondir ma technique en suivant quelques sessions de dessin \u00e0 l\u2019\u00c9cole des beaux-arts de Montr\u00e9al, puis en m\u2019inscrivant \u00e0 l\u2019Institut de dessin technique,<\/p>\n<p>\u00e9galement \u00e0 Montr\u00e9al.<\/p>\n<p>Ma carri\u00e8re de graphiste me fit d\u00e9couvrir l\u2019illustration, la conception graphique, la r\u00e9alisation de maquette. Cette exp\u00e9rience me permit de devenir concepteur graphique et plus tard directeur artistique dans des studios et des agences de publicit\u00e9 r\u00e9put\u00e9s de Montr\u00e9al. J\u2019ai eu la chance de r\u00e9aliser bon nombre de projets importants, dont certains pour le gouvernement du Qu\u00e9bec et plusieurs grandes soci\u00e9t\u00e9s qu\u00e9b\u00e9coises.<\/p>\n<p>Cette exp\u00e9rience me permet aujourd\u2019hui de r\u00e9aliser des toiles originales, fantaisistes, cr\u00e9atives et recherch\u00e9es techniquement, ce qui je l\u2018esp\u00e8re saura vous plaire.<\/p>\n<p>Votre encouragement m\u2019est d\u2019une grande motivation.<\/p>\n<h2>Galeries<\/h2>\n\n<table id=\"tablepress-4\" class=\"tablepress tablepress-id-4\">\n<thead>\n<tr class=\"row-1\">\n\t<th class=\"column-1\">Galeries<\/th><th class=\"column-2\">Lieu<\/th>\n<\/tr>\n<\/thead>\n<tbody class=\"row-striping\">\n<tr class=\"row-2\">\n\t<td class=\"column-1\">Galerie d\u2019Art les Imagiers<\/td><td class=\"column-2\">19-5, Principale Nord<br \/>\nSutton, Qc J0E 2K0<br \/>\nlesimagiers.blogspot.ca<\/td>\n<\/tr>\n<tr class=\"row-3\">\n\t<td class=\"column-1\">Galerie Berick<\/td><td class=\"column-2\">172,rue d\u2019Adamsville<br \/>\nBromont, Qc J2L 2Y6<br \/>\ngalerieberick@meublesgalerieberick.com<br \/>\nwww.meublesgalerieberick.com<\/td>\n<\/tr>\n<tr class=\"row-4\">\n\t<td class=\"column-1\">Galerie Robert Senneville<\/td><td class=\"column-2\">2655, rue King Ouest<br \/>\nSherbrooke Qc J1L 1C1<br \/>\nwww.galerierobertsenneville.com<\/td>\n<\/tr>\n<\/tbody>\n<\/table>\n<!-- #tablepress-4 from cache -->\n<h2>Expositions<\/h2>\n\n<table id=\"tablepress-3\" class=\"tablepress tablepress-id-3\">\n<thead>\n<tr class=\"row-1\">\n\t<th class=\"column-1\">Ann\u00e9e<\/th><th class=\"column-2\">Nom<\/th><th class=\"column-3\">Endroit<\/th>\n<\/tr>\n<\/thead>\n<tbody class=\"row-striping\">\n<tr class=\"row-2\">\n\t<td class=\"column-1\">2011<\/td><td class=\"column-2\">La travers\u00e9e du lac Memphr\u00e9magog<\/td><td class=\"column-3\">Memphr\u00e9magog<\/td>\n<\/tr>\n<tr class=\"row-3\">\n\t<td class=\"column-1\">2012<\/td><td class=\"column-2\">Les Alcoves-Qu\u00e9bec<\/td><td class=\"column-3\">Qu\u00e9bec<\/td>\n<\/tr>\n<\/tbody>\n<\/table>\n<!-- #tablepress-3 from cache -->\n<h2>Reconnaissance<\/h2>\n\n<table id=\"tablepress-5\" class=\"tablepress tablepress-id-5\">\n<thead>\n<tr class=\"row-1\">\n\t<th class=\"column-1\">Ann\u00e9e<\/th><th class=\"column-2\">Nom<\/th><td class=\"column-3\"><\/td>\n<\/tr>\n<\/thead>\n<tbody class=\"row-striping\">\n<tr class=\"row-2\">\n\t<td class=\"column-1\">2015<\/td><td class=\"column-2\">Magazin\u2019art \u00e9t\u00e9<\/td><td class=\"column-3\"><\/td>\n<\/tr>\n<\/tbody>\n<\/table>\n<!-- #tablepress-5 from cache -->\n","protected":false},"excerpt":{"rendered":"<p>Biographie J\u2019ai vu le jour \u00e0 Montr\u00e9al. \u00c0 un tr\u00e8s bas \u00e2ge, le crayon \u00e9tait mon meilleur ami, le dessin ma passion. Vers quatorze ans, je donnai mes premiers coups de pinceau. Je me souviens encore de cette premi\u00e8re toile \u2013 une rivi\u00e8re, un homme debout dans une chaloupe et au loin une maison. Plus &#8230; <\/p>\n<p class=\"read-more-container\"><a title=\"Yves Dor\u00e9\" class=\"read-more button\" href=\"https:\/\/aapars.com\/yves-dore\/#more-2\" aria-label=\"En savoir plus sur Yves Dor\u00e9\">Lire plus<\/a><\/p>\n","protected":false},"author":839,"featured_media":0,"parent":0,"menu_order":0,"comment_status":"closed","ping_status":"closed","template":"","meta":{"_s2mail":"yes","ngg_post_thumbnail":0,"iawp_total_views":86,"footnotes":""},"class_list":["post-2","page","type-page","status-publish"],"yoast_head":"<!-- This site is optimized with the Yoast SEO plugin v27.5 - https:\/\/yoast.com\/product\/yoast-seo-wordpress\/ -->\n<title>Yves Dor\u00e9 - Yves Dor\u00e9 - Un site de la galerie virtuelle de l&#039;AAPARS<\/title>\n<meta name=\"description\" content=\"Biographie J\u2019ai vu le jour \u00e0 Montr\u00e9al. \u00c0 un tr\u00e8s bas \u00e2ge, le crayon \u00e9tait mon meilleur ami, le dessin ma passion. Vers quatorze ans, je donnai mes\" \/>\n<meta name=\"robots\" content=\"index, follow, max-snippet:-1, max-image-preview:large, max-video-preview:-1\" \/>\n<link rel=\"canonical\" href=\"https:\/\/aapars.com\/yves-dore\/\" \/>\n<meta property=\"og:locale\" content=\"fr_FR\" \/>\n<meta property=\"og:type\" content=\"article\" \/>\n<meta property=\"og:title\" content=\"Yves Dor\u00e9 - Yves Dor\u00e9 - Un site de la galerie virtuelle de l&#039;AAPARS\" \/>\n<meta property=\"og:description\" content=\"Biographie J\u2019ai vu le jour \u00e0 Montr\u00e9al. \u00c0 un tr\u00e8s bas \u00e2ge, le crayon \u00e9tait mon meilleur ami, le dessin ma passion. Vers quatorze ans, je donnai mes\" \/>\n<meta property=\"og:url\" content=\"https:\/\/aapars.com\/yves-dore\/\" \/>\n<meta property=\"og:site_name\" content=\"Yves Dor\u00e9\" \/>\n<meta property=\"article:modified_time\" content=\"2024-03-26T19:23:42+00:00\" \/>\n<meta property=\"og:image\" content=\"https:\/\/aapars.com\/yves-dore\/files\/2010\/10\/IMG_2454.jpg\" \/>\n<meta name=\"twitter:label1\" content=\"Dur\u00e9e de lecture estim\u00e9e\" \/>\n\t<meta name=\"twitter:data1\" content=\"1 minute\" \/>\n<script type=\"application\/ld+json\" class=\"yoast-schema-graph\">{\"@context\":\"https:\\\/\\\/schema.org\",\"@graph\":[{\"@type\":\"WebPage\",\"@id\":\"https:\\\/\\\/aapars.com\\\/yves-dore\\\/\",\"url\":\"https:\\\/\\\/aapars.com\\\/yves-dore\\\/\",\"name\":\"Yves Dor\u00e9 - Yves Dor\u00e9 - Un site de la galerie virtuelle de l&#039;AAPARS\",\"isPartOf\":{\"@id\":\"https:\\\/\\\/aapars.com\\\/yves-dore\\\/#website\"},\"primaryImageOfPage\":{\"@id\":\"https:\\\/\\\/aapars.com\\\/yves-dore\\\/#primaryimage\"},\"image\":{\"@id\":\"https:\\\/\\\/aapars.com\\\/yves-dore\\\/#primaryimage\"},\"thumbnailUrl\":\"https:\\\/\\\/aapars.com\\\/yves-dore\\\/files\\\/2010\\\/10\\\/IMG_2454.jpg\",\"datePublished\":\"2010-10-03T05:11:36+00:00\",\"dateModified\":\"2024-03-26T19:23:42+00:00\",\"description\":\"Biographie J\u2019ai vu le jour \u00e0 Montr\u00e9al. \u00c0 un tr\u00e8s bas \u00e2ge, le crayon \u00e9tait mon meilleur ami, le dessin ma passion. Vers quatorze ans, je donnai mes\",\"breadcrumb\":{\"@id\":\"https:\\\/\\\/aapars.com\\\/yves-dore\\\/#breadcrumb\"},\"inLanguage\":\"fr-FR\",\"potentialAction\":[{\"@type\":\"ReadAction\",\"target\":[\"https:\\\/\\\/aapars.com\\\/yves-dore\\\/\"]}]},{\"@type\":\"ImageObject\",\"inLanguage\":\"fr-FR\",\"@id\":\"https:\\\/\\\/aapars.com\\\/yves-dore\\\/#primaryimage\",\"url\":\"https:\\\/\\\/aapars.com\\\/yves-dore\\\/files\\\/2010\\\/10\\\/IMG_2454.jpg\",\"contentUrl\":\"https:\\\/\\\/aapars.com\\\/yves-dore\\\/files\\\/2010\\\/10\\\/IMG_2454.jpg\",\"width\":108,\"height\":108},{\"@type\":\"BreadcrumbList\",\"@id\":\"https:\\\/\\\/aapars.com\\\/yves-dore\\\/#breadcrumb\",\"itemListElement\":[{\"@type\":\"ListItem\",\"position\":1,\"name\":\"Accueil\",\"item\":\"https:\\\/\\\/aapars.com\\\/yves-dore\\\/\"},{\"@type\":\"ListItem\",\"position\":2,\"name\":\"Yves Dor\u00e9\"}]},{\"@type\":\"WebSite\",\"@id\":\"https:\\\/\\\/aapars.com\\\/yves-dore\\\/#website\",\"url\":\"https:\\\/\\\/aapars.com\\\/yves-dore\\\/\",\"name\":\"Yves Dor\u00e9\",\"description\":\"Un site de la galerie virtuelle de l&#039;AAPARS\",\"publisher\":{\"@id\":\"https:\\\/\\\/aapars.com\\\/yves-dore\\\/#organization\"},\"potentialAction\":[{\"@type\":\"SearchAction\",\"target\":{\"@type\":\"EntryPoint\",\"urlTemplate\":\"https:\\\/\\\/aapars.com\\\/yves-dore\\\/?s={search_term_string}\"},\"query-input\":{\"@type\":\"PropertyValueSpecification\",\"valueRequired\":true,\"valueName\":\"search_term_string\"}}],\"inLanguage\":\"fr-FR\"},{\"@type\":\"Organization\",\"@id\":\"https:\\\/\\\/aapars.com\\\/yves-dore\\\/#organization\",\"name\":\"Yves Dor\u00e9\",\"url\":\"https:\\\/\\\/aapars.com\\\/yves-dore\\\/\",\"logo\":{\"@type\":\"ImageObject\",\"inLanguage\":\"fr-FR\",\"@id\":\"https:\\\/\\\/aapars.com\\\/yves-dore\\\/#\\\/schema\\\/logo\\\/image\\\/\",\"url\":\"https:\\\/\\\/aapars.com\\\/yves-dore\\\/files\\\/2012\\\/04\\\/logo-aapars-@2x.png\",\"contentUrl\":\"https:\\\/\\\/aapars.com\\\/yves-dore\\\/files\\\/2012\\\/04\\\/logo-aapars-@2x.png\",\"width\":560,\"height\":306,\"caption\":\"Yves Dor\u00e9\"},\"image\":{\"@id\":\"https:\\\/\\\/aapars.com\\\/yves-dore\\\/#\\\/schema\\\/logo\\\/image\\\/\"}}]}<\/script>\n<!-- \/ Yoast SEO plugin. -->","yoast_head_json":{"title":"Yves Dor\u00e9 - Yves Dor\u00e9 - Un site de la galerie virtuelle de l&#039;AAPARS","description":"Biographie J\u2019ai vu le jour \u00e0 Montr\u00e9al. \u00c0 un tr\u00e8s bas \u00e2ge, le crayon \u00e9tait mon meilleur ami, le dessin ma passion. Vers quatorze ans, je donnai mes","robots":{"index":"index","follow":"follow","max-snippet":"max-snippet:-1","max-image-preview":"max-image-preview:large","max-video-preview":"max-video-preview:-1"},"canonical":"https:\/\/aapars.com\/yves-dore\/","og_locale":"fr_FR","og_type":"article","og_title":"Yves Dor\u00e9 - Yves Dor\u00e9 - Un site de la galerie virtuelle de l&#039;AAPARS","og_description":"Biographie J\u2019ai vu le jour \u00e0 Montr\u00e9al. \u00c0 un tr\u00e8s bas \u00e2ge, le crayon \u00e9tait mon meilleur ami, le dessin ma passion. Vers quatorze ans, je donnai mes","og_url":"https:\/\/aapars.com\/yves-dore\/","og_site_name":"Yves Dor\u00e9","article_modified_time":"2024-03-26T19:23:42+00:00","og_image":[{"url":"https:\/\/aapars.com\/yves-dore\/files\/2010\/10\/IMG_2454.jpg","type":"","width":"","height":""}],"twitter_misc":{"Dur\u00e9e de lecture estim\u00e9e":"1 minute"},"schema":{"@context":"https:\/\/schema.org","@graph":[{"@type":"WebPage","@id":"https:\/\/aapars.com\/yves-dore\/","url":"https:\/\/aapars.com\/yves-dore\/","name":"Yves Dor\u00e9 - Yves Dor\u00e9 - Un site de la galerie virtuelle de l&#039;AAPARS","isPartOf":{"@id":"https:\/\/aapars.com\/yves-dore\/#website"},"primaryImageOfPage":{"@id":"https:\/\/aapars.com\/yves-dore\/#primaryimage"},"image":{"@id":"https:\/\/aapars.com\/yves-dore\/#primaryimage"},"thumbnailUrl":"https:\/\/aapars.com\/yves-dore\/files\/2010\/10\/IMG_2454.jpg","datePublished":"2010-10-03T05:11:36+00:00","dateModified":"2024-03-26T19:23:42+00:00","description":"Biographie J\u2019ai vu le jour \u00e0 Montr\u00e9al. \u00c0 un tr\u00e8s bas \u00e2ge, le crayon \u00e9tait mon meilleur ami, le dessin ma passion. Vers quatorze ans, je donnai mes","breadcrumb":{"@id":"https:\/\/aapars.com\/yves-dore\/#breadcrumb"},"inLanguage":"fr-FR","potentialAction":[{"@type":"ReadAction","target":["https:\/\/aapars.com\/yves-dore\/"]}]},{"@type":"ImageObject","inLanguage":"fr-FR","@id":"https:\/\/aapars.com\/yves-dore\/#primaryimage","url":"https:\/\/aapars.com\/yves-dore\/files\/2010\/10\/IMG_2454.jpg","contentUrl":"https:\/\/aapars.com\/yves-dore\/files\/2010\/10\/IMG_2454.jpg","width":108,"height":108},{"@type":"BreadcrumbList","@id":"https:\/\/aapars.com\/yves-dore\/#breadcrumb","itemListElement":[{"@type":"ListItem","position":1,"name":"Accueil","item":"https:\/\/aapars.com\/yves-dore\/"},{"@type":"ListItem","position":2,"name":"Yves Dor\u00e9"}]},{"@type":"WebSite","@id":"https:\/\/aapars.com\/yves-dore\/#website","url":"https:\/\/aapars.com\/yves-dore\/","name":"Yves Dor\u00e9","description":"Un site de la galerie virtuelle de l&#039;AAPARS","publisher":{"@id":"https:\/\/aapars.com\/yves-dore\/#organization"},"potentialAction":[{"@type":"SearchAction","target":{"@type":"EntryPoint","urlTemplate":"https:\/\/aapars.com\/yves-dore\/?s={search_term_string}"},"query-input":{"@type":"PropertyValueSpecification","valueRequired":true,"valueName":"search_term_string"}}],"inLanguage":"fr-FR"},{"@type":"Organization","@id":"https:\/\/aapars.com\/yves-dore\/#organization","name":"Yves Dor\u00e9","url":"https:\/\/aapars.com\/yves-dore\/","logo":{"@type":"ImageObject","inLanguage":"fr-FR","@id":"https:\/\/aapars.com\/yves-dore\/#\/schema\/logo\/image\/","url":"https:\/\/aapars.com\/yves-dore\/files\/2012\/04\/logo-aapars-@2x.png","contentUrl":"https:\/\/aapars.com\/yves-dore\/files\/2012\/04\/logo-aapars-@2x.png","width":560,"height":306,"caption":"Yves Dor\u00e9"},"image":{"@id":"https:\/\/aapars.com\/yves-dore\/#\/schema\/logo\/image\/"}}]}},"_links":{"self":[{"href":"https:\/\/aapars.com\/yves-dore\/wp-json\/wp\/v2\/pages\/2","targetHints":{"allow":["GET"]}}],"collection":[{"href":"https:\/\/aapars.com\/yves-dore\/wp-json\/wp\/v2\/pages"}],"about":[{"href":"https:\/\/aapars.com\/yves-dore\/wp-json\/wp\/v2\/types\/page"}],"author":[{"embeddable":true,"href":"https:\/\/aapars.com\/yves-dore\/wp-json\/wp\/v2\/users\/839"}],"replies":[{"embeddable":true,"href":"https:\/\/aapars.com\/yves-dore\/wp-json\/wp\/v2\/comments?post=2"}],"version-history":[{"count":1,"href":"https:\/\/aapars.com\/yves-dore\/wp-json\/wp\/v2\/pages\/2\/revisions"}],"predecessor-version":[{"id":268,"href":"https:\/\/aapars.com\/yves-dore\/wp-json\/wp\/v2\/pages\/2\/revisions\/268"}],"wp:attachment":[{"href":"https:\/\/aapars.com\/yves-dore\/wp-json\/wp\/v2\/media?parent=2"}],"curies":[{"name":"wp","href":"https:\/\/api.w.org\/{rel}","templated":true}]}}