{"id":13,"date":"2010-10-03T05:11:36","date_gmt":"2010-10-03T05:11:36","guid":{"rendered":"https:\/\/aapars.com\/jacques-landry\/?page_id=2"},"modified":"2021-05-23T13:48:53","modified_gmt":"2021-05-23T17:48:53","slug":"profil","status":"publish","type":"page","link":"https:\/\/aapars.com\/monique-cote\/","title":{"rendered":"Monique C\u00f4t\u00e9"},"content":{"rendered":"<p><a href=\"https:\/\/aapars.com\/monique-cote\/files\/2013\/09\/MBaron-e1379178012177.jpg\"><img loading=\"lazy\" decoding=\"async\" class=\"alignnone wp-image-71\" src=\"https:\/\/aapars.com\/monique-cote\/files\/2017\/12\/IMG_3522-535x754.jpg\" alt=\"\" width=\"111\" height=\"149\" \/><\/a><\/p>\n\n<table id=\"tablepress-1\" class=\"tablepress tablepress-id-1\">\n<tbody class=\"row-striping\">\n<tr class=\"row-1\">\n\t<td class=\"column-1\">Technique :<\/td><td class=\"column-2\">Huile<\/td>\n<\/tr>\n<tr class=\"row-2\">\n\t<td class=\"column-1\">Affiliations professionelles :<\/td><td class=\"column-2\">AAPARS<br \/>\nRegroupement des artistes en art visuel du Qu\u00e9bec (RAAV)<br \/>\nCARFAC National<br \/>\nAssociation des Artistes et Artisans de Beauce Inc.<br \/>\nAssociation des Artistes Peintres associ\u00e9s de la R\u00e9gion de l'Estrie, Arto<\/td>\n<\/tr>\n<tr class=\"row-3\">\n\t<td class=\"column-1\">Courriel :<\/td><td class=\"column-2\"><a href=\"mailto:monique.cote20@gmail.com\" target=\"_blank\" rel=\"noopener noreferrer\">monique.cote20@gmail.com<\/a><\/td>\n<\/tr>\n<\/tbody>\n<\/table>\n<!-- #tablepress-1 from cache -->\n<h2>D\u00e9marche<\/h2>\n<p>Tout en effectuant des travaux de recherche en arts, j\u2019ai par la suite \u00e9tudi\u00e9 \u00e0 l&#8217;Institut de formation Professionnelle en Arts de Montr\u00e9al, ainsi qu&#8217;au Centre des Arts visuels de Montr\u00e9al. Dessiner gr\u00e2ce au cerveau droit, le dessin, la couleur, la sculpture, les mod\u00e8les vivants et la fabrication de papier artisanal font partie de la formation diversifi\u00e9e acquise au fil des ans.<\/p>\n<p>J\u2019ai particip\u00e9 \u00e0 de nombreuses expositions solos, de groupe et symposiums, dont une exposition de groupe \u00e0 Saint-Jean-de-Braye en France en 1987. Je suis une artiste-peintre qui joue sur la lumi\u00e8re et la profondeur. Je partage mon art et ma passion en donnant des cours \u00e0 mon atelier.<\/p>\n<h2>Formation<\/h2>\n\n<table id=\"tablepress-2\" class=\"tablepress tablepress-id-2\">\n<thead>\n<tr class=\"row-1\">\n\t<th class=\"column-1\">Ann\u00e9e<\/th><th class=\"column-2\">Institution\/Professeur<\/th><th class=\"column-3\">Programme<\/th>\n<\/tr>\n<\/thead>\n<tbody class=\"row-striping\">\n<tr class=\"row-2\">\n\t<td class=\"column-1\">2012<\/td><td class=\"column-2\">Ren\u00e9e Dion<\/td><td class=\"column-3\">Aquarelle - Fleurs en \u00e9mergence<\/td>\n<\/tr>\n<tr class=\"row-3\">\n\t<td class=\"column-1\">2011<\/td><td class=\"column-2\">Ga\u00e9tane Dion<\/td><td class=\"column-3\">B\u00e2ton \u00e0 l'huile<\/td>\n<\/tr>\n<tr class=\"row-4\">\n\t<td class=\"column-1\">2010<\/td><td class=\"column-2\">Karmo<\/td><td class=\"column-3\">Atelier de marouflage<\/td>\n<\/tr>\n<tr class=\"row-5\">\n\t<td class=\"column-1\">2008<\/td><td class=\"column-2\">Institut de formation professionel (IFP)<\/td><td class=\"column-3\">Ceritificat en arts visuels<\/td>\n<\/tr>\n<tr class=\"row-6\">\n\t<td class=\"column-1\">2007<\/td><td class=\"column-2\">Centre des Arts Visuels de Montr\u00e9al<\/td><td class=\"column-3\">\" Dessiner gr\u00e2ce au cerveau droit \"<\/td>\n<\/tr>\n<tr class=\"row-7\">\n\t<td class=\"column-1\">2000<\/td><td class=\"column-2\">La maison des Arts de la Rive-Sud<\/td><td class=\"column-3\">Ateliers de mod\u00e8les vivants<br \/>\nFabrication de papier<\/td>\n<\/tr>\n<tr class=\"row-8\">\n\t<td class=\"column-1\">1992<\/td><td class=\"column-2\">UQAM<\/td><td class=\"column-3\">Certificat en arts plastiques<br \/>\nCouleurs, mod\u00e8le vivant, sculpture<\/td>\n<\/tr>\n<tr class=\"row-9\">\n\t<td class=\"column-1\">1989<\/td><td class=\"column-2\">Yvonne Bordeleau<\/td><td class=\"column-3\">Exp\u00e9rimentation de l'imagerie mentale<\/td>\n<\/tr>\n<tr class=\"row-10\">\n\t<td class=\"column-1\">1984-1989<\/td><td class=\"column-2\">Michel B\u00e9langer<\/td><td class=\"column-3\">Peinture \u00e0 l'huile<\/td>\n<\/tr>\n<\/tbody>\n<\/table>\n<!-- #tablepress-2 from cache -->\n<h2>Expositions<\/h2>\n\n<table id=\"tablepress-3\" class=\"tablepress tablepress-id-3 tbody-has-connected-cells\">\n<thead>\n<tr class=\"row-1\">\n\t<th class=\"column-1\">Ann\u00e9e<\/th><th class=\"column-2\">Nom<\/th><th class=\"column-3\">Endroit<\/th>\n<\/tr>\n<\/thead>\n<tbody class=\"row-striping\">\n<tr class=\"row-2\">\n\t<td colspan=\"3\" class=\"column-1\">Individuelles<\/td>\n<\/tr>\n<tr class=\"row-3\">\n\t<td class=\"column-1\">2018<\/td><td class=\"column-2\">Centre d'arts de Sabrevois<\/td><td class=\"column-3\">Sabrevois<\/td>\n<\/tr>\n<tr class=\"row-4\">\n\t<td class=\"column-1\">2017<\/td><td class=\"column-2\">Corporation du Fort Saint-Jean<\/td><td class=\"column-3\">St-Jean-sur-Richelieu<\/td>\n<\/tr>\n<tr class=\"row-5\">\n\t<td class=\"column-1\">2011<\/td><td class=\"column-2\">Galerie de l'Institut national de la sant\u00e9 publique du Qu\u00e9bec<\/td><td class=\"column-3\">Montr\u00e9al<\/td>\n<\/tr>\n<tr class=\"row-6\">\n\t<td class=\"column-1\">2007<\/td><td class=\"column-2\">Bureau du d\u00e9put\u00e9 provincial, M.Andr\u00e9 Ridedl<\/td><td class=\"column-3\">St-Jean-sur-Richelieu<\/td>\n<\/tr>\n<tr class=\"row-7\">\n\t<td class=\"column-1\">1996<\/td><td class=\"column-2\">Galerie Aurore de la biblioth\u00e8que de Chambly<\/td><td class=\"column-3\">Chambly<\/td>\n<\/tr>\n<tr class=\"row-8\">\n\t<td class=\"column-1\">1989<\/td><td class=\"column-2\">Radio-Canada<\/td><td class=\"column-3\">Montr\u00e9al<\/td>\n<\/tr>\n<tr class=\"row-9\">\n\t<td class=\"column-1\">1988<\/td><td class=\"column-2\">Caisse Populaire de Sherbrooke<\/td><td class=\"column-3\">Sherbrooke<\/td>\n<\/tr>\n<tr class=\"row-10\">\n\t<td class=\"column-1\">1986<\/td><td class=\"column-2\">Galerie d\u2019art du Vieux Saint-Jean<\/td><td class=\"column-3\">St-Jean-sur-Richelieu<\/td>\n<\/tr>\n<tr class=\"row-11\">\n\t<td colspan=\"3\" class=\"column-1\">Collectives<\/td>\n<\/tr>\n<tr class=\"row-12\">\n\t<td class=\"column-1\">2021-2024<\/td><td class=\"column-2\">Rendez-vous des Artistes<\/td><td class=\"column-3\">St-L\u00e9onard, NB<\/td>\n<\/tr>\n<tr class=\"row-13\">\n\t<td class=\"column-1\">2014 \u00e0 2025<\/td><td class=\"column-2\">Symposium \"L'art d'aimer\"<\/td><td class=\"column-3\">Waterloo<\/td>\n<\/tr>\n<tr class=\"row-14\">\n\t<td class=\"column-1\">2014 \u00e0 2017-2024<\/td><td class=\"column-2\">Symposium de la Fondation H\u00e9l\u00e8ne Sentenne<\/td><td class=\"column-3\">Candiac<\/td>\n<\/tr>\n<tr class=\"row-15\">\n\t<td class=\"column-1\">2023<\/td><td class=\"column-2\">Expo Galerie<\/td><td class=\"column-3\">La Prairie<\/td>\n<\/tr>\n<tr class=\"row-16\">\n\t<td class=\"column-1\">2022<\/td><td class=\"column-2\">Expo Galerie<\/td><td class=\"column-3\">Boucherville<\/td>\n<\/tr>\n<tr class=\"row-17\">\n\t<td class=\"column-1\">2021<\/td><td class=\"column-2\">Art en Libert\u00e9<\/td><td class=\"column-3\">La Prairie<\/td>\n<\/tr>\n<tr class=\"row-18\">\n\t<td class=\"column-1\">2021<\/td><td class=\"column-2\">Circuit des Arts +Grand que Nature<\/td><td class=\"column-3\">St-Bruno-de-Montarville<\/td>\n<\/tr>\n<tr class=\"row-19\">\n\t<td class=\"column-1\">2019<\/td><td class=\"column-2\">Couleurs urbaines<\/td><td class=\"column-3\">Granby<\/td>\n<\/tr>\n<tr class=\"row-20\">\n\t<td class=\"column-1\">2019<\/td><td class=\"column-2\">De la couleur contre la douleur<\/td><td class=\"column-3\">Saint-Lambert<\/td>\n<\/tr>\n<tr class=\"row-21\">\n\t<td class=\"column-1\">2019<\/td><td class=\"column-2\">Centre d'arts<\/td><td class=\"column-3\">Saint-Anne-de-Sabrevois<\/td>\n<\/tr>\n<tr class=\"row-22\">\n\t<td class=\"column-1\">2018<\/td><td class=\"column-2\">Pour emporter - Takeout 02<\/td><td class=\"column-3\">Dunham<\/td>\n<\/tr>\n<tr class=\"row-23\">\n\t<td class=\"column-1\">2018-2019<\/td><td class=\"column-2\">Symposium l'Art en F\u00eate<\/td><td class=\"column-3\">Saint-Hubert<\/td>\n<\/tr>\n<tr class=\"row-24\">\n\t<td class=\"column-1\">2018-2019<\/td><td class=\"column-2\">Symposium d'Art du Haut-Richelieu<\/td><td class=\"column-3\">St-Jean-sur-Richelieu<\/td>\n<\/tr>\n<tr class=\"row-25\">\n\t<td class=\"column-1\">2016-2017<\/td><td class=\"column-2\">Expo-Concours de l'AAPARS<\/td><td class=\"column-3\">St-Bruno<\/td>\n<\/tr>\n<tr class=\"row-26\">\n\t<td class=\"column-1\">2016 \u00e0 2019-2021<\/td><td class=\"column-2\">Rencontre des Arts<\/td><td class=\"column-3\">St-Jean-sur-Richelieu<\/td>\n<\/tr>\n<tr class=\"row-27\">\n\t<td class=\"column-1\">2016-2017<\/td><td class=\"column-2\">Salon des Arts visuels <\/td><td class=\"column-3\">St-Jean-sur-Richelieu<\/td>\n<\/tr>\n<tr class=\"row-28\">\n\t<td class=\"column-1\">2016<\/td><td class=\"column-2\">Centre d'interpr\u00e9tation du Lac Boivin<\/td><td class=\"column-3\">Granby<\/td>\n<\/tr>\n<tr class=\"row-29\">\n\t<td class=\"column-1\">2016<\/td><td class=\"column-2\">Galerie Arto<\/td><td class=\"column-3\">St-Jean-sur-Richelieu<\/td>\n<\/tr>\n<tr class=\"row-30\">\n\t<td class=\"column-1\">2016<\/td><td class=\"column-2\">Symposium des Patritotes<\/td><td class=\"column-3\">St-Eustache<\/td>\n<\/tr>\n<tr class=\"row-31\">\n\t<td class=\"column-1\">2015 \u00e0 2017<\/td><td class=\"column-2\">Galerie St-Hyacinthe<\/td><td class=\"column-3\">St-Hyacinthe<\/td>\n<\/tr>\n<tr class=\"row-32\">\n\t<td class=\"column-1\">2014<\/td><td class=\"column-2\">Bromont en art<\/td><td class=\"column-3\">Bromont<\/td>\n<\/tr>\n<tr class=\"row-33\">\n\t<td class=\"column-1\">2014 \u00e0 2017<\/td><td class=\"column-2\">Exposition de mars de l'AAPARS<\/td><td class=\"column-3\">St-Bruno<\/td>\n<\/tr>\n<tr class=\"row-34\">\n\t<td class=\"column-1\">2014<\/td><td class=\"column-2\">Eco-Salon du Lac St-Pierre<\/td><td class=\"column-3\">Trois-Rivi\u00e8res<\/td>\n<\/tr>\n<tr class=\"row-35\">\n\t<td class=\"column-1\">2013<\/td><td class=\"column-2\">Symposium \" Les Arts \u00e0 l'horizon\"<\/td><td class=\"column-3\">Sorel<\/td>\n<\/tr>\n<tr class=\"row-36\">\n\t<td class=\"column-1\">2013-2015 \u00e0 2018-2019<\/td><td class=\"column-2\">Symposium \"Artistes sur le champ\"<\/td><td class=\"column-3\">Chambly<\/td>\n<\/tr>\n<tr class=\"row-37\">\n\t<td class=\"column-1\">2013 \u00e0 2015<\/td><td class=\"column-2\">Symposium en arts visuel Visit'Art<\/td><td class=\"column-3\">Saint-Hyacinthe<\/td>\n<\/tr>\n<tr class=\"row-38\">\n\t<td class=\"column-1\">2013 \u00e0 2015-<br \/>\n2017-2018<\/td><td class=\"column-2\">Exposition printani\u00e8re de l'AAPARS<\/td><td class=\"column-3\">Saint-Hilaire<\/td>\n<\/tr>\n<tr class=\"row-39\">\n\t<td class=\"column-1\">2012<\/td><td class=\"column-2\">Culture ar\u00f4me cidre et vin<\/td><td class=\"column-3\">St-Bernard de Lacolle<\/td>\n<\/tr>\n<tr class=\"row-40\">\n\t<td class=\"column-1\">2011<\/td><td class=\"column-2\">Salon d\u2019automne du mus\u00e9e des Beaux-arts de St-Hilaire<\/td><td class=\"column-3\">Saint-Hilaire<\/td>\n<\/tr>\n<tr class=\"row-41\">\n\t<td class=\"column-1\">2010-2015<\/td><td class=\"column-2\">Symposium du Village historique de Val-Jalbert<\/td><td class=\"column-3\">Val-Jalbert<\/td>\n<\/tr>\n<tr class=\"row-42\">\n\t<td class=\"column-1\">2010<\/td><td class=\"column-2\">Collectif Karmo<\/td><td class=\"column-3\">Greenfield Park<\/td>\n<\/tr>\n<tr class=\"row-43\">\n\t<td class=\"column-1\">2010-2013<\/td><td class=\"column-2\">Symposium \" Des fleurs et des jardins\"<\/td><td class=\"column-3\">Ste-Anne-de-la-P\u00e9rade<\/td>\n<\/tr>\n<tr class=\"row-44\">\n\t<td class=\"column-1\">2009<\/td><td class=\"column-2\">Symposium Arts et Jardins de Boucherville<\/td><td class=\"column-3\">Boucherville<\/td>\n<\/tr>\n<tr class=\"row-45\">\n\t<td class=\"column-1\">2009 \u00e0 2012<\/td><td class=\"column-2\">Exposition Atelier Monica Baron<\/td><td class=\"column-3\">St-Jean-sur-Richelieu<\/td>\n<\/tr>\n<tr class=\"row-46\">\n\t<td class=\"column-1\">2009-2010-2012-2017<\/td><td class=\"column-2\">Symposium des artistes sur la route des Fleurs<\/td><td class=\"column-3\">Ste-Doroth\u00e9e<\/td>\n<\/tr>\n<tr class=\"row-47\">\n\t<td class=\"column-1\">2009-2013-2018<\/td><td class=\"column-2\">Salon des arts visuels de Brossard<\/td><td class=\"column-3\">Brossard<\/td>\n<\/tr>\n<\/tbody>\n<\/table>\n<!-- #tablepress-3 from cache -->\n<h2>Galeries<\/h2>\n\n<table id=\"tablepress-4\" class=\"tablepress tablepress-id-4\">\n<thead>\n<tr class=\"row-1\">\n\t<th class=\"column-1\">Nom de la galerie<\/th><th class=\"column-2\">Lieu<\/th>\n<\/tr>\n<\/thead>\n<tbody class=\"row-striping\">\n<tr class=\"row-2\">\n\t<td class=\"column-1\">Galerie Boutique Les Bois de Pointe Fine<\/td><td class=\"column-2\">Saint-Michel-des-Saints<\/td>\n<\/tr>\n<tr class=\"row-3\">\n\t<td class=\"column-1\">Au coin d'Art<\/td><td class=\"column-2\">Montr\u00e9al<\/td>\n<\/tr>\n<tr class=\"row-4\">\n\t<td class=\"column-1\">Galerie du Vieux Village<\/td><td class=\"column-2\">Boucherville<\/td>\n<\/tr>\n<tr class=\"row-5\">\n\t<td class=\"column-1\">Galerie Orford<\/td><td class=\"column-2\">Magog<\/td>\n<\/tr>\n<tr class=\"row-6\">\n\t<td class=\"column-1\">Galerie du Lac<\/td><td class=\"column-2\">Venise-en-Qu\u00e9bec<\/td>\n<\/tr>\n<\/tbody>\n<\/table>\n<!-- #tablepress-4 from cache -->\n<h2>Reconnaissances<\/h2>\n\n<table id=\"tablepress-5\" class=\"tablepress tablepress-id-5\">\n<thead>\n<tr class=\"row-1\">\n\t<th class=\"column-1\">Ann\u00e9e<\/th><th class=\"column-2\">Nom<\/th><th class=\"column-3\">Endroit de remise<\/th>\n<\/tr>\n<\/thead>\n<tbody class=\"row-striping\">\n<tr class=\"row-2\">\n\t<td class=\"column-1\">1987<\/td><td class=\"column-2\">Mention sp\u00e9ciale pour le paysage<\/td><td class=\"column-3\">Beauharnois<\/td>\n<\/tr>\n<tr class=\"row-3\">\n\t<td class=\"column-1\">2014<\/td><td class=\"column-2\">Troisi\u00e8me prix<\/td><td class=\"column-3\">Symposium de Waterloo<\/td>\n<\/tr>\n<tr class=\"row-4\">\n\t<td class=\"column-1\">2016<\/td><td class=\"column-2\">Premier prix<\/td><td class=\"column-3\">Symposium de Saint-Eustache<\/td>\n<\/tr>\n<\/tbody>\n<\/table>\n<!-- #tablepress-5 from cache -->\n<h2>Collections<\/h2>\n\n<table id=\"tablepress-6\" class=\"tablepress tablepress-id-6\">\n<thead>\n<tr class=\"row-1\">\n\t<th class=\"column-1\">Collectionneur<\/th><th class=\"column-2\">Ville<\/th>\n<\/tr>\n<\/thead>\n<tbody class=\"row-striping\">\n<tr class=\"row-2\">\n\t<td class=\"column-1\">Banque Nationale du Canada<\/td><td class=\"column-2\">Saint-Jean-sur-Richelieu<\/td>\n<\/tr>\n<tr class=\"row-3\">\n\t<td class=\"column-1\">Alliance Mutuelle Vie<\/td><td class=\"column-2\">Brossard<\/td>\n<\/tr>\n<tr class=\"row-4\">\n\t<td class=\"column-1\">Caisse Populaire Sherbrooke<\/td><td class=\"column-2\">Sherbrooke<\/td>\n<\/tr>\n<tr class=\"row-5\">\n\t<td class=\"column-1\">Jean Rioux, d\u00e9put\u00e9 provincial d'Iberville<\/td><td class=\"column-2\">Saint-Jean-sur-Richelieu<\/td>\n<\/tr>\n<tr class=\"row-6\">\n\t<td class=\"column-1\">Claude Bachand, d\u00e9put\u00e9 de la circonscription f\u00e9d\u00e9rale<\/td><td class=\"column-2\">Saint-Jean-sur-Richelieu<\/td>\n<\/tr>\n<\/tbody>\n<\/table>\n<!-- #tablepress-6 from cache -->\n<h2>M\u00e9dias<\/h2>\n\n<table id=\"tablepress-7\" class=\"tablepress tablepress-id-7\">\n<thead>\n<tr class=\"row-1\">\n\t<th class=\"column-1\">Ann\u00e9e<\/th><th class=\"column-2\">Titre<\/th><th class=\"column-3\">Auteur<\/th>\n<\/tr>\n<\/thead>\n<tbody class=\"row-striping\">\n<tr class=\"row-2\">\n\t<td class=\"column-1\">2015-2016<\/td><td class=\"column-2\">Magazin'art<br \/>\n<\/td><td class=\"column-3\"><\/td>\n<\/tr>\n<tr class=\"row-3\">\n\t<td class=\"column-1\">2007 \u00e0 2009<\/td><td class=\"column-2\">Agenda d'Art<br \/>\n<\/td><td class=\"column-3\">Collection Plumes et Pinceaux<\/td>\n<\/tr>\n<tr class=\"row-4\">\n\t<td class=\"column-1\">1997<\/td><td class=\"column-2\">Guide de Roussan<\/td><td class=\"column-3\">\u00c9dition de la Roche<\/td>\n<\/tr>\n<tr class=\"row-5\">\n\t<td class=\"column-1\">1991-1992<\/td><td class=\"column-2\">Le march\u00e9 de la peinture au Qu\u00e9bec<\/td><td class=\"column-3\">\u00c9ditions Jacques De Roussan<\/td>\n<\/tr>\n<\/tbody>\n<\/table>\n<!-- #tablepress-7 from cache -->\n<h2><\/h2>\n","protected":false},"excerpt":{"rendered":"<p>D\u00e9marche Tout en effectuant des travaux de recherche en arts, j\u2019ai par la suite \u00e9tudi\u00e9 \u00e0 l&#8217;Institut de formation Professionnelle en Arts de Montr\u00e9al, ainsi qu&#8217;au Centre des Arts visuels de Montr\u00e9al. Dessiner gr\u00e2ce au cerveau droit, le dessin, la couleur, la sculpture, les mod\u00e8les vivants et la fabrication de papier artisanal font partie de &#8230; <\/p>\n<p class=\"read-more-container\"><a title=\"Monique C\u00f4t\u00e9\" class=\"read-more button\" href=\"https:\/\/aapars.com\/monique-cote\/#more-13\" aria-label=\"En savoir plus sur Monique C\u00f4t\u00e9\">Lire plus<\/a><\/p>\n","protected":false},"author":558,"featured_media":0,"parent":0,"menu_order":0,"comment_status":"closed","ping_status":"closed","template":"","meta":{"_s2mail":"yes","ngg_post_thumbnail":0,"iawp_total_views":245,"footnotes":""},"class_list":["post-13","page","type-page","status-publish"],"yoast_head":"<!-- This site is optimized with the Yoast SEO plugin v27.5 - https:\/\/yoast.com\/product\/yoast-seo-wordpress\/ -->\n<title>Monique C\u00f4t\u00e9 - Monique C\u00f4t\u00e9 - Un site de la galerie virtuelle de l&#039;AAPARS<\/title>\n<meta name=\"description\" content=\"D\u00e9marche Tout en effectuant des travaux de recherche en arts, j\u2019ai par la suite \u00e9tudi\u00e9 \u00e0 l&#039;Institut de formation Professionnelle en Arts de Montr\u00e9al,\" \/>\n<meta name=\"robots\" content=\"index, follow, max-snippet:-1, max-image-preview:large, max-video-preview:-1\" \/>\n<link rel=\"canonical\" href=\"https:\/\/aapars.com\/monique-cote\/\" \/>\n<meta property=\"og:locale\" content=\"fr_FR\" \/>\n<meta property=\"og:type\" content=\"article\" \/>\n<meta property=\"og:title\" content=\"Monique C\u00f4t\u00e9 - Monique C\u00f4t\u00e9 - Un site de la galerie virtuelle de l&#039;AAPARS\" \/>\n<meta property=\"og:description\" content=\"D\u00e9marche Tout en effectuant des travaux de recherche en arts, j\u2019ai par la suite \u00e9tudi\u00e9 \u00e0 l&#039;Institut de formation Professionnelle en Arts de Montr\u00e9al,\" \/>\n<meta property=\"og:url\" content=\"https:\/\/aapars.com\/monique-cote\/\" \/>\n<meta property=\"og:site_name\" content=\"Monique C\u00f4t\u00e9\" \/>\n<meta property=\"article:modified_time\" content=\"2021-05-23T17:48:53+00:00\" \/>\n<meta property=\"og:image\" content=\"https:\/\/aapars.com\/monique-cote\/files\/2017\/12\/IMG_3522-535x754.jpg\" \/>\n<meta name=\"twitter:label1\" content=\"Dur\u00e9e de lecture estim\u00e9e\" \/>\n\t<meta name=\"twitter:data1\" content=\"1 minute\" \/>\n<script type=\"application\/ld+json\" class=\"yoast-schema-graph\">{\"@context\":\"https:\\\/\\\/schema.org\",\"@graph\":[{\"@type\":\"WebPage\",\"@id\":\"https:\\\/\\\/aapars.com\\\/monique-cote\\\/\",\"url\":\"https:\\\/\\\/aapars.com\\\/monique-cote\\\/\",\"name\":\"Monique C\u00f4t\u00e9 - Monique C\u00f4t\u00e9 - Un site de la galerie virtuelle de l&#039;AAPARS\",\"isPartOf\":{\"@id\":\"https:\\\/\\\/aapars.com\\\/monique-cote\\\/#website\"},\"primaryImageOfPage\":{\"@id\":\"https:\\\/\\\/aapars.com\\\/monique-cote\\\/#primaryimage\"},\"image\":{\"@id\":\"https:\\\/\\\/aapars.com\\\/monique-cote\\\/#primaryimage\"},\"thumbnailUrl\":\"https:\\\/\\\/aapars.com\\\/monique-cote\\\/files\\\/2017\\\/12\\\/IMG_3522-535x754.jpg\",\"datePublished\":\"2010-10-03T05:11:36+00:00\",\"dateModified\":\"2021-05-23T17:48:53+00:00\",\"description\":\"D\u00e9marche Tout en effectuant des travaux de recherche en arts, j\u2019ai par la suite \u00e9tudi\u00e9 \u00e0 l'Institut de formation Professionnelle en Arts de Montr\u00e9al,\",\"breadcrumb\":{\"@id\":\"https:\\\/\\\/aapars.com\\\/monique-cote\\\/#breadcrumb\"},\"inLanguage\":\"fr-FR\",\"potentialAction\":[{\"@type\":\"ReadAction\",\"target\":[\"https:\\\/\\\/aapars.com\\\/monique-cote\\\/\"]}]},{\"@type\":\"ImageObject\",\"inLanguage\":\"fr-FR\",\"@id\":\"https:\\\/\\\/aapars.com\\\/monique-cote\\\/#primaryimage\",\"url\":\"https:\\\/\\\/aapars.com\\\/monique-cote\\\/files\\\/2017\\\/12\\\/IMG_3522-535x754.jpg\",\"contentUrl\":\"https:\\\/\\\/aapars.com\\\/monique-cote\\\/files\\\/2017\\\/12\\\/IMG_3522-535x754.jpg\"},{\"@type\":\"BreadcrumbList\",\"@id\":\"https:\\\/\\\/aapars.com\\\/monique-cote\\\/#breadcrumb\",\"itemListElement\":[{\"@type\":\"ListItem\",\"position\":1,\"name\":\"Accueil\",\"item\":\"https:\\\/\\\/aapars.com\\\/monique-cote\\\/\"},{\"@type\":\"ListItem\",\"position\":2,\"name\":\"Monique C\u00f4t\u00e9\"}]},{\"@type\":\"WebSite\",\"@id\":\"https:\\\/\\\/aapars.com\\\/monique-cote\\\/#website\",\"url\":\"https:\\\/\\\/aapars.com\\\/monique-cote\\\/\",\"name\":\"Monique C\u00f4t\u00e9\",\"description\":\"Un site de la galerie virtuelle de l&#039;AAPARS\",\"publisher\":{\"@id\":\"https:\\\/\\\/aapars.com\\\/monique-cote\\\/#organization\"},\"potentialAction\":[{\"@type\":\"SearchAction\",\"target\":{\"@type\":\"EntryPoint\",\"urlTemplate\":\"https:\\\/\\\/aapars.com\\\/monique-cote\\\/?s={search_term_string}\"},\"query-input\":{\"@type\":\"PropertyValueSpecification\",\"valueRequired\":true,\"valueName\":\"search_term_string\"}}],\"inLanguage\":\"fr-FR\"},{\"@type\":\"Organization\",\"@id\":\"https:\\\/\\\/aapars.com\\\/monique-cote\\\/#organization\",\"name\":\"Monique C\u00f4t\u00e9\",\"url\":\"https:\\\/\\\/aapars.com\\\/monique-cote\\\/\",\"logo\":{\"@type\":\"ImageObject\",\"inLanguage\":\"fr-FR\",\"@id\":\"https:\\\/\\\/aapars.com\\\/monique-cote\\\/#\\\/schema\\\/logo\\\/image\\\/\",\"url\":\"https:\\\/\\\/aapars.com\\\/monique-cote\\\/files\\\/2012\\\/04\\\/logo-aapars-@2x.png\",\"contentUrl\":\"https:\\\/\\\/aapars.com\\\/monique-cote\\\/files\\\/2012\\\/04\\\/logo-aapars-@2x.png\",\"width\":560,\"height\":306,\"caption\":\"Monique C\u00f4t\u00e9\"},\"image\":{\"@id\":\"https:\\\/\\\/aapars.com\\\/monique-cote\\\/#\\\/schema\\\/logo\\\/image\\\/\"}}]}<\/script>\n<!-- \/ Yoast SEO plugin. -->","yoast_head_json":{"title":"Monique C\u00f4t\u00e9 - Monique C\u00f4t\u00e9 - Un site de la galerie virtuelle de l&#039;AAPARS","description":"D\u00e9marche Tout en effectuant des travaux de recherche en arts, j\u2019ai par la suite \u00e9tudi\u00e9 \u00e0 l'Institut de formation Professionnelle en Arts de Montr\u00e9al,","robots":{"index":"index","follow":"follow","max-snippet":"max-snippet:-1","max-image-preview":"max-image-preview:large","max-video-preview":"max-video-preview:-1"},"canonical":"https:\/\/aapars.com\/monique-cote\/","og_locale":"fr_FR","og_type":"article","og_title":"Monique C\u00f4t\u00e9 - Monique C\u00f4t\u00e9 - Un site de la galerie virtuelle de l&#039;AAPARS","og_description":"D\u00e9marche Tout en effectuant des travaux de recherche en arts, j\u2019ai par la suite \u00e9tudi\u00e9 \u00e0 l'Institut de formation Professionnelle en Arts de Montr\u00e9al,","og_url":"https:\/\/aapars.com\/monique-cote\/","og_site_name":"Monique C\u00f4t\u00e9","article_modified_time":"2021-05-23T17:48:53+00:00","og_image":[{"url":"https:\/\/aapars.com\/monique-cote\/files\/2017\/12\/IMG_3522-535x754.jpg","type":"","width":"","height":""}],"twitter_misc":{"Dur\u00e9e de lecture estim\u00e9e":"1 minute"},"schema":{"@context":"https:\/\/schema.org","@graph":[{"@type":"WebPage","@id":"https:\/\/aapars.com\/monique-cote\/","url":"https:\/\/aapars.com\/monique-cote\/","name":"Monique C\u00f4t\u00e9 - Monique C\u00f4t\u00e9 - Un site de la galerie virtuelle de l&#039;AAPARS","isPartOf":{"@id":"https:\/\/aapars.com\/monique-cote\/#website"},"primaryImageOfPage":{"@id":"https:\/\/aapars.com\/monique-cote\/#primaryimage"},"image":{"@id":"https:\/\/aapars.com\/monique-cote\/#primaryimage"},"thumbnailUrl":"https:\/\/aapars.com\/monique-cote\/files\/2017\/12\/IMG_3522-535x754.jpg","datePublished":"2010-10-03T05:11:36+00:00","dateModified":"2021-05-23T17:48:53+00:00","description":"D\u00e9marche Tout en effectuant des travaux de recherche en arts, j\u2019ai par la suite \u00e9tudi\u00e9 \u00e0 l'Institut de formation Professionnelle en Arts de Montr\u00e9al,","breadcrumb":{"@id":"https:\/\/aapars.com\/monique-cote\/#breadcrumb"},"inLanguage":"fr-FR","potentialAction":[{"@type":"ReadAction","target":["https:\/\/aapars.com\/monique-cote\/"]}]},{"@type":"ImageObject","inLanguage":"fr-FR","@id":"https:\/\/aapars.com\/monique-cote\/#primaryimage","url":"https:\/\/aapars.com\/monique-cote\/files\/2017\/12\/IMG_3522-535x754.jpg","contentUrl":"https:\/\/aapars.com\/monique-cote\/files\/2017\/12\/IMG_3522-535x754.jpg"},{"@type":"BreadcrumbList","@id":"https:\/\/aapars.com\/monique-cote\/#breadcrumb","itemListElement":[{"@type":"ListItem","position":1,"name":"Accueil","item":"https:\/\/aapars.com\/monique-cote\/"},{"@type":"ListItem","position":2,"name":"Monique C\u00f4t\u00e9"}]},{"@type":"WebSite","@id":"https:\/\/aapars.com\/monique-cote\/#website","url":"https:\/\/aapars.com\/monique-cote\/","name":"Monique C\u00f4t\u00e9","description":"Un site de la galerie virtuelle de l&#039;AAPARS","publisher":{"@id":"https:\/\/aapars.com\/monique-cote\/#organization"},"potentialAction":[{"@type":"SearchAction","target":{"@type":"EntryPoint","urlTemplate":"https:\/\/aapars.com\/monique-cote\/?s={search_term_string}"},"query-input":{"@type":"PropertyValueSpecification","valueRequired":true,"valueName":"search_term_string"}}],"inLanguage":"fr-FR"},{"@type":"Organization","@id":"https:\/\/aapars.com\/monique-cote\/#organization","name":"Monique C\u00f4t\u00e9","url":"https:\/\/aapars.com\/monique-cote\/","logo":{"@type":"ImageObject","inLanguage":"fr-FR","@id":"https:\/\/aapars.com\/monique-cote\/#\/schema\/logo\/image\/","url":"https:\/\/aapars.com\/monique-cote\/files\/2012\/04\/logo-aapars-@2x.png","contentUrl":"https:\/\/aapars.com\/monique-cote\/files\/2012\/04\/logo-aapars-@2x.png","width":560,"height":306,"caption":"Monique C\u00f4t\u00e9"},"image":{"@id":"https:\/\/aapars.com\/monique-cote\/#\/schema\/logo\/image\/"}}]}},"_links":{"self":[{"href":"https:\/\/aapars.com\/monique-cote\/wp-json\/wp\/v2\/pages\/13","targetHints":{"allow":["GET"]}}],"collection":[{"href":"https:\/\/aapars.com\/monique-cote\/wp-json\/wp\/v2\/pages"}],"about":[{"href":"https:\/\/aapars.com\/monique-cote\/wp-json\/wp\/v2\/types\/page"}],"author":[{"embeddable":true,"href":"https:\/\/aapars.com\/monique-cote\/wp-json\/wp\/v2\/users\/558"}],"replies":[{"embeddable":true,"href":"https:\/\/aapars.com\/monique-cote\/wp-json\/wp\/v2\/comments?post=13"}],"version-history":[{"count":0,"href":"https:\/\/aapars.com\/monique-cote\/wp-json\/wp\/v2\/pages\/13\/revisions"}],"wp:attachment":[{"href":"https:\/\/aapars.com\/monique-cote\/wp-json\/wp\/v2\/media?parent=13"}],"curies":[{"name":"wp","href":"https:\/\/api.w.org\/{rel}","templated":true}]}}