{"id":2,"date":"2010-10-03T05:11:36","date_gmt":"2010-10-03T05:11:36","guid":{"rendered":"https:\/\/aapars.com\/jacques-landry\/?page_id=2"},"modified":"2024-03-26T14:37:18","modified_gmt":"2024-03-26T18:37:18","slug":"accueil","status":"publish","type":"page","link":"https:\/\/aapars.com\/melissa-boucher\/","title":{"rendered":"M\u00e9lissa Boucher"},"content":{"rendered":"<p><img loading=\"lazy\" decoding=\"async\" class=\"alignnone size-medium wp-image-175\" src=\"https:\/\/aapars.com\/melissa-boucher\/files\/2020\/06\/20200606_02Boucher-M\u00e9lissa_1-535x357.jpg\" alt=\"\" width=\"535\" height=\"357\" srcset=\"https:\/\/aapars.com\/melissa-boucher\/files\/2020\/06\/20200606_02Boucher-M\u00e9lissa_1-535x357.jpg 535w, https:\/\/aapars.com\/melissa-boucher\/files\/2020\/06\/20200606_02Boucher-M\u00e9lissa_1-1024x683.jpg 1024w, https:\/\/aapars.com\/melissa-boucher\/files\/2020\/06\/20200606_02Boucher-M\u00e9lissa_1-768x512.jpg 768w, https:\/\/aapars.com\/melissa-boucher\/files\/2020\/06\/20200606_02Boucher-M\u00e9lissa_1-1536x1024.jpg 1536w, https:\/\/aapars.com\/melissa-boucher\/files\/2020\/06\/20200606_02Boucher-M\u00e9lissa_1-2048x1366.jpg 2048w\" sizes=\"auto, (max-width: 535px) 100vw, 535px\" \/><\/p>\n\n<table id=\"tablepress-1\" class=\"tablepress tablepress-id-1\">\n<tbody class=\"row-striping\">\n<tr class=\"row-1\">\n\t<td class=\"column-1\">Technique : <br \/>\n<\/td><td class=\"column-2\">Acrylique et techniques mixe<\/td>\n<\/tr>\n<tr class=\"row-2\">\n\t<td class=\"column-1\">Affiliations professionelles : <br \/>\n<\/td><td class=\"column-2\">AAPARS<\/td>\n<\/tr>\n<tr class=\"row-3\">\n\t<td class=\"column-1\">T\u00e9l\u00e9phone :<\/td><td class=\"column-2\"> 514-602-5679<\/td>\n<\/tr>\n<tr class=\"row-4\">\n\t<td class=\"column-1\">Courriel : <\/td><td class=\"column-2\"><a href=\"mailto:melymaxim@hotmail.com\">melymaxim@hotmail.com<\/a><\/td>\n<\/tr>\n<tr class=\"row-5\">\n\t<td class=\"column-1\">Site Internet :<\/td><td class=\"column-2\"><a href=\"http:\/\/aapars.com\/melissa-boucher\/\">aapars.com\/melissa-boucher\/<\/a><br \/>\n<\/td>\n<\/tr>\n<\/tbody>\n<\/table>\n<!-- #tablepress-1 from cache -->\n<h2>D\u00e9marche<\/h2>\n<p>Native de Beauceville et r\u00e9sidante de La Prairie, M\u00e9lissa Boucher a suivi une formation en arts plastiques au C\u00e9gep Beauce-Appalaches aupr\u00e8s de Lucy Pelchat et Michel Pelchat.<\/p>\n<p>Par la suite, elle poursuit son cheminement \u00e0 l\u2019\u00e9cole de th\u00e9\u00e2tre du C\u00e9gep de Saint-Hyacinthe en sp\u00e9cialisation d\u00e9cors et costumes, qui lui a permis de c\u00f4toyer Paul Buissonneau, Linda Wilscam, Antoine Bertrand et Alexandre L\u2019heureux.<\/p>\n<p>\u00c0 la fin de ses \u00e9tudes, elle d\u00e9veloppa son travail dans le monde du sport en devenant, en 2004, costumi\u00e8re pour Marie Paquet et Benjamin Ricard co-fondateur de l\u2019\u00c9cole Port-O-Swing de Qu\u00e9bec et, par la suite, elle devient entraineur en patinage artistique en 2007.<\/p>\n<p>C\u2019est en 2017 qu\u2019elle s\u2019associa a l\u2019AAPARS ayant aider \u00e0 la r\u00e9alisation d\u2019expositions.&nbsp; Sa rencontre avec Monique Trempe et Jean Letartre en 2019 lors d\u2019une exposition fut d\u00e9terminante dans son parcourt.&nbsp; Les deux artistes l\u2019ayant chapeaut\u00e9s pour la cr\u00e9ation et la pr\u00e9sentation de sa premi\u00e8re exposition solo sur la Rive Sud de Montr\u00e9al.<\/p>\n<p>Son travail l\u2019a amen\u00e9 \u00e0 d\u00e9velopper diff\u00e9rents aspects de l\u2019art dont la chor\u00e9graphie, le costume, la danse et la musique.&nbsp; Par contre, le c\u0153ur de sont travail reste les relations humaines.&nbsp; Ses fonds \u00e0 l\u2019acrylique diluer et son travail \u00e0 la spatule nous place dans un univers entre le r\u00e9alisme et l\u2019abstrait.<\/p>\n<h2>Formation<\/h2>\n\n<table id=\"tablepress-2\" class=\"tablepress tablepress-id-2\">\n<thead>\n<tr class=\"row-1\">\n\t<th class=\"column-1\">Ann\u00e9e<\/th><th class=\"column-2\">Institution\/Professeur<\/th><th class=\"column-3\">Programme<\/th>\n<\/tr>\n<\/thead>\n<tbody class=\"row-striping\">\n<tr class=\"row-2\">\n\t<td class=\"column-1\">1997-1999<\/td><td class=\"column-2\">C\u00c9GEP Beauce-Appalaches<\/td><td class=\"column-3\">Arts Plastique<\/td>\n<\/tr>\n<tr class=\"row-3\">\n\t<td class=\"column-1\">1999-2003<\/td><td class=\"column-2\">C\u00c9GEP De St-Hyacinthe<\/td><td class=\"column-3\">Production Th\u00e9\u00e2tral, D\u00e9core et Costumes<br \/>\n<\/td>\n<\/tr>\n<\/tbody>\n<\/table>\n<!-- #tablepress-2 from cache -->\n<h2>Expositions<\/h2>\n\n<table id=\"tablepress-3\" class=\"tablepress tablepress-id-3 tbody-has-connected-cells\">\n<thead>\n<tr class=\"row-1\">\n\t<th class=\"column-1\">Ann\u00e9e<\/th><th class=\"column-2\">Nom<\/th><th class=\"column-3\">Endroit<\/th>\n<\/tr>\n<\/thead>\n<tbody class=\"row-striping\">\n<tr class=\"row-2\">\n\t<td colspan=\"3\" class=\"column-1\">Collectives<\/td>\n<\/tr>\n<tr class=\"row-3\">\n\t<td class=\"column-1\">2019<\/td><td class=\"column-2\">Expo Concours 27e \u00c9dition<\/td><td class=\"column-3\">La Prairie<\/td>\n<\/tr>\n<tr class=\"row-4\">\n\t<td class=\"column-1\">2019<\/td><td class=\"column-2\">Expo Galerie de l'AAPARS<\/td><td class=\"column-3\">Boucherville<\/td>\n<\/tr>\n<tr class=\"row-5\">\n\t<td class=\"column-1\">2018<\/td><td class=\"column-2\">Expo Concours 26e \u00c9dition <\/td><td class=\"column-3\">La Prairie<\/td>\n<\/tr>\n<tr class=\"row-6\">\n\t<td class=\"column-1\">2017<\/td><td class=\"column-2\">Expo Concours 25e \u00c9dition <\/td><td class=\"column-3\">La Prairie<\/td>\n<\/tr>\n<tr class=\"row-7\">\n\t<td class=\"column-1\">2015<\/td><td class=\"column-2\">Troc-Nature 2015, 1re \u00e9dition<\/td><td class=\"column-3\">St-Malachie<br \/>\n<\/td>\n<\/tr>\n<tr class=\"row-8\">\n\t<td colspan=\"3\" class=\"column-1\">Individuel<\/td>\n<\/tr>\n<tr class=\"row-9\">\n\t<td class=\"column-1\">2022 Mars et Avril<\/td><td class=\"column-2\">Exposition Solo R\u00e9sidences Soleil, Manoir Brossard<\/td><td class=\"column-3\">Brossard<\/td>\n<\/tr>\n<tr class=\"row-10\">\n\t<td class=\"column-1\">2021<\/td><td class=\"column-2\">Exposition Solo Re\/Max Actif<\/td><td class=\"column-3\">St-Bruno-de-Montarville<\/td>\n<\/tr>\n<tr class=\"row-11\">\n\t<td class=\"column-1\">2020<\/td><td class=\"column-2\">Exposition Solo Re\/Max Actif<\/td><td class=\"column-3\">St-Bruno-de-Montarville<\/td>\n<\/tr>\n<tr class=\"row-12\">\n\t<td class=\"column-1\">2015-2016<\/td><td class=\"column-2\">Exposition Solo, R\u00e9sidence Des Peupliers 2000<\/td><td class=\"column-3\">St-Lambert-De-Lauzon<br \/>\n<\/td>\n<\/tr>\n<tr class=\"row-13\">\n\t<td class=\"column-1\">2015<\/td><td class=\"column-2\">Exposition solo Biblioth\u00e8que \u00c9dith-Poir\u00e9<\/td><td class=\"column-3\">St-Lambert-De-Lauzon<\/td>\n<\/tr>\n<\/tbody>\n<\/table>\n<!-- #tablepress-3 from cache -->\n<h2>Galeries<\/h2>\n\n<table id=\"tablepress-4\" class=\"tablepress tablepress-id-4\">\n<thead>\n<tr class=\"row-1\">\n\t<th class=\"column-1\">Nom de la galerie<\/th><th class=\"column-2\">Lieu<\/th>\n<\/tr>\n<\/thead>\n<tbody class=\"row-striping\">\n<tr class=\"row-2\">\n\t<td class=\"column-1\">Galerie virtuel d'Art YMAJ<\/td><td class=\"column-2\">Ste-Marie de Beauce<br \/>\n<\/td>\n<\/tr>\n<\/tbody>\n<\/table>\n<!-- #tablepress-4 from cache -->\n<h2>&nbsp;<\/h2>\n<h2>&nbsp;<\/h2>\n<h2>M\u00e9dias<\/h2>\n\n<table id=\"tablepress-7\" class=\"tablepress tablepress-id-7\">\n<thead>\n<tr class=\"row-1\">\n\t<th class=\"column-1\">Ann\u00e9e<\/th><th class=\"column-2\">Titre<\/th><th class=\"column-3\">Auteur<\/th><th class=\"column-4\">Source<\/th>\n<\/tr>\n<\/thead>\n<tbody class=\"row-striping\">\n<tr class=\"row-2\">\n\t<td class=\"column-1\">Janvier 2022<\/td><td class=\"column-2\">C\u00f4t\u00e9 cour C\u00f4t\u00e9 jardin<br \/>\n\u00c9mission du 10 janvier 2022<\/td><td class=\"column-3\">Evelyne Latreille<\/td><td class=\"column-4\">TVR9, Beloeil<br \/>\n<\/td>\n<\/tr>\n<tr class=\"row-3\">\n\t<td class=\"column-1\">\u00c9t\u00e9 2021<\/td><td class=\"column-2\">Dans la Vall\u00e9e,<br \/>\n\u00c9pisode 377<\/td><td class=\"column-3\">Evelyne Latreille<\/td><td class=\"column-4\">TVR9, Beloeil<\/td>\n<\/tr>\n<tr class=\"row-4\">\n\t<td class=\"column-1\">Juillet 2021<\/td><td class=\"column-2\">Journal Le Reflet section web<\/td><td class=\"column-3\">Guillaume Gervais<\/td><td class=\"column-4\">lereflet.qc.ca<br \/>\n<\/td>\n<\/tr>\n<tr class=\"row-5\">\n\t<td class=\"column-1\">Juin 2021<\/td><td class=\"column-2\">Profile d'artiste<\/td><td class=\"column-3\">Richard Bull <\/td><td class=\"column-4\">AAPARS, YouTube<\/td>\n<\/tr>\n<tr class=\"row-6\">\n\t<td class=\"column-1\">Hiver 2020<\/td><td class=\"column-2\">Dans la Vall\u00e9e, \u00c9pisode 208<\/td><td class=\"column-3\">Evelyne Latreille<\/td><td class=\"column-4\">TVR9, Beloeil<\/td>\n<\/tr>\n<tr class=\"row-7\">\n\t<td class=\"column-1\">Hiver 2019<\/td><td class=\"column-2\">Magazin'art<\/td><td class=\"column-3\">Page AAPARS<\/td><td class=\"column-4\"><\/td>\n<\/tr>\n<tr class=\"row-8\">\n\t<td class=\"column-1\">Avril 2015<\/td><td class=\"column-2\">Journal Sociaux-culturel de St-Lembert-de Lauzon<\/td><td class=\"column-3\">Isabelle Moisan<\/td><td class=\"column-4\">Le Calembour, volume 1, num\u00e9ro 1<\/td>\n<\/tr>\n<\/tbody>\n<\/table>\n<!-- #tablepress-7 from cache -->\n<h2>Autres informations<\/h2>\n<p>Offre des cours de dessin et peinture<\/p>\n","protected":false},"excerpt":{"rendered":"<p>D\u00e9marche Native de Beauceville et r\u00e9sidante de La Prairie, M\u00e9lissa Boucher a suivi une formation en arts plastiques au C\u00e9gep Beauce-Appalaches aupr\u00e8s de Lucy Pelchat et Michel Pelchat. Par la suite, elle poursuit son cheminement \u00e0 l\u2019\u00e9cole de th\u00e9\u00e2tre du C\u00e9gep de Saint-Hyacinthe en sp\u00e9cialisation d\u00e9cors et costumes, qui lui a permis de c\u00f4toyer Paul &#8230; <\/p>\n<p class=\"read-more-container\"><a title=\"M\u00e9lissa Boucher\" class=\"read-more button\" href=\"https:\/\/aapars.com\/melissa-boucher\/#more-2\" aria-label=\"En savoir plus sur M\u00e9lissa Boucher\">Lire plus<\/a><\/p>\n","protected":false},"author":1825,"featured_media":0,"parent":0,"menu_order":0,"comment_status":"closed","ping_status":"closed","template":"","meta":{"_s2mail":"yes","ngg_post_thumbnail":0,"iawp_total_views":196,"footnotes":""},"class_list":["post-2","page","type-page","status-publish"],"yoast_head":"<!-- This site is optimized with the Yoast SEO plugin v27.5 - https:\/\/yoast.com\/product\/yoast-seo-wordpress\/ -->\n<title>M\u00e9lissa Boucher - M\u00e9lissa Boucher - Un site de la galerie virtuelle de l&#039;AAPARS<\/title>\n<meta name=\"description\" content=\"D\u00e9marche Native de Beauceville et r\u00e9sidante de La Prairie, M\u00e9lissa Boucher a suivi une formation en arts plastiques au C\u00e9gep Beauce-Appalaches aupr\u00e8s de\" \/>\n<meta name=\"robots\" content=\"index, follow, max-snippet:-1, max-image-preview:large, max-video-preview:-1\" \/>\n<link rel=\"canonical\" href=\"https:\/\/aapars.com\/melissa-boucher\/\" \/>\n<meta property=\"og:locale\" content=\"fr_FR\" \/>\n<meta property=\"og:type\" content=\"article\" \/>\n<meta property=\"og:title\" content=\"M\u00e9lissa Boucher - M\u00e9lissa Boucher - Un site de la galerie virtuelle de l&#039;AAPARS\" \/>\n<meta property=\"og:description\" content=\"D\u00e9marche Native de Beauceville et r\u00e9sidante de La Prairie, M\u00e9lissa Boucher a suivi une formation en arts plastiques au C\u00e9gep Beauce-Appalaches aupr\u00e8s de\" \/>\n<meta property=\"og:url\" content=\"https:\/\/aapars.com\/melissa-boucher\/\" \/>\n<meta property=\"og:site_name\" content=\"M\u00e9lissa Boucher\" \/>\n<meta property=\"article:modified_time\" content=\"2024-03-26T18:37:18+00:00\" \/>\n<meta name=\"twitter:label1\" content=\"Dur\u00e9e de lecture estim\u00e9e\" \/>\n\t<meta name=\"twitter:data1\" content=\"2 minutes\" \/>\n<script type=\"application\/ld+json\" class=\"yoast-schema-graph\">{\"@context\":\"https:\\\/\\\/schema.org\",\"@graph\":[{\"@type\":\"WebPage\",\"@id\":\"https:\\\/\\\/aapars.com\\\/melissa-boucher\\\/\",\"url\":\"https:\\\/\\\/aapars.com\\\/melissa-boucher\\\/\",\"name\":\"M\u00e9lissa Boucher - M\u00e9lissa Boucher - Un site de la galerie virtuelle de l&#039;AAPARS\",\"isPartOf\":{\"@id\":\"https:\\\/\\\/aapars.com\\\/melissa-boucher\\\/#website\"},\"datePublished\":\"2010-10-03T05:11:36+00:00\",\"dateModified\":\"2024-03-26T18:37:18+00:00\",\"description\":\"D\u00e9marche Native de Beauceville et r\u00e9sidante de La Prairie, M\u00e9lissa Boucher a suivi une formation en arts plastiques au C\u00e9gep Beauce-Appalaches aupr\u00e8s de\",\"breadcrumb\":{\"@id\":\"https:\\\/\\\/aapars.com\\\/melissa-boucher\\\/#breadcrumb\"},\"inLanguage\":\"fr-FR\",\"potentialAction\":[{\"@type\":\"ReadAction\",\"target\":[\"https:\\\/\\\/aapars.com\\\/melissa-boucher\\\/\"]}]},{\"@type\":\"BreadcrumbList\",\"@id\":\"https:\\\/\\\/aapars.com\\\/melissa-boucher\\\/#breadcrumb\",\"itemListElement\":[{\"@type\":\"ListItem\",\"position\":1,\"name\":\"Accueil\",\"item\":\"https:\\\/\\\/aapars.com\\\/melissa-boucher\\\/\"},{\"@type\":\"ListItem\",\"position\":2,\"name\":\"M\u00e9lissa Boucher\"}]},{\"@type\":\"WebSite\",\"@id\":\"https:\\\/\\\/aapars.com\\\/melissa-boucher\\\/#website\",\"url\":\"https:\\\/\\\/aapars.com\\\/melissa-boucher\\\/\",\"name\":\"M\u00e9lissa Boucher\",\"description\":\"Un site de la galerie virtuelle de l&#039;AAPARS\",\"publisher\":{\"@id\":\"https:\\\/\\\/aapars.com\\\/melissa-boucher\\\/#organization\"},\"potentialAction\":[{\"@type\":\"SearchAction\",\"target\":{\"@type\":\"EntryPoint\",\"urlTemplate\":\"https:\\\/\\\/aapars.com\\\/melissa-boucher\\\/?s={search_term_string}\"},\"query-input\":{\"@type\":\"PropertyValueSpecification\",\"valueRequired\":true,\"valueName\":\"search_term_string\"}}],\"inLanguage\":\"fr-FR\"},{\"@type\":\"Organization\",\"@id\":\"https:\\\/\\\/aapars.com\\\/melissa-boucher\\\/#organization\",\"name\":\"M\u00e9lissa Boucher\",\"url\":\"https:\\\/\\\/aapars.com\\\/melissa-boucher\\\/\",\"logo\":{\"@type\":\"ImageObject\",\"inLanguage\":\"fr-FR\",\"@id\":\"https:\\\/\\\/aapars.com\\\/melissa-boucher\\\/#\\\/schema\\\/logo\\\/image\\\/\",\"url\":\"https:\\\/\\\/aapars.com\\\/melissa-boucher\\\/files\\\/2012\\\/04\\\/logo-aapars-@2x.png\",\"contentUrl\":\"https:\\\/\\\/aapars.com\\\/melissa-boucher\\\/files\\\/2012\\\/04\\\/logo-aapars-@2x.png\",\"width\":560,\"height\":306,\"caption\":\"M\u00e9lissa Boucher\"},\"image\":{\"@id\":\"https:\\\/\\\/aapars.com\\\/melissa-boucher\\\/#\\\/schema\\\/logo\\\/image\\\/\"}}]}<\/script>\n<!-- \/ Yoast SEO plugin. -->","yoast_head_json":{"title":"M\u00e9lissa Boucher - M\u00e9lissa Boucher - Un site de la galerie virtuelle de l&#039;AAPARS","description":"D\u00e9marche Native de Beauceville et r\u00e9sidante de La Prairie, M\u00e9lissa Boucher a suivi une formation en arts plastiques au C\u00e9gep Beauce-Appalaches aupr\u00e8s de","robots":{"index":"index","follow":"follow","max-snippet":"max-snippet:-1","max-image-preview":"max-image-preview:large","max-video-preview":"max-video-preview:-1"},"canonical":"https:\/\/aapars.com\/melissa-boucher\/","og_locale":"fr_FR","og_type":"article","og_title":"M\u00e9lissa Boucher - M\u00e9lissa Boucher - Un site de la galerie virtuelle de l&#039;AAPARS","og_description":"D\u00e9marche Native de Beauceville et r\u00e9sidante de La Prairie, M\u00e9lissa Boucher a suivi une formation en arts plastiques au C\u00e9gep Beauce-Appalaches aupr\u00e8s de","og_url":"https:\/\/aapars.com\/melissa-boucher\/","og_site_name":"M\u00e9lissa Boucher","article_modified_time":"2024-03-26T18:37:18+00:00","twitter_misc":{"Dur\u00e9e de lecture estim\u00e9e":"2 minutes"},"schema":{"@context":"https:\/\/schema.org","@graph":[{"@type":"WebPage","@id":"https:\/\/aapars.com\/melissa-boucher\/","url":"https:\/\/aapars.com\/melissa-boucher\/","name":"M\u00e9lissa Boucher - M\u00e9lissa Boucher - Un site de la galerie virtuelle de l&#039;AAPARS","isPartOf":{"@id":"https:\/\/aapars.com\/melissa-boucher\/#website"},"datePublished":"2010-10-03T05:11:36+00:00","dateModified":"2024-03-26T18:37:18+00:00","description":"D\u00e9marche Native de Beauceville et r\u00e9sidante de La Prairie, M\u00e9lissa Boucher a suivi une formation en arts plastiques au C\u00e9gep Beauce-Appalaches aupr\u00e8s de","breadcrumb":{"@id":"https:\/\/aapars.com\/melissa-boucher\/#breadcrumb"},"inLanguage":"fr-FR","potentialAction":[{"@type":"ReadAction","target":["https:\/\/aapars.com\/melissa-boucher\/"]}]},{"@type":"BreadcrumbList","@id":"https:\/\/aapars.com\/melissa-boucher\/#breadcrumb","itemListElement":[{"@type":"ListItem","position":1,"name":"Accueil","item":"https:\/\/aapars.com\/melissa-boucher\/"},{"@type":"ListItem","position":2,"name":"M\u00e9lissa Boucher"}]},{"@type":"WebSite","@id":"https:\/\/aapars.com\/melissa-boucher\/#website","url":"https:\/\/aapars.com\/melissa-boucher\/","name":"M\u00e9lissa Boucher","description":"Un site de la galerie virtuelle de l&#039;AAPARS","publisher":{"@id":"https:\/\/aapars.com\/melissa-boucher\/#organization"},"potentialAction":[{"@type":"SearchAction","target":{"@type":"EntryPoint","urlTemplate":"https:\/\/aapars.com\/melissa-boucher\/?s={search_term_string}"},"query-input":{"@type":"PropertyValueSpecification","valueRequired":true,"valueName":"search_term_string"}}],"inLanguage":"fr-FR"},{"@type":"Organization","@id":"https:\/\/aapars.com\/melissa-boucher\/#organization","name":"M\u00e9lissa Boucher","url":"https:\/\/aapars.com\/melissa-boucher\/","logo":{"@type":"ImageObject","inLanguage":"fr-FR","@id":"https:\/\/aapars.com\/melissa-boucher\/#\/schema\/logo\/image\/","url":"https:\/\/aapars.com\/melissa-boucher\/files\/2012\/04\/logo-aapars-@2x.png","contentUrl":"https:\/\/aapars.com\/melissa-boucher\/files\/2012\/04\/logo-aapars-@2x.png","width":560,"height":306,"caption":"M\u00e9lissa Boucher"},"image":{"@id":"https:\/\/aapars.com\/melissa-boucher\/#\/schema\/logo\/image\/"}}]}},"_links":{"self":[{"href":"https:\/\/aapars.com\/melissa-boucher\/wp-json\/wp\/v2\/pages\/2","targetHints":{"allow":["GET"]}}],"collection":[{"href":"https:\/\/aapars.com\/melissa-boucher\/wp-json\/wp\/v2\/pages"}],"about":[{"href":"https:\/\/aapars.com\/melissa-boucher\/wp-json\/wp\/v2\/types\/page"}],"author":[{"embeddable":true,"href":"https:\/\/aapars.com\/melissa-boucher\/wp-json\/wp\/v2\/users\/1825"}],"replies":[{"embeddable":true,"href":"https:\/\/aapars.com\/melissa-boucher\/wp-json\/wp\/v2\/comments?post=2"}],"version-history":[{"count":2,"href":"https:\/\/aapars.com\/melissa-boucher\/wp-json\/wp\/v2\/pages\/2\/revisions"}],"predecessor-version":[{"id":321,"href":"https:\/\/aapars.com\/melissa-boucher\/wp-json\/wp\/v2\/pages\/2\/revisions\/321"}],"wp:attachment":[{"href":"https:\/\/aapars.com\/melissa-boucher\/wp-json\/wp\/v2\/media?parent=2"}],"curies":[{"name":"wp","href":"https:\/\/api.w.org\/{rel}","templated":true}]}}