{"id":2,"date":"2010-10-03T05:11:36","date_gmt":"2010-10-03T05:11:36","guid":{"rendered":"https:\/\/aapars.com\/jacques-landry\/?page_id=2"},"modified":"2021-05-23T13:58:18","modified_gmt":"2021-05-23T17:58:18","slug":"profil","status":"publish","type":"page","link":"https:\/\/aapars.com\/guylaine-ruel\/","title":{"rendered":"Guylaine Ruel"},"content":{"rendered":"<p><img loading=\"lazy\" decoding=\"async\" class=\"alignnone wp-image-164\" src=\"https:\/\/aapars.com\/guylaine-ruel\/files\/2018\/04\/GRuel-535x669.jpg\" alt=\"Guylaine Ruel\" width=\"144\" height=\"174\" \/><\/p>\n\n<table id=\"tablepress-1\" class=\"tablepress tablepress-id-1\">\n<tbody class=\"row-striping\">\n<tr class=\"row-1\">\n\t<td class=\"column-1\">Technique :<\/td><td class=\"column-2\">huile<\/td>\n<\/tr>\n<tr class=\"row-2\">\n\t<td class=\"column-1\">Affiliations professionelles :<\/td><td class=\"column-2\">AAPARS<\/td>\n<\/tr>\n<tr class=\"row-3\">\n\t<td class=\"column-1\">T\u00e9l\u00e9phone :<\/td><td class=\"column-2\">450-349-1568<\/td>\n<\/tr>\n<tr class=\"row-4\">\n\t<td class=\"column-1\">Courriel :<\/td><td class=\"column-2\"><a href=\"mailto:info@guylaineruel.ca\" target=\"_blank\" rel=\"noopener\">g_ruel@sympatico.ca<\/a><\/td>\n<\/tr>\n<tr class=\"row-5\">\n\t<td class=\"column-1\">Site Internet :<\/td><td class=\"column-2\"><a href=\"http:\/\/guylaineruel.ca\/\" rel=\"noopener\" target=\"_blank\">guylaineruel.ca<\/a><\/td>\n<\/tr>\n<\/tbody>\n<\/table>\n<!-- #tablepress-1 from cache -->\n<h2>D\u00e9marche<\/h2>\n<p>Ayant toujours eu un int\u00e9r\u00eat marqu\u00e9 pour le dessin, mon choix de carri\u00e8re fut le graphisme. Histoire de l\u2019art, organisation picturale, couleurs et dessin d\u2019observation font donc partie de ma formation au C\u00e9gep du Vieux-Montr\u00e9al. Au fil des ans, je me suis dirig\u00e9 vers la peinture.<\/p>\n<p>Dans l\u2019univers de l\u2019expression visuelle, les artistes s\u2019expriment de diverses fa\u00e7ons. Je fais partie de ceux qui aiment transposer de fa\u00e7on assez r\u00e9aliste les sujets m\u2019int\u00e9ressant avec une palette aux couleurs lumineuses. La nature, me laissant une multitude de possibilit\u00e9, est mon sujet de pr\u00e9dilection.<\/p>\n<p>Malgr\u00e9 mon temp\u00e9rament pos\u00e9\u00a0et conservateur, je suis tout de m\u00eame curieuse et j\u2019aime exp\u00e9rimenter d\u2019autres m\u00e9diums et techniques en assistant \u00e0 diff\u00e9rents ateliers, me faisant ainsi d\u00e9couvrir d\u2019autres univers color\u00e9s.<\/p>\n<p>J\u2019affectionne particuli\u00e8rement l\u2019huile, car c\u2019est avec celle-ci que j\u2019ai le plus d\u2019affinit\u00e9.<\/p>\n<p>Munie de mon appareil photographique, je trouve mes sujets au fil des jours. Partout o\u00f9 je vais, il y a toujours un sujet potentiel que je destine \u00e0 un usage futur.<\/p>\n<p>Bien que peignant pour partager la beaut\u00e9 de la nature, la peinture est pour moi\u00a0 avant tout un moment unique o\u00f9 cr\u00e9ation, r\u00e9alisation et relaxation se c\u00f4toient de fa\u00e7on merveilleuse. Mais surtout un moment o\u00f9 je me d\u00e9branche de la folie et la rapidit\u00e9 dans laquelle nous vivons.<\/p>\n<h2>Formation<\/h2>\n\n<table id=\"tablepress-2\" class=\"tablepress tablepress-id-2\">\n<thead>\n<tr class=\"row-1\">\n\t<th class=\"column-1\">Ann\u00e9e<\/th><th class=\"column-2\">Institution\/Professeur<\/th><th class=\"column-3\">Ateliers<\/th>\n<\/tr>\n<\/thead>\n<tbody class=\"row-striping\">\n<tr class=\"row-2\">\n\t<td class=\"column-1\">2022<\/td><td class=\"column-2\">Ga\u00e9tane Dion<\/td><td class=\"column-3\">Impression avec plaque de g\u00e9latine<\/td>\n<\/tr>\n<tr class=\"row-3\">\n\t<td class=\"column-1\">2020<\/td><td class=\"column-2\">Andr\u00e9a Marquis<\/td><td class=\"column-3\">Peinture \u00e0 l'acrylique<\/td>\n<\/tr>\n<tr class=\"row-4\">\n\t<td class=\"column-1\">2019<\/td><td class=\"column-2\">R\u00e9nald Gauthier<\/td><td class=\"column-3\">Spatule \u00e0 l'huile<\/td>\n<\/tr>\n<tr class=\"row-5\">\n\t<td class=\"column-1\">2018<\/td><td class=\"column-2\">Lucie Michel<\/td><td class=\"column-3\">Cire froide et huile<\/td>\n<\/tr>\n<tr class=\"row-6\">\n\t<td class=\"column-1\">2018<\/td><td class=\"column-2\">Ljubomir Ivankovic<\/td><td class=\"column-3\">Peinture \u00e0 l'huile<\/td>\n<\/tr>\n<tr class=\"row-7\">\n\t<td class=\"column-1\">2018<\/td><td class=\"column-2\">MBAM <\/td><td class=\"column-3\">Crayons de couleur et pastels<\/td>\n<\/tr>\n<tr class=\"row-8\">\n\t<td class=\"column-1\">2014<\/td><td class=\"column-2\">Antoine Bittar<\/td><td class=\"column-3\">Impressionisme<\/td>\n<\/tr>\n<tr class=\"row-9\">\n\t<td class=\"column-1\">2014<\/td><td class=\"column-2\">\u00c9laine Despins<\/td><td class=\"column-3\">R\u00e9soudre le myst\u00e8re de la couleur chair<\/td>\n<\/tr>\n<tr class=\"row-10\">\n\t<td class=\"column-1\">2012<\/td><td class=\"column-2\">Ren\u00e9e Dion<\/td><td class=\"column-3\">Aquarelle - Fleurs en \u00e9mergence<\/td>\n<\/tr>\n<tr class=\"row-11\">\n\t<td class=\"column-1\">2010<\/td><td class=\"column-2\">Ga\u00e9tane Dion<\/td><td class=\"column-3\">Initiation au b\u00e2ton \u00e0 l'huile<\/td>\n<\/tr>\n<tr class=\"row-12\">\n\t<td class=\"column-1\">2009<\/td><td class=\"column-2\">MBAM <\/td><td class=\"column-3\">L\u2019art de la peinture \u00e0 l\u2019huile en b\u00e2tons<\/td>\n<\/tr>\n<tr class=\"row-13\">\n\t<td class=\"column-1\">2009<\/td><td class=\"column-2\">MBAM - Heather Midori<\/td><td class=\"column-3\">Dessin gestuel \u00e0 partir d\u2019un mod\u00e8le<\/td>\n<\/tr>\n<\/tbody>\n<\/table>\n<!-- #tablepress-2 from cache -->\n<h2>Expositions<\/h2>\n\n<table id=\"tablepress-3\" class=\"tablepress tablepress-id-3\">\n<thead>\n<tr class=\"row-1\">\n\t<th class=\"column-1\">Ann\u00e9e<\/th><th class=\"column-2\">Nom<\/th><th class=\"column-3\">Endroit<\/th>\n<\/tr>\n<\/thead>\n<tbody class=\"row-striping\">\n<tr class=\"row-2\">\n\t<td class=\"column-1\">2023<\/td><td class=\"column-2\">De la couleur contre la douleur<\/td><td class=\"column-3\">Saint-Lambert<\/td>\n<\/tr>\n<tr class=\"row-3\">\n\t<td class=\"column-1\">2023<\/td><td class=\"column-2\">Symposium en arts visuels de l\u2019AAAVT<\/td><td class=\"column-3\">Terrebonne<\/td>\n<\/tr>\n<tr class=\"row-4\">\n\t<td class=\"column-1\">2022-2023<\/td><td class=\"column-2\">Artistes en f\u00eate<\/td><td class=\"column-3\">Sainte-Flavie<\/td>\n<\/tr>\n<tr class=\"row-5\">\n\t<td class=\"column-1\">2021-2024<\/td><td class=\"column-2\">Rendez-vous des Artistes<\/td><td class=\"column-3\">Saint-L\u00e9onard, NB<\/td>\n<\/tr>\n<tr class=\"row-6\">\n\t<td class=\"column-1\">2021<\/td><td class=\"column-2\">Art en Libert\u00e9<br \/>\n(AAPARS)<\/td><td class=\"column-3\">La Prairie<\/td>\n<\/tr>\n<tr class=\"row-7\">\n\t<td class=\"column-1\">2021-2023 \u00e0 2025<\/td><td class=\"column-2\">Galerie du Lac<\/td><td class=\"column-3\">Venise-en-Qu\u00e9bec<\/td>\n<\/tr>\n<tr class=\"row-8\">\n\t<td class=\"column-1\">2019<\/td><td class=\"column-2\">Centre d'Art de Sabrevois<\/td><td class=\"column-3\">Ste-Anne-de-Sabrevois<\/td>\n<\/tr>\n<tr class=\"row-9\">\n\t<td class=\"column-1\">2018<\/td><td class=\"column-2\">Centre d'Art de Dunham<\/td><td class=\"column-3\">Dunham<\/td>\n<\/tr>\n<tr class=\"row-10\">\n\t<td class=\"column-1\">2018<\/td><td class=\"column-2\">F\u00eate des Arts<\/td><td class=\"column-3\">St-Basile-le-Grand<\/td>\n<\/tr>\n<tr class=\"row-11\">\n\t<td class=\"column-1\">2017-2018<\/td><td class=\"column-2\">Rendez-vous des peintres Sogetel<\/td><td class=\"column-3\">Nicolet<\/td>\n<\/tr>\n<tr class=\"row-12\">\n\t<td class=\"column-1\">2017 \u00e0 2019<\/td><td class=\"column-2\">Symposium artistes sur le champ<\/td><td class=\"column-3\">Chambly<\/td>\n<\/tr>\n<tr class=\"row-13\">\n\t<td class=\"column-1\">2017<\/td><td class=\"column-2\">Symposium Village en art<\/td><td class=\"column-3\">St-Nicolas<\/td>\n<\/tr>\n<tr class=\"row-14\">\n\t<td class=\"column-1\">2016-2019, 2023 \u00e0 2025<\/td><td class=\"column-2\">Circuit des Arts<\/td><td class=\"column-3\">St-Bruno-de-Montarville<\/td>\n<\/tr>\n<tr class=\"row-15\">\n\t<td class=\"column-1\">2015-2017-2019-2024<\/td><td class=\"column-2\">Expo Concours Automnale<\/td><td class=\"column-3\">St-Bruno-de-Montarville<\/td>\n<\/tr>\n<tr class=\"row-16\">\n\t<td class=\"column-1\">2014 \u00e0 2019, 2022 \u00e0 2025<\/td><td class=\"column-2\">Expo Galerie de l'AAPARS<\/td><td class=\"column-3\">St-Bruno-de-Montarville<\/td>\n<\/tr>\n<tr class=\"row-17\">\n\t<td class=\"column-1\">2014-2015-2018-2021 \u00e0 2025<\/td><td class=\"column-2\">Symposium \"L'art d'aimer\"<\/td><td class=\"column-3\">Waterloo <\/td>\n<\/tr>\n<tr class=\"row-18\">\n\t<td class=\"column-1\">2014 \u00e0 2017<\/td><td class=\"column-2\">Symposium de la Fondation H\u00e9l\u00e8ne Sentenne<\/td><td class=\"column-3\">Candiac<\/td>\n<\/tr>\n<tr class=\"row-19\">\n\t<td class=\"column-1\">2014 \u00e0 2018<\/td><td class=\"column-2\">Exposition printani\u00e8re de L'AAPARS<\/td><td class=\"column-3\">St-Hilaire<\/td>\n<\/tr>\n<tr class=\"row-20\">\n\t<td class=\"column-1\">2009 \u00e0 2013, 2018 \u00e0 2025<\/td><td class=\"column-2\">Expo Concours de La Prairie<\/td><td class=\"column-3\">La Prairie<\/td>\n<\/tr>\n<tr class=\"row-21\">\n\t<td class=\"column-1\">2011 \u00e0 2013<\/td><td class=\"column-2\">Salon d'automne,<br \/>\nMus\u00e9e des Beaux-arts de St-Hilaire<\/td><td class=\"column-3\">St-Hilaire<\/td>\n<\/tr>\n<\/tbody>\n<\/table>\n<!-- #tablepress-3 from cache -->\n<h2><\/h2>\n<h2>Reconnaissances<\/h2>\n\n<table id=\"tablepress-5\" class=\"tablepress tablepress-id-5\">\n<thead>\n<tr class=\"row-1\">\n\t<th class=\"column-1\">Ann\u00e9e<\/th><th class=\"column-2\">Nom<\/th><th class=\"column-3\">Endroit de remise<\/th>\n<\/tr>\n<\/thead>\n<tbody class=\"row-striping\">\n<tr class=\"row-2\">\n\t<td class=\"column-1\">2026<\/td><td class=\"column-2\">Deuxi\u00e8me prix du jury<\/td><td class=\"column-3\">Fondation de la faune du Qu\u00e9bec<\/td>\n<\/tr>\n<tr class=\"row-3\">\n\t<td class=\"column-1\">2024<\/td><td class=\"column-2\">Deuxi\u00e8me prix du jury<\/td><td class=\"column-3\">Symposium l'Art d'Aimer<\/td>\n<\/tr>\n<tr class=\"row-4\">\n\t<td class=\"column-1\">2016<\/td><td class=\"column-2\">Pinceau de bronze et coup de coeur du public<\/td><td class=\"column-3\">Expo-concours AVR<\/td>\n<\/tr>\n<tr class=\"row-5\">\n\t<td class=\"column-1\">2009-2010<\/td><td class=\"column-2\">Coup de coeur du public<\/td><td class=\"column-3\">Symposium de Val Jalbert<\/td>\n<\/tr>\n<\/tbody>\n<\/table>\n<!-- #tablepress-5 from cache -->\n<h2>Collections<\/h2>\n\n<table id=\"tablepress-6\" class=\"tablepress tablepress-id-6\">\n<thead>\n<tr class=\"row-1\">\n\t<th class=\"column-1\">Cat\u00e9gorie<\/th><th class=\"column-2\">Nom du lieu<\/th><th class=\"column-3\">Ville<\/th>\n<\/tr>\n<\/thead>\n<tbody class=\"row-striping\">\n<tr class=\"row-2\">\n\t<td class=\"column-1\">Centre de lutte contre le cancer<\/td><td class=\"column-2\">CSSS HRR<\/td><td class=\"column-3\">Saint-Jean-sur-Richelieu<\/td>\n<\/tr>\n<\/tbody>\n<\/table>\n<!-- #tablepress-6 from cache -->\n<h2>M\u00e9dias<\/h2>\n\n<table id=\"tablepress-7\" class=\"tablepress tablepress-id-7\">\n<thead>\n<tr class=\"row-1\">\n\t<th class=\"column-1\">Ann\u00e9e<\/th><th class=\"column-2\">Titre<\/th><th class=\"column-3\">Auteur<\/th>\n<\/tr>\n<\/thead>\n<tbody class=\"row-striping\">\n<tr class=\"row-2\">\n\t<td class=\"column-1\">2015, 2020<\/td><td class=\"column-2\">Revue Magazin'Art<\/td><td class=\"column-3\"><\/td>\n<\/tr>\n<tr class=\"row-3\">\n\t<td class=\"column-1\">2008, 2010, 2011<\/td><td class=\"column-2\">Guide de Roussan<\/td><td class=\"column-3\">\u00c9dition de la Roche<\/td>\n<\/tr>\n<\/tbody>\n<\/table>\n<!-- #tablepress-7 from cache -->\n","protected":false},"excerpt":{"rendered":"<p>D\u00e9marche Ayant toujours eu un int\u00e9r\u00eat marqu\u00e9 pour le dessin, mon choix de carri\u00e8re fut le graphisme. Histoire de l\u2019art, organisation picturale, couleurs et dessin d\u2019observation font donc partie de ma formation au C\u00e9gep du Vieux-Montr\u00e9al. Au fil des ans, je me suis dirig\u00e9 vers la peinture. Dans l\u2019univers de l\u2019expression visuelle, les artistes s\u2019expriment &#8230; <\/p>\n<p class=\"read-more-container\"><a title=\"Guylaine Ruel\" class=\"read-more button\" href=\"https:\/\/aapars.com\/guylaine-ruel\/#more-2\" aria-label=\"En savoir plus sur Guylaine Ruel\">Lire plus<\/a><\/p>\n","protected":false},"author":586,"featured_media":0,"parent":0,"menu_order":0,"comment_status":"closed","ping_status":"closed","template":"","meta":{"_s2mail":"yes","ngg_post_thumbnail":0,"iawp_total_views":145,"footnotes":""},"class_list":["post-2","page","type-page","status-publish"],"yoast_head":"<!-- This site is optimized with the Yoast SEO plugin v27.5 - https:\/\/yoast.com\/product\/yoast-seo-wordpress\/ -->\n<title>Guylaine Ruel - Guylaine Ruel - Un site de la galerie virtuelle de l&#039;AAPARS<\/title>\n<meta name=\"description\" content=\"D\u00e9marche Ayant toujours eu un int\u00e9r\u00eat marqu\u00e9 pour le dessin, mon choix de carri\u00e8re fut le graphisme. Histoire de l\u2019art, organisation picturale, couleurs\" \/>\n<meta name=\"robots\" content=\"index, follow, max-snippet:-1, max-image-preview:large, max-video-preview:-1\" \/>\n<link rel=\"canonical\" href=\"https:\/\/aapars.com\/guylaine-ruel\/\" \/>\n<meta property=\"og:locale\" content=\"fr_FR\" \/>\n<meta property=\"og:type\" content=\"article\" \/>\n<meta property=\"og:title\" content=\"Guylaine Ruel - Guylaine Ruel - Un site de la galerie virtuelle de l&#039;AAPARS\" \/>\n<meta property=\"og:description\" content=\"D\u00e9marche Ayant toujours eu un int\u00e9r\u00eat marqu\u00e9 pour le dessin, mon choix de carri\u00e8re fut le graphisme. Histoire de l\u2019art, organisation picturale, couleurs\" \/>\n<meta property=\"og:url\" content=\"https:\/\/aapars.com\/guylaine-ruel\/\" \/>\n<meta property=\"og:site_name\" content=\"Guylaine Ruel\" \/>\n<meta property=\"article:modified_time\" content=\"2021-05-23T17:58:18+00:00\" \/>\n<meta property=\"og:image\" content=\"https:\/\/aapars.com\/guylaine-ruel\/files\/2018\/04\/GRuel-535x669.jpg\" \/>\n<meta name=\"twitter:label1\" content=\"Dur\u00e9e de lecture estim\u00e9e\" \/>\n\t<meta name=\"twitter:data1\" content=\"1 minute\" \/>\n<script type=\"application\/ld+json\" class=\"yoast-schema-graph\">{\"@context\":\"https:\\\/\\\/schema.org\",\"@graph\":[{\"@type\":\"WebPage\",\"@id\":\"https:\\\/\\\/aapars.com\\\/guylaine-ruel\\\/\",\"url\":\"https:\\\/\\\/aapars.com\\\/guylaine-ruel\\\/\",\"name\":\"Guylaine Ruel - Guylaine Ruel - Un site de la galerie virtuelle de l&#039;AAPARS\",\"isPartOf\":{\"@id\":\"https:\\\/\\\/aapars.com\\\/guylaine-ruel\\\/#website\"},\"primaryImageOfPage\":{\"@id\":\"https:\\\/\\\/aapars.com\\\/guylaine-ruel\\\/#primaryimage\"},\"image\":{\"@id\":\"https:\\\/\\\/aapars.com\\\/guylaine-ruel\\\/#primaryimage\"},\"thumbnailUrl\":\"https:\\\/\\\/aapars.com\\\/guylaine-ruel\\\/files\\\/2018\\\/04\\\/GRuel-535x669.jpg\",\"datePublished\":\"2010-10-03T05:11:36+00:00\",\"dateModified\":\"2021-05-23T17:58:18+00:00\",\"description\":\"D\u00e9marche Ayant toujours eu un int\u00e9r\u00eat marqu\u00e9 pour le dessin, mon choix de carri\u00e8re fut le graphisme. Histoire de l\u2019art, organisation picturale, couleurs\",\"breadcrumb\":{\"@id\":\"https:\\\/\\\/aapars.com\\\/guylaine-ruel\\\/#breadcrumb\"},\"inLanguage\":\"fr-FR\",\"potentialAction\":[{\"@type\":\"ReadAction\",\"target\":[\"https:\\\/\\\/aapars.com\\\/guylaine-ruel\\\/\"]}]},{\"@type\":\"ImageObject\",\"inLanguage\":\"fr-FR\",\"@id\":\"https:\\\/\\\/aapars.com\\\/guylaine-ruel\\\/#primaryimage\",\"url\":\"https:\\\/\\\/aapars.com\\\/guylaine-ruel\\\/files\\\/2018\\\/04\\\/GRuel.jpg\",\"contentUrl\":\"https:\\\/\\\/aapars.com\\\/guylaine-ruel\\\/files\\\/2018\\\/04\\\/GRuel.jpg\",\"width\":819,\"height\":1024,\"caption\":\"Guylaine Ruel\"},{\"@type\":\"BreadcrumbList\",\"@id\":\"https:\\\/\\\/aapars.com\\\/guylaine-ruel\\\/#breadcrumb\",\"itemListElement\":[{\"@type\":\"ListItem\",\"position\":1,\"name\":\"Accueil\",\"item\":\"https:\\\/\\\/aapars.com\\\/guylaine-ruel\\\/\"},{\"@type\":\"ListItem\",\"position\":2,\"name\":\"Guylaine Ruel\"}]},{\"@type\":\"WebSite\",\"@id\":\"https:\\\/\\\/aapars.com\\\/guylaine-ruel\\\/#website\",\"url\":\"https:\\\/\\\/aapars.com\\\/guylaine-ruel\\\/\",\"name\":\"Guylaine Ruel\",\"description\":\"Un site de la galerie virtuelle de l&#039;AAPARS\",\"publisher\":{\"@id\":\"https:\\\/\\\/aapars.com\\\/guylaine-ruel\\\/#organization\"},\"potentialAction\":[{\"@type\":\"SearchAction\",\"target\":{\"@type\":\"EntryPoint\",\"urlTemplate\":\"https:\\\/\\\/aapars.com\\\/guylaine-ruel\\\/?s={search_term_string}\"},\"query-input\":{\"@type\":\"PropertyValueSpecification\",\"valueRequired\":true,\"valueName\":\"search_term_string\"}}],\"inLanguage\":\"fr-FR\"},{\"@type\":\"Organization\",\"@id\":\"https:\\\/\\\/aapars.com\\\/guylaine-ruel\\\/#organization\",\"name\":\"Guylaine Ruel\",\"url\":\"https:\\\/\\\/aapars.com\\\/guylaine-ruel\\\/\",\"logo\":{\"@type\":\"ImageObject\",\"inLanguage\":\"fr-FR\",\"@id\":\"https:\\\/\\\/aapars.com\\\/guylaine-ruel\\\/#\\\/schema\\\/logo\\\/image\\\/\",\"url\":\"https:\\\/\\\/aapars.com\\\/guylaine-ruel\\\/files\\\/2021\\\/05\\\/logo-aapars-@2x.png\",\"contentUrl\":\"https:\\\/\\\/aapars.com\\\/guylaine-ruel\\\/files\\\/2021\\\/05\\\/logo-aapars-@2x.png\",\"width\":560,\"height\":306,\"caption\":\"Guylaine Ruel\"},\"image\":{\"@id\":\"https:\\\/\\\/aapars.com\\\/guylaine-ruel\\\/#\\\/schema\\\/logo\\\/image\\\/\"}}]}<\/script>\n<!-- \/ Yoast SEO plugin. -->","yoast_head_json":{"title":"Guylaine Ruel - Guylaine Ruel - Un site de la galerie virtuelle de l&#039;AAPARS","description":"D\u00e9marche Ayant toujours eu un int\u00e9r\u00eat marqu\u00e9 pour le dessin, mon choix de carri\u00e8re fut le graphisme. Histoire de l\u2019art, organisation picturale, couleurs","robots":{"index":"index","follow":"follow","max-snippet":"max-snippet:-1","max-image-preview":"max-image-preview:large","max-video-preview":"max-video-preview:-1"},"canonical":"https:\/\/aapars.com\/guylaine-ruel\/","og_locale":"fr_FR","og_type":"article","og_title":"Guylaine Ruel - Guylaine Ruel - Un site de la galerie virtuelle de l&#039;AAPARS","og_description":"D\u00e9marche Ayant toujours eu un int\u00e9r\u00eat marqu\u00e9 pour le dessin, mon choix de carri\u00e8re fut le graphisme. Histoire de l\u2019art, organisation picturale, couleurs","og_url":"https:\/\/aapars.com\/guylaine-ruel\/","og_site_name":"Guylaine Ruel","article_modified_time":"2021-05-23T17:58:18+00:00","og_image":[{"url":"https:\/\/aapars.com\/guylaine-ruel\/files\/2018\/04\/GRuel-535x669.jpg","type":"","width":"","height":""}],"twitter_misc":{"Dur\u00e9e de lecture estim\u00e9e":"1 minute"},"schema":{"@context":"https:\/\/schema.org","@graph":[{"@type":"WebPage","@id":"https:\/\/aapars.com\/guylaine-ruel\/","url":"https:\/\/aapars.com\/guylaine-ruel\/","name":"Guylaine Ruel - Guylaine Ruel - Un site de la galerie virtuelle de l&#039;AAPARS","isPartOf":{"@id":"https:\/\/aapars.com\/guylaine-ruel\/#website"},"primaryImageOfPage":{"@id":"https:\/\/aapars.com\/guylaine-ruel\/#primaryimage"},"image":{"@id":"https:\/\/aapars.com\/guylaine-ruel\/#primaryimage"},"thumbnailUrl":"https:\/\/aapars.com\/guylaine-ruel\/files\/2018\/04\/GRuel-535x669.jpg","datePublished":"2010-10-03T05:11:36+00:00","dateModified":"2021-05-23T17:58:18+00:00","description":"D\u00e9marche Ayant toujours eu un int\u00e9r\u00eat marqu\u00e9 pour le dessin, mon choix de carri\u00e8re fut le graphisme. Histoire de l\u2019art, organisation picturale, couleurs","breadcrumb":{"@id":"https:\/\/aapars.com\/guylaine-ruel\/#breadcrumb"},"inLanguage":"fr-FR","potentialAction":[{"@type":"ReadAction","target":["https:\/\/aapars.com\/guylaine-ruel\/"]}]},{"@type":"ImageObject","inLanguage":"fr-FR","@id":"https:\/\/aapars.com\/guylaine-ruel\/#primaryimage","url":"https:\/\/aapars.com\/guylaine-ruel\/files\/2018\/04\/GRuel.jpg","contentUrl":"https:\/\/aapars.com\/guylaine-ruel\/files\/2018\/04\/GRuel.jpg","width":819,"height":1024,"caption":"Guylaine Ruel"},{"@type":"BreadcrumbList","@id":"https:\/\/aapars.com\/guylaine-ruel\/#breadcrumb","itemListElement":[{"@type":"ListItem","position":1,"name":"Accueil","item":"https:\/\/aapars.com\/guylaine-ruel\/"},{"@type":"ListItem","position":2,"name":"Guylaine Ruel"}]},{"@type":"WebSite","@id":"https:\/\/aapars.com\/guylaine-ruel\/#website","url":"https:\/\/aapars.com\/guylaine-ruel\/","name":"Guylaine Ruel","description":"Un site de la galerie virtuelle de l&#039;AAPARS","publisher":{"@id":"https:\/\/aapars.com\/guylaine-ruel\/#organization"},"potentialAction":[{"@type":"SearchAction","target":{"@type":"EntryPoint","urlTemplate":"https:\/\/aapars.com\/guylaine-ruel\/?s={search_term_string}"},"query-input":{"@type":"PropertyValueSpecification","valueRequired":true,"valueName":"search_term_string"}}],"inLanguage":"fr-FR"},{"@type":"Organization","@id":"https:\/\/aapars.com\/guylaine-ruel\/#organization","name":"Guylaine Ruel","url":"https:\/\/aapars.com\/guylaine-ruel\/","logo":{"@type":"ImageObject","inLanguage":"fr-FR","@id":"https:\/\/aapars.com\/guylaine-ruel\/#\/schema\/logo\/image\/","url":"https:\/\/aapars.com\/guylaine-ruel\/files\/2021\/05\/logo-aapars-@2x.png","contentUrl":"https:\/\/aapars.com\/guylaine-ruel\/files\/2021\/05\/logo-aapars-@2x.png","width":560,"height":306,"caption":"Guylaine Ruel"},"image":{"@id":"https:\/\/aapars.com\/guylaine-ruel\/#\/schema\/logo\/image\/"}}]}},"_links":{"self":[{"href":"https:\/\/aapars.com\/guylaine-ruel\/wp-json\/wp\/v2\/pages\/2","targetHints":{"allow":["GET"]}}],"collection":[{"href":"https:\/\/aapars.com\/guylaine-ruel\/wp-json\/wp\/v2\/pages"}],"about":[{"href":"https:\/\/aapars.com\/guylaine-ruel\/wp-json\/wp\/v2\/types\/page"}],"author":[{"embeddable":true,"href":"https:\/\/aapars.com\/guylaine-ruel\/wp-json\/wp\/v2\/users\/586"}],"replies":[{"embeddable":true,"href":"https:\/\/aapars.com\/guylaine-ruel\/wp-json\/wp\/v2\/comments?post=2"}],"version-history":[{"count":0,"href":"https:\/\/aapars.com\/guylaine-ruel\/wp-json\/wp\/v2\/pages\/2\/revisions"}],"wp:attachment":[{"href":"https:\/\/aapars.com\/guylaine-ruel\/wp-json\/wp\/v2\/media?parent=2"}],"curies":[{"name":"wp","href":"https:\/\/api.w.org\/{rel}","templated":true}]}}