{"id":15,"date":"2010-10-03T05:11:36","date_gmt":"2010-10-03T09:11:36","guid":{"rendered":"https:\/\/aapars.com\/jacques-landry\/?page_id=2"},"modified":"2021-05-23T13:49:34","modified_gmt":"2021-05-23T17:49:34","slug":"profil","status":"publish","type":"page","link":"https:\/\/aapars.com\/gisele-touzin-vallee\/","title":{"rendered":"Gis\u00e8le Touzin Vall\u00e9e"},"content":{"rendered":"<p><a href=\"https:\/\/aapars.com\/gisele-touzin-vallee\/files\/2013\/06\/maphoto-e1371669429858.jpg\"><img loading=\"lazy\" decoding=\"async\" class=\"size-full wp-image-50\" src=\"https:\/\/aapars.com\/gisele-touzin-vallee\/files\/2013\/06\/maphoto-e1371669429858.jpg\" alt=\"Gis\u00e8le Touzin Vall\u00e9e\" width=\"150\" height=\"159\" \/><\/a><\/p>\n\n<table id=\"tablepress-1\" class=\"tablepress tablepress-id-1\">\n<tbody class=\"row-striping\">\n<tr class=\"row-1\">\n\t<td class=\"column-1\">Techniques :<\/td><td class=\"column-2\">Huile, acrylique, aquarelle, pastel sec <br \/>\n<\/td>\n<\/tr>\n<tr class=\"row-2\">\n\t<td class=\"column-1\">Affiliations  professionelles :<\/td><td class=\"column-2\">AAPARS ,RAAV,  AVGC, AVR<\/td>\n<\/tr>\n<tr class=\"row-3\">\n\t<td class=\"column-1\">T\u00e9l\u00e9phone :<\/td><td class=\"column-2\">450-632-5657<\/td>\n<\/tr>\n<tr class=\"row-4\">\n\t<td class=\"column-1\">Courriel :<\/td><td class=\"column-2\"><a href=\"mailto:vallee.gisele@videotron.ca\" target=\"_blank\" rel=\"noopener\">vallee.gisele@videotron.ca<\/a><\/td>\n<\/tr>\n<tr class=\"row-5\">\n\t<td class=\"column-1\">Site Internet :<\/td><td class=\"column-2\"><a href=\"http:\/\/aapars.com\/gisele-touzin-vallee\" target=\"_blank\" rel=\"noopener\">www.aapars.com\/gisele-touzin-vallee<\/a><br \/>\n<a href=\"http:\/\/touzinvalleegisele.com\" target=\"_blank\" rel=\"noopener\">www.touzinvalleegisele.com<\/a><\/td>\n<\/tr>\n<\/tbody>\n<\/table>\n<!-- #tablepress-1 from cache -->\n<h2>D\u00e9marche<\/h2>\n<p>J&#8217;ai toujours griffonner de petites maisons, aussi longtemps que je me souvienne, car le dessin et la peinture, c&#8217;est pour moi un besoin r\u00e9el et fondamental d&#8217;exprimer mon \u00eatre profond, de donner une couleur \u00e0 mes \u00e9tats d\u2019\u00e2me, d\u2019ext\u00e9rioriser ma nature secr\u00e8te. L&#8217;huile, actuellement, est mon m\u00e9dium de pr\u00e9dilection. Dans mon atelier, cet univers o\u00f9 je laisse libre cours \u00e0 ma cr\u00e9ativit\u00e9, o\u00f9 sur le motif, j&#8217;aime me recueillir devant ma toile blanche&#8230;&#8230;un sentiment de bien-\u00eatre m&#8217;envahit. Je griffonne quelques esquisses, un concept se dessine, la couleur se pose, puis une nouvelle cr\u00e9ation voit le jour&#8230;&#8230;sans oublier ces personnages qui prennent vie sur ma toile, au gr\u00e9 de ma fantaisie. On me reconnait par mes ciels color\u00e9s, mes couleurs vives et franches, mes sous-bois \u00e9blouissants, mes sc\u00e8nes urbaines et rurales qui sont pour moi une source intarissable d&#8217;inspiration; la nature dans son immensit\u00e9, sa diversit\u00e9, sa force et ses beaut\u00e9s me fascine, me plonge dans mes souvenirs d&#8217;enfance. J&#8217;aime \u00e9galement traduire les sc\u00e8nes n\u00e9es de mon imaginaire, rythmant les couleurs chaudes et froides en une palette qui fait vibrer mes tableaux. La lumi\u00e8re \u00e9manant de mes oeuvres se veut un t\u00e9moignage d&#8217;amour, mon pinceau d\u00e9voilant l&#8217;\u00e9motion que je ressens devant la nature, la beaut\u00e9 de la vie et les joies qui l&#8217;habite &#8230;..une inspiration que mon \u00e2me veut offrir en partage.<\/p>\n<h2>Biographie<\/h2>\n<p>N\u00e9e \u00e0 Montr\u00e9al, elle habite depuis 1964, la Ville de Ste-Catherine. Tr\u00e8s jeune, Gis\u00e8le manifeste un attrait pour les arts. \u00c0 plusieurs occasions, les religieuses de l\u2019\u00e9cole qu\u2019elle fr\u00e9quente lui confient, le dessin du th\u00e8me en rapport avec les diff\u00e9rentes f\u00eates. Ses dessins et son habilet\u00e9 dans les arts \u00e9merveillent ses professeurs parents et amies. Le temps de gagner sa vie et d\u2019\u00e9lever ses enfants, elle met sa passion en veilleuse. Quelques temps avant que la retraite commence \u00e0 lui faire des clins d\u2019\u0153il, elle s\u2019inscrit \u00e0 des cours de dessins et peinture \u00e0 l\u2019huile. Maintenant retrait\u00e9e, elle se consacre quotidiennement \u00e0 son art et partage sa passion avec ses \u00e9l\u00e8ves et ses pairs.<\/p>\n<h2>Formation<\/h2>\n\n<table id=\"tablepress-2\" class=\"tablepress tablepress-id-2\">\n<thead>\n<tr class=\"row-1\">\n\t<th class=\"column-1\">Ann\u00e9e<\/th><th class=\"column-2\">Institution\/Professionnel<\/th><th class=\"column-3\">Programme<\/th>\n<\/tr>\n<\/thead>\n<tbody class=\"row-striping\">\n<tr class=\"row-2\">\n\t<td class=\"column-1\">2015<\/td><td class=\"column-2\">Martine Cloutier<\/td><td class=\"column-3\">Atelier de peinture, spatule<\/td>\n<\/tr>\n<tr class=\"row-3\">\n\t<td class=\"column-1\">2011<\/td><td class=\"column-2\">Pierre Duhamel<\/td><td class=\"column-3\">Atelier de peinture \u00e0 l'huile<\/td>\n<\/tr>\n<tr class=\"row-4\">\n\t<td class=\"column-1\">2009<\/td><td class=\"column-2\">Louise Jett\u00e9<\/td><td class=\"column-3\">Atelier de dessin de mod\u00e8le vivant<\/td>\n<\/tr>\n<tr class=\"row-5\">\n\t<td class=\"column-1\">2007<\/td><td class=\"column-2\">Rolland Palmaers<\/td><td class=\"column-3\"> Atelier d'aquarelle                                    <br \/>\n \t<br \/>\n                                                                           <\/td>\n<\/tr>\n<tr class=\"row-6\">\n\t<td class=\"column-1\">2007<\/td><td class=\"column-2\">Sylvianne Poirier<\/td><td class=\"column-3\">Pr\u00e9senter un dossier projet d'expositions <\/td>\n<\/tr>\n<tr class=\"row-7\">\n\t<td class=\"column-1\">2006<\/td><td class=\"column-2\">Lise Auger<\/td><td class=\"column-3\">Atelier \u00e0 l'huile<\/td>\n<\/tr>\n<tr class=\"row-8\">\n\t<td class=\"column-1\">2006-2003<\/td><td class=\"column-2\">Johanne P\u00e9pin<\/td><td class=\"column-3\">Dessin d'apr\u00e8s la spontan\u00e9it\u00e9 lin\u00e9aire<\/td>\n<\/tr>\n<tr class=\"row-9\">\n\t<td class=\"column-1\">2004<\/td><td class=\"column-2\">Pamela Carter<\/td><td class=\"column-3\">Atelier \u00e0 l'huile<\/td>\n<\/tr>\n<tr class=\"row-10\">\n\t<td class=\"column-1\">2004-2002<\/td><td class=\"column-2\">Mireille St-Denis<\/td><td class=\"column-3\">Atelier d'aquarelle<\/td>\n<\/tr>\n<tr class=\"row-11\">\n\t<td class=\"column-1\">2002<\/td><td class=\"column-2\">Conseil Mont\u00e9r\u00e9gien de la Culture <\/td><td class=\"column-3\">Gestion de carri\u00e8re d'artiste<\/td>\n<\/tr>\n<tr class=\"row-12\">\n\t<td class=\"column-1\">2001-1995<\/td><td class=\"column-2\">Charles Garo<\/td><td class=\"column-3\">Peinture et dessin,<\/td>\n<\/tr>\n<tr class=\"row-13\">\n\t<td class=\"column-1\">1994-1993<\/td><td class=\"column-2\">Centre communautaire<\/td><td class=\"column-3\">dessin et peinture \u00e0 l'huile<\/td>\n<\/tr>\n<tr class=\"row-14\">\n\t<td class=\"column-1\">1999-1998<\/td><td class=\"column-2\">Claude St-Cyr<\/td><td class=\"column-3\">Peindre en direct<\/td>\n<\/tr>\n<\/tbody>\n<\/table>\n<!-- #tablepress-2 from cache -->\n<h2>Expositions<\/h2>\n\n<table id=\"tablepress-3\" class=\"tablepress tablepress-id-3 tbody-has-connected-cells\">\n<thead>\n<tr class=\"row-1\">\n\t<th class=\"column-1\">Ann\u00e9e<\/th><th class=\"column-2\">Nom<\/th><th class=\"column-3\">Endroit<\/th><td class=\"column-4\"><\/td>\n<\/tr>\n<\/thead>\n<tbody class=\"row-striping\">\n<tr class=\"row-2\">\n\t<td colspan=\"3\" class=\"column-1\">Individuelles:<\/td><td class=\"column-4\"><\/td>\n<\/tr>\n<tr class=\"row-3\">\n\t<td class=\"column-1\">2016 2012<\/td><td class=\"column-2\">\u00c9glise St- Thomas concert<\/td><td class=\"column-3\">Verdun<\/td><td class=\"column-4\"><\/td>\n<\/tr>\n<tr class=\"row-4\">\n\t<td class=\"column-1\">2013-2012<\/td><td class=\"column-2\">Biblioth\u00e8que Aim\u00e9-Gu\u00e9rin<\/td><td class=\"column-3\">Sainte-Catherine<\/td><td class=\"column-4\"><\/td>\n<\/tr>\n<tr class=\"row-5\">\n\t<td class=\"column-1\">2005-2002<\/td><td class=\"column-2\">Terrasse du jardin<\/td><td class=\"column-3\">Chapiteau Verdun<\/td><td class=\"column-4\"><\/td>\n<\/tr>\n<tr class=\"row-6\">\n\t<td class=\"column-1\">2004<\/td><td class=\"column-2\">Fleuriste, La Prairie<\/td><td class=\"column-3\">La Prairie<\/td><td class=\"column-4\"><\/td>\n<\/tr>\n<tr class=\"row-7\">\n\t<td class=\"column-1\">2003-1999<\/td><td class=\"column-2\">Centre Anna Laberge<\/td><td class=\"column-3\">Ch\u00e2teauguay<\/td><td class=\"column-4\"><\/td>\n<\/tr>\n<tr class=\"row-8\">\n\t<td colspan=\"3\" class=\"column-1\">Duo avec jury de pairs:<\/td><td class=\"column-4\"><\/td>\n<\/tr>\n<tr class=\"row-9\">\n\t<td class=\"column-1\">2014-2012<\/td><td class=\"column-2\">\u00c9glise Notre-Dame-de-Lourdes<\/td><td class=\"column-3\">Verdun<\/td><td class=\"column-4\"><\/td>\n<\/tr>\n<tr class=\"row-10\">\n\t<td class=\"column-1\">2009<\/td><td class=\"column-2\">Maison de la Culture Limoges-Perron<\/td><td class=\"column-3\">Bois-des-Filion<\/td><td class=\"column-4\"><\/td>\n<\/tr>\n<tr class=\"row-11\">\n\t<td colspan=\"3\" class=\"column-1\">Collectives avec jury de pairs:<\/td><td class=\"column-4\"><\/td>\n<\/tr>\n<tr class=\"row-12\">\n\t<td class=\"column-1\">2016-2009<\/td><td class=\"column-2\">AAPARS Centre Jordi-Bonet<\/td><td class=\"column-3\">Mont-Saint-Hilaire<\/td><td class=\"column-4\"><\/td>\n<\/tr>\n<tr class=\"row-13\">\n\t<td class=\"column-1\">2015-2014-2013<\/td><td class=\"column-2\">Symposium H\u00e9l\u00e8ne Sentenne<\/td><td class=\"column-3\">Candiac<\/td><td class=\"column-4\"><\/td>\n<\/tr>\n<tr class=\"row-14\">\n\t<td class=\"column-1\">2015-2006<\/td><td class=\"column-2\">Symposium de peinture<\/td><td class=\"column-3\">St-Hubert<\/td><td class=\"column-4\"><\/td>\n<\/tr>\n<tr class=\"row-15\">\n\t<td class=\"column-1\">2014-2011<\/td><td class=\"column-2\">Galerie Berick<\/td><td class=\"column-3\">Bromont<\/td><td class=\"column-4\"><\/td>\n<\/tr>\n<tr class=\"row-16\">\n\t<td class=\"column-1\">2012-2009<\/td><td class=\"column-2\">Symposium de peinture<\/td><td class=\"column-3\">Bois-des-Filion<\/td><td class=\"column-4\"><\/td>\n<\/tr>\n<tr class=\"row-17\">\n\t<td class=\"column-1\">2012-2002<\/td><td class=\"column-2\">Artistes sur le champs Fort Chambly <\/td><td class=\"column-3\">Chambly<\/td><td class=\"column-4\"><\/td>\n<\/tr>\n<tr class=\"row-18\">\n\t<td class=\"column-1\">2011-2008<\/td><td class=\"column-2\">Exposition champ\u00eatre<\/td><td class=\"column-3\">Ville de Lachine<\/td><td class=\"column-4\"><\/td>\n<\/tr>\n<tr class=\"row-19\">\n\t<td class=\"column-1\">2011<\/td><td class=\"column-2\">Mus\u00e9e Ferroviaire Canadien, <\/td><td class=\"column-3\">St-Constant<\/td><td class=\"column-4\"><\/td>\n<\/tr>\n<tr class=\"row-20\">\n\t<td class=\"column-1\">2011<\/td><td class=\"column-2\">Centre Culturel<\/td><td class=\"column-3\">Verdun<\/td><td class=\"column-4\"><\/td>\n<\/tr>\n<tr class=\"row-21\">\n\t<td class=\"column-1\">2010<\/td><td class=\"column-2\">Centre monseigneur Pigeon<\/td><td class=\"column-3\">Montr\u00e9al<\/td><td class=\"column-4\"><\/td>\n<\/tr>\n<tr class=\"row-22\">\n\t<td class=\"column-1\">2010<\/td><td class=\"column-2\">Pavillon l'Entrep\u00f4t Centre Culturel<\/td><td class=\"column-3\">Ville de Lachine<\/td><td class=\"column-4\"><\/td>\n<\/tr>\n<tr class=\"row-23\">\n\t<td class=\"column-1\">2006<\/td><td class=\"column-2\">Centre Culturel Georges-Vanier<\/td><td class=\"column-3\">Montr\u00e9al, ACSO<\/td><td class=\"column-4\"><\/td>\n<\/tr>\n<tr class=\"row-24\">\n\t<td class=\"column-1\"><\/td><td class=\"column-2\"><\/td><td class=\"column-3\"><\/td><td class=\"column-4\"><\/td>\n<\/tr>\n<tr class=\"row-25\">\n\t<td class=\"column-1\"><\/td><td class=\"column-2\"><\/td><td class=\"column-3\"><\/td><td class=\"column-4\"><\/td>\n<\/tr>\n<tr class=\"row-26\">\n\t<td colspan=\"3\" class=\"column-1\">Collectives:<\/td><td class=\"column-4\"><\/td>\n<\/tr>\n<tr class=\"row-27\">\n\t<td class=\"column-1\">2016<\/td><td class=\"column-2\">AAPARS. exposition printani\u00e8re<\/td><td class=\"column-3\">Galerie Dix 30<\/td><td class=\"column-4\"><\/td>\n<\/tr>\n<tr class=\"row-28\">\n\t<td class=\"column-1\">2015<\/td><td class=\"column-2\">Expo Galerie AAPARS<\/td><td class=\"column-3\">St-Bruno-de-Montarville<\/td><td class=\"column-4\"><\/td>\n<\/tr>\n<tr class=\"row-29\">\n\t<td class=\"column-1\">2015-2012,2010-2002<\/td><td class=\"column-2\">La F\u00e9\u00e9rie de No\u00ebl, Centre Aim\u00e9 Gu\u00e9rin<\/td><td class=\"column-3\">Sainte-Catherine<\/td><td class=\"column-4\"><\/td>\n<\/tr>\n<tr class=\"row-30\">\n\t<td class=\"column-1\">2014-2007<\/td><td class=\"column-2\">\u00c9glise Notre-Dame-de-Lourdes<\/td><td class=\"column-3\">Verdun<\/td><td class=\"column-4\"><\/td>\n<\/tr>\n<tr class=\"row-31\">\n\t<td class=\"column-1\">2014-2009-2005<\/td><td class=\"column-2\">Centre Culturel GP Vanier<\/td><td class=\"column-3\">Ch\u00e2teauguay<\/td><td class=\"column-4\"><\/td>\n<\/tr>\n<tr class=\"row-32\">\n\t<td class=\"column-1\">2013-2009<\/td><td class=\"column-2\">AAPARS Promenade St-Bruno<\/td><td class=\"column-3\">Saint-Bruno<\/td><td class=\"column-4\"><\/td>\n<\/tr>\n<tr class=\"row-33\">\n\t<td class=\"column-1\">2013-2002<\/td><td class=\"column-2\">Clinique Physrego expo.concours<\/td><td class=\"column-3\">Verdun<\/td><td class=\"column-4\"><\/td>\n<\/tr>\n<tr class=\"row-34\">\n\t<td class=\"column-1\">2012-2002<\/td><td class=\"column-2\">Journ\u00e9es de la culture AAVGC<\/td><td class=\"column-3\">Ch\u00e2teauguay<\/td><td class=\"column-4\"><\/td>\n<\/tr>\n<tr class=\"row-35\">\n\t<td class=\"column-1\">2012-09,2007<\/td><td class=\"column-2\">Les Dimanche au Canal<\/td><td class=\"column-3\">Lachine<\/td><td class=\"column-4\"><\/td>\n<\/tr>\n<tr class=\"row-36\">\n\t<td class=\"column-1\">2012<\/td><td class=\"column-2\">Symposium de peinture<\/td><td class=\"column-3\">Sainte-Catherine<\/td><td class=\"column-4\"><\/td>\n<\/tr>\n<tr class=\"row-37\">\n\t<td class=\"column-1\">2010-2006<\/td><td class=\"column-2\">Symposium Pinceaux en Berges<\/td><td class=\"column-3\">Ville Lasalle<\/td><td class=\"column-4\"><\/td>\n<\/tr>\n<tr class=\"row-38\">\n\t<td class=\"column-1\">2010<\/td><td class=\"column-2\">AVR Expo-Concours<\/td><td class=\"column-3\">St-Constant<\/td><td class=\"column-4\"><\/td>\n<\/tr>\n<tr class=\"row-39\">\n\t<td class=\"column-1\">2010<\/td><td class=\"column-2\">CAPSH Place Portobello<\/td><td class=\"column-3\">Brossard<\/td><td class=\"column-4\"><\/td>\n<\/tr>\n<tr class=\"row-40\">\n\t<td class=\"column-1\">2009-2001<\/td><td class=\"column-2\">Maison \u00c9thier<\/td><td class=\"column-3\">Saint-Basile-le-Grand<\/td><td class=\"column-4\"><\/td>\n<\/tr>\n<tr class=\"row-41\">\n\t<td class=\"column-1\">2009<\/td><td class=\"column-2\">Port de Plaisance, marina<\/td><td class=\"column-3\">Lachine<\/td><td class=\"column-4\"><\/td>\n<\/tr>\n<tr class=\"row-42\">\n\t<td class=\"column-1\">2009<\/td><td class=\"column-2\">Biblioth\u00e8que Sault Bellow<\/td><td class=\"column-3\">Lachine<\/td><td class=\"column-4\"><\/td>\n<\/tr>\n<tr class=\"row-43\">\n\t<td class=\"column-1\">2009<\/td><td class=\"column-2\">Parc Canada<\/td><td class=\"column-3\">Lachine<\/td><td class=\"column-4\"><\/td>\n<\/tr>\n<tr class=\"row-44\">\n\t<td class=\"column-1\">2009<\/td><td class=\"column-2\">Centre Scocioculturel<\/td><td class=\"column-3\">Brossard<\/td><td class=\"column-4\"><\/td>\n<\/tr>\n<tr class=\"row-45\">\n\t<td class=\"column-1\">2008<\/td><td class=\"column-2\">Mus\u00e9e Maison Lepailleur<\/td><td class=\"column-3\">Ch\u00e2teauguay<\/td><td class=\"column-4\"><\/td>\n<\/tr>\n<tr class=\"row-46\">\n\t<td class=\"column-1\">2007<\/td><td class=\"column-2\">Maison M\u00e9lan\u00e7on<\/td><td class=\"column-3\">Delson<\/td><td class=\"column-4\"><\/td>\n<\/tr>\n<tr class=\"row-47\">\n\t<td class=\"column-1\"><\/td><td class=\"column-2\"><\/td><td class=\"column-3\"><\/td><td class=\"column-4\"><\/td>\n<\/tr>\n<\/tbody>\n<\/table>\n<!-- #tablepress-3 from cache -->\n<h2>Galeries<\/h2>\n\n<table id=\"tablepress-4\" class=\"tablepress tablepress-id-4\">\n<thead>\n<tr class=\"row-1\">\n\t<th class=\"column-1\">Nom de la galerie<\/th><th class=\"column-2\">Lieu<\/th>\n<\/tr>\n<\/thead>\n<tbody class=\"row-striping\">\n<tr class=\"row-2\">\n\t<td class=\"column-1\">2015-         Galerie d'Art<\/td><td class=\"column-2\">Terrebonne<\/td>\n<\/tr>\n<tr class=\"row-3\">\n\t<td class=\"column-1\">2014-2010 Galerie Berick<\/td><td class=\"column-2\">Bromont, <\/td>\n<\/tr>\n<tr class=\"row-4\">\n\t<td class=\"column-1\">2012           Maison Trestler<\/td><td class=\"column-2\">Vaudreuil-Dorion,<\/td>\n<\/tr>\n<tr class=\"row-5\">\n\t<td class=\"column-1\">2011           Galerie Horizon<\/td><td class=\"column-2\">Sorel-Tracy, <\/td>\n<\/tr>\n<\/tbody>\n<\/table>\n<!-- #tablepress-4 from cache -->\n<h2>Reconnaissances<\/h2>\n\n<table id=\"tablepress-5\" class=\"tablepress tablepress-id-5\">\n<thead>\n<tr class=\"row-1\">\n\t<th class=\"column-1\">Ann\u00e9e<\/th><th class=\"column-2\">Nom<\/th><th class=\"column-3\">Endroit de remise<\/th>\n<\/tr>\n<\/thead>\n<tbody class=\"row-striping\">\n<tr class=\"row-2\">\n\t<td class=\"column-1\">2015-2005-2003<\/td><td class=\"column-2\">Bourse du pinceau argent<\/td><td class=\"column-3\">Verdun<\/td>\n<\/tr>\n<tr class=\"row-3\">\n\t<td class=\"column-1\">2016-2003<\/td><td class=\"column-2\">Artistes au Canada no AICH : 47916<\/td><td class=\"column-3\">Biblioth\u00e8que de R\u00e9f\u00e9rence<\/td>\n<\/tr>\n<tr class=\"row-4\">\n\t<td class=\"column-1\">2012 et 2011<\/td><td class=\"column-2\">Symposium, Bourse de $500.dollars<\/td><td class=\"column-3\">Saint-Hubert<\/td>\n<\/tr>\n<tr class=\"row-5\">\n\t<td class=\"column-1\">2012-10-08-04<\/td><td class=\"column-2\">Premier prix du public, F\u00e9\u00e9rie de No\u00ebl<\/td><td class=\"column-3\">Biblioth\u00e8que Aim\u00e9-Gu\u00e9rin<\/td>\n<\/tr>\n<tr class=\"row-6\">\n\t<td class=\"column-1\">2012<\/td><td class=\"column-2\">2e Prix du public, F\u00e9\u00e9rie de No\u00ebl<\/td><td class=\"column-3\">Biblioth\u00e8que Aim\u00e9-Gu\u00e9rin<\/td>\n<\/tr>\n<tr class=\"row-7\">\n\t<td class=\"column-1\">2010-09,06,04,<\/td><td class=\"column-2\">Pinceau d'or, soir\u00e9e  Reconnaissance<\/td><td class=\"column-3\">Verdun<\/td>\n<\/tr>\n<tr class=\"row-8\">\n\t<td class=\"column-1\">2009<\/td><td class=\"column-2\">Premier Prix de la Ville<\/td><td class=\"column-3\">Ville de-Bois-des-Filion<\/td>\n<\/tr>\n<tr class=\"row-9\">\n\t<td class=\"column-1\">2008<\/td><td class=\"column-2\">Carole Freeman d\u00e9put\u00e9,1000 cartes de No\u00ebl<\/td><td class=\"column-3\">avec une de mes oeuvres<\/td>\n<\/tr>\n<tr class=\"row-10\">\n\t<td class=\"column-1\">2007<\/td><td class=\"column-2\">Mention Prix du public  journ\u00e9es de la culture <\/td><td class=\"column-3\">AAVGC. Ch\u00e2teauguay<\/td>\n<\/tr>\n<tr class=\"row-11\">\n\t<td class=\"column-1\">2005<\/td><td class=\"column-2\">Pinceau d'argent, soir\u00e9e de Reconnaissance<\/td><td class=\"column-3\">H\u00f4tel de Ville de Verdun<\/td>\n<\/tr>\n<tr class=\"row-12\">\n\t<td class=\"column-1\">2005<\/td><td class=\"column-2\">Prix B\u00e9n\u00e9volat exceptionnel,<\/td><td class=\"column-3\">Lieutenant Gouverneur, Montr\u00e9al<\/td>\n<\/tr>\n<\/tbody>\n<\/table>\n<!-- #tablepress-5 from cache -->\n<h2>Collections<\/h2>\n\n<table id=\"tablepress-6\" class=\"tablepress tablepress-id-6\">\n<thead>\n<tr class=\"row-1\">\n\t<th class=\"column-1\">Cat\u00e9gorie<\/th><th class=\"column-2\">Nom du lieu<\/th><th class=\"column-3\">Ville<\/th>\n<\/tr>\n<\/thead>\n<tbody class=\"row-striping\">\n<tr class=\"row-2\">\n\t<td class=\"column-1\">2013- l'acquisition d'une \u0153uvre pour<\/td><td class=\"column-2\">cartes de No\u00ebl, D\u00e9put\u00e9 NPD<\/td><td class=\"column-3\">Tyron Benskin, Verdun<\/td>\n<\/tr>\n<tr class=\"row-3\">\n\t<td class=\"column-1\">2012 Bureau du Notaire,<\/td><td class=\"column-2\">Ma\u00eetre Fran\u00e7ois Loiselle<\/td><td class=\"column-3\">Ville de Verdun<\/td>\n<\/tr>\n<tr class=\"row-4\">\n\t<td class=\"column-1\">2012 Une de mes oeuvres                                                 <\/td><td class=\"column-2\">offerte \u00e0 Patrick Gu\u00e9rin,<\/td><td class=\"column-3\">par la Ville de Verdun<\/td>\n<\/tr>\n<tr class=\"row-5\">\n\t<td class=\"column-1\">2011 L'acquisition<\/td><td class=\"column-2\">d'une de mes \u0153uvres par la<\/td><td class=\"column-3\">Ville de Sainte-Catherine,<\/td>\n<\/tr>\n<tr class=\"row-6\">\n\t<td class=\"column-1\">2011 Les entreprises Ergogrip, <\/td><td class=\"column-2\">Du Sud-Ouest<\/td><td class=\"column-3\">Ile des Soeurs<\/td>\n<\/tr>\n<tr class=\"row-7\">\n\t<td class=\"column-1\">2011 Andr\u00e9 Legault, <\/td><td class=\"column-2\">a re\u00e7u le prix d'une toile achet\u00e9 par <\/td><td class=\"column-3\">La Ville de Verdun<\/td>\n<\/tr>\n<tr class=\"row-8\">\n\t<td class=\"column-1\">2010-2003 La Municipalit\u00e9<\/td><td class=\"column-2\">a fait l'acquisition de six toiles<\/td><td class=\"column-3\">Ville de Verdun<\/td>\n<\/tr>\n<tr class=\"row-9\">\n\t<td class=\"column-1\">2010 Walter Gregory<\/td><td class=\"column-2\">re\u00e7oit une de mes oeuvres<\/td><td class=\"column-3\">Ville de verdun<\/td>\n<\/tr>\n<tr class=\"row-10\">\n\t<td class=\"column-1\">2010 Ricardo Larriv\u00e9<\/td><td class=\"column-2\">re\u00e7oit une de mes \u0153uvre acquise par <\/td><td class=\"column-3\">Ville de Sainte-Catherine<\/td>\n<\/tr>\n<tr class=\"row-11\">\n\t<td class=\"column-1\">2009 Normand Renaud inc.<\/td><td class=\"column-2\"> des resto.Macdonald<br \/>\n<\/td><td class=\"column-3\">Lachine<\/td>\n<\/tr>\n<tr class=\"row-12\">\n\t<td class=\"column-1\">2008 Total Diving Wadell<\/td><td class=\"column-2\">re\u00e7oit une de mes oeuvres<\/td><td class=\"column-3\">Verdun<\/td>\n<\/tr>\n<tr class=\"row-13\">\n\t<td class=\"column-1\">2006 commission scolaire<\/td><td class=\"column-2\">\u00c9cole Notre-Dame du Sourire<\/td><td class=\"column-3\">Verdun<\/td>\n<\/tr>\n<\/tbody>\n<\/table>\n<!-- #tablepress-6 from cache -->\n<h2>M\u00e9dias<\/h2>\n\n<table id=\"tablepress-7\" class=\"tablepress tablepress-id-7\">\n<thead>\n<tr class=\"row-1\">\n\t<th class=\"column-1\">Ann\u00e9e<\/th><th class=\"column-2\">Titre<\/th><th class=\"column-3\">Auteur<\/th><th class=\"column-4\">Source<\/th>\n<\/tr>\n<\/thead>\n<tbody class=\"row-striping\">\n<tr class=\"row-2\">\n\t<td class=\"column-1\">2012<\/td><td class=\"column-2\">Un Art en partage<\/td><td class=\"column-3\">Gingras H\u00e9l\u00e8ne<\/td><td class=\"column-4\">Journal Le Reflet<\/td>\n<\/tr>\n<tr class=\"row-3\">\n\t<td class=\"column-1\">2012<\/td><td class=\"column-2\">Exposition Solo, Maison Trestler<\/td><td class=\"column-3\">Myriam Delisle<\/td><td class=\"column-4\">Journal Premi\u00e8re \u00c9dition<\/td>\n<\/tr>\n<tr class=\"row-4\">\n\t<td class=\"column-1\">2013-2010<\/td><td class=\"column-2\">Magazin'Art, \u00e9ditions,hiver,<\/td><td class=\"column-3\">printemps, \u00e9t\u00e9<\/td><td class=\"column-4\"> Automne<\/td>\n<\/tr>\n<tr class=\"row-5\">\n\t<td class=\"column-1\">2011<\/td><td class=\"column-2\">Verdun vu par des artistes-peintres<\/td><td class=\"column-3\">Pierre Vigneault<\/td><td class=\"column-4\"> Messager de Verdun<\/td>\n<\/tr>\n<tr class=\"row-6\">\n\t<td class=\"column-1\">2011<\/td><td class=\"column-2\">Les douces couleurs de Gis\u00e8le, <\/td><td class=\"column-3\">David Penven<\/td><td class=\"column-4\">Journal Le Reflet<\/td>\n<\/tr>\n<tr class=\"row-7\">\n\t<td class=\"column-1\">2010-2009<\/td><td class=\"column-2\">Coup de Chapeau<\/td><td class=\"column-3\">Pierre Vigneault<\/td><td class=\"column-4\">Le Messager de Verdun<\/td>\n<\/tr>\n<tr class=\"row-8\">\n\t<td class=\"column-1\">2009<\/td><td class=\"column-2\">Artiste Laur\u00e9ate au  symposium <\/td><td class=\"column-3\">Bois-des Filion<\/td><td class=\"column-4\">Journal Le Courrier<\/td>\n<\/tr>\n<tr class=\"row-9\">\n\t<td class=\"column-1\">2007<\/td><td class=\"column-2\">La F\u00e9\u00e9rie de No\u00ebl<\/td><td class=\"column-3\">H\u00e9l\u00e8ne Gingras<\/td><td class=\"column-4\">Journal Le Reflet<\/td>\n<\/tr>\n<tr class=\"row-10\">\n\t<td class=\"column-1\">2005<\/td><td class=\"column-2\">Une peintre de Ste Catherine remporte un concours<\/td><td class=\"column-3\">Higgen Francis<\/td><td class=\"column-4\">Journal Le Reflet<\/td>\n<\/tr>\n<tr class=\"row-11\">\n\t<td class=\"column-1\">2004<\/td><td class=\"column-2\">Une peintre de Ste-Catherine expose chez un fleuriste<\/td><td class=\"column-3\">Angers Marc<\/td><td class=\"column-4\">Journal Le Reflet<\/td>\n<\/tr>\n<\/tbody>\n<\/table>\n<!-- #tablepress-7 from cache -->\n<p>&nbsp;<\/p>\n<h2>Autres informations<\/h2>\n<ul>\n<li>Enseignements de la peinture \u00e0 des adultes \u00e0 son atelier; 2016-2000<\/li>\n<li>Enseignements de la peinture, chez Cadre expert, Ch\u00e2teauguay; 2015-2007<\/li>\n<li>Membre du comit\u00e9 de l&#8217;Association des Arts Visuels du Grand Ch\u00e2teauguay; 2014-2004<\/li>\n<li>Agent de recrutement des artistes pour les expos\u00e9s techniques.\u00a0\u00a02014-2001<\/li>\n<\/ul>\n","protected":false},"excerpt":{"rendered":"<p>D\u00e9marche J&#8217;ai toujours griffonner de petites maisons, aussi longtemps que je me souvienne, car le dessin et la peinture, c&#8217;est pour moi un besoin r\u00e9el et fondamental d&#8217;exprimer mon \u00eatre profond, de donner une couleur \u00e0 mes \u00e9tats d\u2019\u00e2me, d\u2019ext\u00e9rioriser ma nature secr\u00e8te. L&#8217;huile, actuellement, est mon m\u00e9dium de pr\u00e9dilection. Dans mon atelier, cet univers &#8230; <\/p>\n<p class=\"read-more-container\"><a title=\"Gis\u00e8le Touzin Vall\u00e9e\" class=\"read-more button\" href=\"https:\/\/aapars.com\/gisele-touzin-vallee\/#more-15\" aria-label=\"En savoir plus sur Gis\u00e8le Touzin Vall\u00e9e\">Lire plus<\/a><\/p>\n","protected":false},"author":530,"featured_media":0,"parent":0,"menu_order":0,"comment_status":"closed","ping_status":"closed","template":"","meta":{"_s2mail":"yes","ngg_post_thumbnail":0,"iawp_total_views":118,"footnotes":""},"class_list":["post-15","page","type-page","status-publish"],"yoast_head":"<!-- This site is optimized with the Yoast SEO plugin v27.5 - https:\/\/yoast.com\/product\/yoast-seo-wordpress\/ -->\n<title>Gis\u00e8le Touzin Vall\u00e9e - Gis\u00e8le Touzin Vall\u00e9e - Un site de la galerie virtuelle de l\u2019AAPARS<\/title>\n<meta name=\"description\" content=\"D\u00e9marche J&#039;ai toujours griffonner de petites maisons, aussi longtemps que je me souvienne, car le dessin et la peinture, c&#039;est pour moi un besoin r\u00e9el et\" \/>\n<meta name=\"robots\" content=\"index, follow, max-snippet:-1, max-image-preview:large, max-video-preview:-1\" \/>\n<link rel=\"canonical\" href=\"https:\/\/aapars.com\/gisele-touzin-vallee\/\" \/>\n<meta property=\"og:locale\" content=\"fr_FR\" \/>\n<meta property=\"og:type\" content=\"article\" \/>\n<meta property=\"og:title\" content=\"Gis\u00e8le Touzin Vall\u00e9e - Gis\u00e8le Touzin Vall\u00e9e - Un site de la galerie virtuelle de l\u2019AAPARS\" \/>\n<meta property=\"og:description\" content=\"D\u00e9marche J&#039;ai toujours griffonner de petites maisons, aussi longtemps que je me souvienne, car le dessin et la peinture, c&#039;est pour moi un besoin r\u00e9el et\" \/>\n<meta property=\"og:url\" content=\"https:\/\/aapars.com\/gisele-touzin-vallee\/\" \/>\n<meta property=\"og:site_name\" content=\"Gis\u00e8le Touzin Vall\u00e9e\" \/>\n<meta property=\"article:modified_time\" content=\"2021-05-23T17:49:34+00:00\" \/>\n<meta property=\"og:image\" content=\"https:\/\/aapars.com\/gisele-touzin-vallee\/files\/2013\/06\/maphoto-e1371669429858.jpg\" \/>\n<meta name=\"twitter:label1\" content=\"Dur\u00e9e de lecture estim\u00e9e\" \/>\n\t<meta name=\"twitter:data1\" content=\"2 minutes\" \/>\n<script type=\"application\/ld+json\" class=\"yoast-schema-graph\">{\"@context\":\"https:\\\/\\\/schema.org\",\"@graph\":[{\"@type\":\"WebPage\",\"@id\":\"https:\\\/\\\/aapars.com\\\/gisele-touzin-vallee\\\/\",\"url\":\"https:\\\/\\\/aapars.com\\\/gisele-touzin-vallee\\\/\",\"name\":\"Gis\u00e8le Touzin Vall\u00e9e - Gis\u00e8le Touzin Vall\u00e9e - Un site de la galerie virtuelle de l\u2019AAPARS\",\"isPartOf\":{\"@id\":\"https:\\\/\\\/aapars.com\\\/gisele-touzin-vallee\\\/#website\"},\"primaryImageOfPage\":{\"@id\":\"https:\\\/\\\/aapars.com\\\/gisele-touzin-vallee\\\/#primaryimage\"},\"image\":{\"@id\":\"https:\\\/\\\/aapars.com\\\/gisele-touzin-vallee\\\/#primaryimage\"},\"thumbnailUrl\":\"https:\\\/\\\/aapars.com\\\/gisele-touzin-vallee\\\/files\\\/2013\\\/06\\\/maphoto-e1371669429858.jpg\",\"datePublished\":\"2010-10-03T09:11:36+00:00\",\"dateModified\":\"2021-05-23T17:49:34+00:00\",\"description\":\"D\u00e9marche J'ai toujours griffonner de petites maisons, aussi longtemps que je me souvienne, car le dessin et la peinture, c'est pour moi un besoin r\u00e9el et\",\"breadcrumb\":{\"@id\":\"https:\\\/\\\/aapars.com\\\/gisele-touzin-vallee\\\/#breadcrumb\"},\"inLanguage\":\"fr-FR\",\"potentialAction\":[{\"@type\":\"ReadAction\",\"target\":[\"https:\\\/\\\/aapars.com\\\/gisele-touzin-vallee\\\/\"]}]},{\"@type\":\"ImageObject\",\"inLanguage\":\"fr-FR\",\"@id\":\"https:\\\/\\\/aapars.com\\\/gisele-touzin-vallee\\\/#primaryimage\",\"url\":\"https:\\\/\\\/aapars.com\\\/gisele-touzin-vallee\\\/files\\\/2013\\\/06\\\/maphoto-e1371669429858.jpg\",\"contentUrl\":\"https:\\\/\\\/aapars.com\\\/gisele-touzin-vallee\\\/files\\\/2013\\\/06\\\/maphoto-e1371669429858.jpg\",\"width\":150,\"height\":159,\"caption\":\"Gis\u00e8le Touzin Vall\u00e9e\"},{\"@type\":\"BreadcrumbList\",\"@id\":\"https:\\\/\\\/aapars.com\\\/gisele-touzin-vallee\\\/#breadcrumb\",\"itemListElement\":[{\"@type\":\"ListItem\",\"position\":1,\"name\":\"Accueil\",\"item\":\"https:\\\/\\\/aapars.com\\\/gisele-touzin-vallee\\\/\"},{\"@type\":\"ListItem\",\"position\":2,\"name\":\"Gis\u00e8le Touzin Vall\u00e9e\"}]},{\"@type\":\"WebSite\",\"@id\":\"https:\\\/\\\/aapars.com\\\/gisele-touzin-vallee\\\/#website\",\"url\":\"https:\\\/\\\/aapars.com\\\/gisele-touzin-vallee\\\/\",\"name\":\"Gis\u00e8le Touzin Vall\u00e9e\",\"description\":\"Un site de la galerie virtuelle de l\u2019AAPARS\",\"publisher\":{\"@id\":\"https:\\\/\\\/aapars.com\\\/gisele-touzin-vallee\\\/#organization\"},\"potentialAction\":[{\"@type\":\"SearchAction\",\"target\":{\"@type\":\"EntryPoint\",\"urlTemplate\":\"https:\\\/\\\/aapars.com\\\/gisele-touzin-vallee\\\/?s={search_term_string}\"},\"query-input\":{\"@type\":\"PropertyValueSpecification\",\"valueRequired\":true,\"valueName\":\"search_term_string\"}}],\"inLanguage\":\"fr-FR\"},{\"@type\":\"Organization\",\"@id\":\"https:\\\/\\\/aapars.com\\\/gisele-touzin-vallee\\\/#organization\",\"name\":\"Gis\u00e8le Touzin Vall\u00e9e\",\"url\":\"https:\\\/\\\/aapars.com\\\/gisele-touzin-vallee\\\/\",\"logo\":{\"@type\":\"ImageObject\",\"inLanguage\":\"fr-FR\",\"@id\":\"https:\\\/\\\/aapars.com\\\/gisele-touzin-vallee\\\/#\\\/schema\\\/logo\\\/image\\\/\",\"url\":\"https:\\\/\\\/aapars.com\\\/gisele-touzin-vallee\\\/files\\\/2012\\\/04\\\/logo-aapars-@2x.png\",\"contentUrl\":\"https:\\\/\\\/aapars.com\\\/gisele-touzin-vallee\\\/files\\\/2012\\\/04\\\/logo-aapars-@2x.png\",\"width\":560,\"height\":306,\"caption\":\"Gis\u00e8le Touzin Vall\u00e9e\"},\"image\":{\"@id\":\"https:\\\/\\\/aapars.com\\\/gisele-touzin-vallee\\\/#\\\/schema\\\/logo\\\/image\\\/\"}}]}<\/script>\n<!-- \/ Yoast SEO plugin. -->","yoast_head_json":{"title":"Gis\u00e8le Touzin Vall\u00e9e - Gis\u00e8le Touzin Vall\u00e9e - Un site de la galerie virtuelle de l\u2019AAPARS","description":"D\u00e9marche J'ai toujours griffonner de petites maisons, aussi longtemps que je me souvienne, car le dessin et la peinture, c'est pour moi un besoin r\u00e9el et","robots":{"index":"index","follow":"follow","max-snippet":"max-snippet:-1","max-image-preview":"max-image-preview:large","max-video-preview":"max-video-preview:-1"},"canonical":"https:\/\/aapars.com\/gisele-touzin-vallee\/","og_locale":"fr_FR","og_type":"article","og_title":"Gis\u00e8le Touzin Vall\u00e9e - Gis\u00e8le Touzin Vall\u00e9e - Un site de la galerie virtuelle de l\u2019AAPARS","og_description":"D\u00e9marche J'ai toujours griffonner de petites maisons, aussi longtemps que je me souvienne, car le dessin et la peinture, c'est pour moi un besoin r\u00e9el et","og_url":"https:\/\/aapars.com\/gisele-touzin-vallee\/","og_site_name":"Gis\u00e8le Touzin Vall\u00e9e","article_modified_time":"2021-05-23T17:49:34+00:00","og_image":[{"url":"https:\/\/aapars.com\/gisele-touzin-vallee\/files\/2013\/06\/maphoto-e1371669429858.jpg","type":"","width":"","height":""}],"twitter_misc":{"Dur\u00e9e de lecture estim\u00e9e":"2 minutes"},"schema":{"@context":"https:\/\/schema.org","@graph":[{"@type":"WebPage","@id":"https:\/\/aapars.com\/gisele-touzin-vallee\/","url":"https:\/\/aapars.com\/gisele-touzin-vallee\/","name":"Gis\u00e8le Touzin Vall\u00e9e - Gis\u00e8le Touzin Vall\u00e9e - Un site de la galerie virtuelle de l\u2019AAPARS","isPartOf":{"@id":"https:\/\/aapars.com\/gisele-touzin-vallee\/#website"},"primaryImageOfPage":{"@id":"https:\/\/aapars.com\/gisele-touzin-vallee\/#primaryimage"},"image":{"@id":"https:\/\/aapars.com\/gisele-touzin-vallee\/#primaryimage"},"thumbnailUrl":"https:\/\/aapars.com\/gisele-touzin-vallee\/files\/2013\/06\/maphoto-e1371669429858.jpg","datePublished":"2010-10-03T09:11:36+00:00","dateModified":"2021-05-23T17:49:34+00:00","description":"D\u00e9marche J'ai toujours griffonner de petites maisons, aussi longtemps que je me souvienne, car le dessin et la peinture, c'est pour moi un besoin r\u00e9el et","breadcrumb":{"@id":"https:\/\/aapars.com\/gisele-touzin-vallee\/#breadcrumb"},"inLanguage":"fr-FR","potentialAction":[{"@type":"ReadAction","target":["https:\/\/aapars.com\/gisele-touzin-vallee\/"]}]},{"@type":"ImageObject","inLanguage":"fr-FR","@id":"https:\/\/aapars.com\/gisele-touzin-vallee\/#primaryimage","url":"https:\/\/aapars.com\/gisele-touzin-vallee\/files\/2013\/06\/maphoto-e1371669429858.jpg","contentUrl":"https:\/\/aapars.com\/gisele-touzin-vallee\/files\/2013\/06\/maphoto-e1371669429858.jpg","width":150,"height":159,"caption":"Gis\u00e8le Touzin Vall\u00e9e"},{"@type":"BreadcrumbList","@id":"https:\/\/aapars.com\/gisele-touzin-vallee\/#breadcrumb","itemListElement":[{"@type":"ListItem","position":1,"name":"Accueil","item":"https:\/\/aapars.com\/gisele-touzin-vallee\/"},{"@type":"ListItem","position":2,"name":"Gis\u00e8le Touzin Vall\u00e9e"}]},{"@type":"WebSite","@id":"https:\/\/aapars.com\/gisele-touzin-vallee\/#website","url":"https:\/\/aapars.com\/gisele-touzin-vallee\/","name":"Gis\u00e8le Touzin Vall\u00e9e","description":"Un site de la galerie virtuelle de l\u2019AAPARS","publisher":{"@id":"https:\/\/aapars.com\/gisele-touzin-vallee\/#organization"},"potentialAction":[{"@type":"SearchAction","target":{"@type":"EntryPoint","urlTemplate":"https:\/\/aapars.com\/gisele-touzin-vallee\/?s={search_term_string}"},"query-input":{"@type":"PropertyValueSpecification","valueRequired":true,"valueName":"search_term_string"}}],"inLanguage":"fr-FR"},{"@type":"Organization","@id":"https:\/\/aapars.com\/gisele-touzin-vallee\/#organization","name":"Gis\u00e8le Touzin Vall\u00e9e","url":"https:\/\/aapars.com\/gisele-touzin-vallee\/","logo":{"@type":"ImageObject","inLanguage":"fr-FR","@id":"https:\/\/aapars.com\/gisele-touzin-vallee\/#\/schema\/logo\/image\/","url":"https:\/\/aapars.com\/gisele-touzin-vallee\/files\/2012\/04\/logo-aapars-@2x.png","contentUrl":"https:\/\/aapars.com\/gisele-touzin-vallee\/files\/2012\/04\/logo-aapars-@2x.png","width":560,"height":306,"caption":"Gis\u00e8le Touzin Vall\u00e9e"},"image":{"@id":"https:\/\/aapars.com\/gisele-touzin-vallee\/#\/schema\/logo\/image\/"}}]}},"_links":{"self":[{"href":"https:\/\/aapars.com\/gisele-touzin-vallee\/wp-json\/wp\/v2\/pages\/15","targetHints":{"allow":["GET"]}}],"collection":[{"href":"https:\/\/aapars.com\/gisele-touzin-vallee\/wp-json\/wp\/v2\/pages"}],"about":[{"href":"https:\/\/aapars.com\/gisele-touzin-vallee\/wp-json\/wp\/v2\/types\/page"}],"author":[{"embeddable":true,"href":"https:\/\/aapars.com\/gisele-touzin-vallee\/wp-json\/wp\/v2\/users\/530"}],"replies":[{"embeddable":true,"href":"https:\/\/aapars.com\/gisele-touzin-vallee\/wp-json\/wp\/v2\/comments?post=15"}],"version-history":[{"count":0,"href":"https:\/\/aapars.com\/gisele-touzin-vallee\/wp-json\/wp\/v2\/pages\/15\/revisions"}],"wp:attachment":[{"href":"https:\/\/aapars.com\/gisele-touzin-vallee\/wp-json\/wp\/v2\/media?parent=15"}],"curies":[{"name":"wp","href":"https:\/\/api.w.org\/{rel}","templated":true}]}}