{"id":6,"date":"2010-10-03T05:11:36","date_gmt":"2010-10-03T05:11:36","guid":{"rendered":"https:\/\/aapars.com\/jacques-landry\/?page_id=2"},"modified":"2026-04-22T10:07:13","modified_gmt":"2026-04-22T14:07:13","slug":"profil","status":"publish","type":"page","link":"https:\/\/aapars.com\/ellen-beauchamp\/","title":{"rendered":"Ellen Beauchamp"},"content":{"rendered":"<p><a href=\"https:\/\/aapars.com\/ellen-beauchamp\/files\/2012\/03\/Ellen2.jpg\"><img loading=\"lazy\" decoding=\"async\" class=\"alignnone size-full wp-image-45\" title=\"Ellen2\" src=\"https:\/\/aapars.com\/ellen-beauchamp\/files\/2012\/03\/Ellen2.jpg\" alt=\"\" width=\"150\" height=\"205\"\/><\/a><\/p>\n\n<table id=\"tablepress-1\" class=\"tablepress tablepress-id-1\">\n<tbody class=\"row-striping\">\n<tr class=\"row-1\">\n\t<td class=\"column-1\">Technique :<\/td><td class=\"column-2\">Acrylique, techniques mixtes<\/td>\n<\/tr>\n<tr class=\"row-2\">\n\t<td class=\"column-1\">Affiliations professionelles :<\/td><td class=\"column-2\">AAPARS, ART (O)<\/td>\n<\/tr>\n<tr class=\"row-3\">\n\t<td class=\"column-1\">T\u00e9l\u00e9phone :<\/td><td class=\"column-2\">450-359-0054<\/td>\n<\/tr>\n<tr class=\"row-4\">\n\t<td class=\"column-1\">Courriel :<\/td><td class=\"column-2\"><a href=\"mailto:ellenbeauchamp@videotron.ca\" target=\"_blank\" rel=\"noopener\">ellenbeauchamp@videotron.ca<\/a><\/td>\n<\/tr>\n<\/tbody>\n<\/table>\n<!-- #tablepress-1 from cache -->\n<h2>D\u00e9marche<\/h2>\n<p>La peinture est une exp\u00e9rience cr\u00e9ative, un dialogue que j\u2019entretiens d\u00e8s le premier geste pos\u00e9 sur le tableau.&nbsp; La dynamique provoqu\u00e9e entre les lignes, les formes et les textures guident mes compositions.&nbsp; L\u2019acrylique et la technique mixte me permettent l\u2019exploration qui se veut \u00e9volutive afin de refl\u00e9ter mes impressions soit de lieux, soit de personnages et le plus souvent de leur rencontre.&nbsp; Je perfectionne ma technique en participant \u00e0 divers ateliers. &nbsp;Je suis pr\u00e9sentement engag\u00e9e dans un processus d\u2019alliance entre le figuratif et l\u2019abstraction.<\/p>\n<p><strong>Expositions \u00e0 venir:<\/strong><\/p>\n<p>Festival D\u00e9couvrArts du Vieux Cap-Rouge les 6 et 7 juin 2026 de 10h \u00e0 17h. (r\u00e9gion de Qu\u00e9bec)<\/p>\n<h2><strong>Formation<\/strong><\/h2>\n\n<table id=\"tablepress-2\" class=\"tablepress tablepress-id-2\">\n<thead>\n<tr class=\"row-1\">\n\t<th class=\"column-1\">2013<\/th><th class=\"column-2\">Jacques Cl\u00e9ment<\/th><th class=\"column-3\">Mod\u00e8le vivant<\/th>\n<\/tr>\n<\/thead>\n<tbody class=\"row-striping\">\n<tr class=\"row-2\">\n\t<td class=\"column-1\">2012<\/td><td class=\"column-2\">Tania Lebedeff<\/td><td class=\"column-3\">Atelier libre<\/td>\n<\/tr>\n<tr class=\"row-3\">\n\t<td class=\"column-1\">2010<\/td><td class=\"column-2\">Tania Lebedeff<\/td><td class=\"column-3\">Atelier de cr\u00e9ativit\u00e9<\/td>\n<\/tr>\n<tr class=\"row-4\">\n\t<td class=\"column-1\">2010<\/td><td class=\"column-2\">Joanne Beaule Ruggles<\/td><td class=\"column-3\">Technique mixte<\/td>\n<\/tr>\n<tr class=\"row-5\">\n\t<td class=\"column-1\">2008 \u00e0  2010<\/td><td class=\"column-2\">Diane St-Geoges<br \/>\r\nLouise Lachance-Legault<\/td><td class=\"column-3\">Technique mixte<\/td>\n<\/tr>\n<tr class=\"row-6\">\n\t<td class=\"column-1\">2007<\/td><td class=\"column-2\">Louise Lachance Legault<\/td><td class=\"column-3\">Technique mixte<\/td>\n<\/tr>\n<tr class=\"row-7\">\n\t<td class=\"column-1\">2005<\/td><td class=\"column-2\">Diane Boilard<\/td><td class=\"column-3\">Aquarelle, technique mixte<\/td>\n<\/tr>\n<tr class=\"row-8\">\n\t<td class=\"column-1\">2005<\/td><td class=\"column-2\">Noriko Ima\u00ef<\/td><td class=\"column-3\">Aquarelle<\/td>\n<\/tr>\n<tr class=\"row-9\">\n\t<td class=\"column-1\">2004 - 2005<\/td><td class=\"column-2\">Pierrette Labont\u00e9<\/td><td class=\"column-3\">Technique mixte<\/td>\n<\/tr>\n<tr class=\"row-10\">\n\t<td class=\"column-1\">2004<\/td><td class=\"column-2\">Seymour Segal<\/td><td class=\"column-3\">Cr\u00e9ativit\u00e9<\/td>\n<\/tr>\n<tr class=\"row-11\">\n\t<td class=\"column-1\">2000 \u00e0 2004<\/td><td class=\"column-2\">Ming Ma<\/td><td class=\"column-3\">Aquarelle<\/td>\n<\/tr>\n<tr class=\"row-12\">\n\t<td class=\"column-1\">1998 \u00e0 2000<\/td><td class=\"column-2\">Centre des Arts Visuels de<br \/>\r\nMontr\u00e9al<\/td><td class=\"column-3\">Dessin et peinture<\/td>\n<\/tr>\n<tr class=\"row-13\">\n\t<td class=\"column-1\">1999<\/td><td class=\"column-2\">Jeanine Everell<\/td><td class=\"column-3\">Aquarelle<\/td>\n<\/tr>\n<tr class=\"row-14\">\n\t<td class=\"column-1\">1992<\/td><td class=\"column-2\">Barbara Simmons<\/td><td class=\"column-3\">Aquarelle<\/td>\n<\/tr>\n<tr class=\"row-15\">\n\t<td class=\"column-1\">1984 \u00e0 1986<\/td><td class=\"column-2\">\u00c9cole de joaillerie et de m\u00e9taux d'art de Montr\u00e9al<\/td><td class=\"column-3\">Dessin et cr\u00e9ation de joallerie<\/td>\n<\/tr>\n<\/tbody>\n<\/table>\n<!-- #tablepress-2 from cache -->\n<h2>Expositions<\/h2>\n<p>&nbsp;<\/p>\n<p>&nbsp;<\/p>\n\n<table id=\"tablepress-3\" class=\"tablepress tablepress-id-3 tbody-has-connected-cells\">\n<thead>\n<tr class=\"row-1\">\n\t<th class=\"column-1\">2019<\/th><th class=\"column-2\">Symposium Artistes sur le Champ<\/th><th class=\"column-3\">Chambly<\/th>\n<\/tr>\n<\/thead>\n<tbody class=\"row-striping\">\n<tr class=\"row-2\">\n\t<td colspan=\"3\" class=\"column-1\">Individuelles<\/td>\n<\/tr>\n<tr class=\"row-3\">\n\t<td colspan=\"3\" class=\"column-1\">Collectives avec jury<\/td>\n<\/tr>\n<tr class=\"row-4\">\n\t<td class=\"column-1\">2019<\/td><td class=\"column-2\">Circuit des Arts<\/td><td class=\"column-3\">Saint-Bruno-de-Montarville<\/td>\n<\/tr>\n<tr class=\"row-5\">\n\t<td class=\"column-1\">2014 - 2019 et 2221 - 2223<\/td><td class=\"column-2\">Festival D\u00e9couvrArts<\/td><td class=\"column-3\">Cap-Rouge<\/td>\n<\/tr>\n<tr class=\"row-6\">\n\t<td class=\"column-1\">2014, 2017, 2018 2019<\/td><td class=\"column-2\">Bromont en Art<\/td><td class=\"column-3\">Bromont<\/td>\n<\/tr>\n<tr class=\"row-7\">\n\t<td class=\"column-1\">2014<\/td><td class=\"column-2\">Symposium de peinture<br \/>\nVisi'Arts-Qu\u00e9bec<br \/>\n<\/td><td class=\"column-3\">Qu\u00e9bec<\/td>\n<\/tr>\n<tr class=\"row-8\">\n\t<td class=\"column-1\">2014<\/td><td class=\"column-2\">Salon des arts visuels de Brossard<\/td><td class=\"column-3\">Brossard<\/td>\n<\/tr>\n<tr class=\"row-9\">\n\t<td class=\"column-1\">2013 \u00e0 2019<\/td><td class=\"column-2\">Rencontre des Arts<\/td><td class=\"column-3\">Saint-Jean-sur-Richelieu<\/td>\n<\/tr>\n<tr class=\"row-10\">\n\t<td class=\"column-1\">2013 - 2016<\/td><td class=\"column-2\">Pavillon Jordi-Bonet<\/td><td class=\"column-3\">Mont-St-Hilaire<\/td>\n<\/tr>\n<tr class=\"row-11\">\n\t<td class=\"column-1\">2013 - 2014<\/td><td class=\"column-2\">Galerie Dosha<\/td><td class=\"column-3\">Beloeil<\/td>\n<\/tr>\n<tr class=\"row-12\">\n\t<td class=\"column-1\">2012 \u00e0 2014<\/td><td class=\"column-2\">Festiv-Art<\/td><td class=\"column-3\">Frelighsburg<\/td>\n<\/tr>\n<tr class=\"row-13\">\n\t<td class=\"column-1\">2012 \u00e0 2019<\/td><td class=\"column-2\">AAPARS<br \/>\nExposition  des Promenades<br \/>\nSaint-Bruno et Dix Trente et Boucherville<\/td><td class=\"column-3\">Saint-Bruno-de-Montarville<br \/>\n, Brossard, Boucherville, La Prairie<\/td>\n<\/tr>\n<tr class=\"row-14\">\n\t<td class=\"column-1\">2012 - 2013<\/td><td class=\"column-2\">Maison Dupont<\/td><td class=\"column-3\">Mont-St-Hilaire<\/td>\n<\/tr>\n<tr class=\"row-15\">\n\t<td class=\"column-1\">2011 et 2015<\/td><td class=\"column-2\">Symposium \"Couleurs urbaines\"<\/td><td class=\"column-3\">Granby<\/td>\n<\/tr>\n<tr class=\"row-16\">\n\t<td class=\"column-1\">2011, 2013, 2015, 2016, 2017. 2018<\/td><td class=\"column-2\">Symposium \"Riche en couleurs\"<\/td><td class=\"column-3\">Cap-Sant\u00e9<\/td>\n<\/tr>\n<tr class=\"row-17\">\n\t<td class=\"column-1\">2011<\/td><td class=\"column-2\">Remax immobilier <\/td><td class=\"column-3\">Saint-Bruno-de-Montarville<\/td>\n<\/tr>\n<tr class=\"row-18\">\n\t<td class=\"column-1\">2009<\/td><td class=\"column-2\">Galerie Horizon<\/td><td class=\"column-3\">Sorel<\/td>\n<\/tr>\n<tr class=\"row-19\">\n\t<td class=\"column-1\">2007 \u00e0 2019<\/td><td class=\"column-2\">Expo-concours AAPARS<\/td><td class=\"column-3\">Saint-Bruno-de-Montarville<\/td>\n<\/tr>\n<tr class=\"row-20\">\n\t<td class=\"column-1\">2005 \u00e0 2008<\/td><td class=\"column-2\">Festival de peinture de Mascouche<\/td><td class=\"column-3\">Mascouche<\/td>\n<\/tr>\n<tr class=\"row-21\">\n\t<td class=\"column-1\">2005, 2008, 2011, 2018, 2019<\/td><td class=\"column-2\">Expo-concours de La Prairie<\/td><td class=\"column-3\">La Prairie<\/td>\n<\/tr>\n<tr class=\"row-22\">\n\t<td class=\"column-1\">2004<\/td><td class=\"column-2\">L'Association des artistes de Dorval<\/td><td class=\"column-3\">Dorval<\/td>\n<\/tr>\n<tr class=\"row-23\">\n\t<td class=\"column-1\">2003 \u00e0 2010<\/td><td class=\"column-2\">Galerie Au Gueul 'Art<\/td><td class=\"column-3\">Montr\u00e9al<\/td>\n<\/tr>\n<tr class=\"row-24\">\n\t<td class=\"column-1\">2001<\/td><td class=\"column-2\">Galerie Au Gueul'Art<\/td><td class=\"column-3\">Montr\u00e9al<\/td>\n<\/tr>\n<\/tbody>\n<\/table>\n<!-- #tablepress-3 from cache -->\n<h2>Galeries<\/h2>\n\n<table id=\"tablepress-4\" class=\"tablepress tablepress-id-4\">\n<thead>\n<tr class=\"row-1\">\n\t<th class=\"column-1\">Nom de la galerie<\/th><th class=\"column-2\">Lieu<\/th>\n<\/tr>\n<\/thead>\n<tbody class=\"row-striping\">\n<tr class=\"row-2\">\n\t<td class=\"column-1\">Horizon<\/td><td class=\"column-2\">Sorel<\/td>\n<\/tr>\n<tr class=\"row-3\">\n\t<td class=\"column-1\">Art(O)<\/td><td class=\"column-2\">Saint-Jean-sur-Richelieu<\/td>\n<\/tr>\n<tr class=\"row-4\">\n\t<td class=\"column-1\">Gueul'Art<\/td><td class=\"column-2\">Montr\u00e9al<\/td>\n<\/tr>\n<tr class=\"row-5\">\n\t<td class=\"column-1\">Maison Dupont<\/td><td class=\"column-2\">Mont-Saint-Hilaire<\/td>\n<\/tr>\n<tr class=\"row-6\">\n\t<td class=\"column-1\">Galerie Dosha<br \/>\r\n<\/td><td class=\"column-2\">Beloeil<\/td>\n<\/tr>\n<\/tbody>\n<\/table>\n<!-- #tablepress-4 from cache -->\n<h2>Reconnaissances<\/h2>\n\n<table id=\"tablepress-5\" class=\"tablepress tablepress-id-5\">\n<thead>\n<tr class=\"row-1\">\n\t<th class=\"column-1\">2016<\/th><th class=\"column-2\">Mention honorifique<br \/>\nExpo-concours<br \/>\nSaint-Bruno-de-Montarville<\/th><th class=\"column-3\">Saint-Bruno-de-Montarville<\/th>\n<\/tr>\n<\/thead>\n<tbody class=\"row-striping\">\n<tr class=\"row-2\">\n\t<td class=\"column-1\">2012<\/td><td class=\"column-2\">3i\u00e8me prix du Jury<br \/>\nExpo-concours AAPARS<br \/>\nSaint-Bruno-de-Montarville<\/td><td class=\"column-3\">Saint-Bruno-de-Montarville<\/td>\n<\/tr>\n<tr class=\"row-3\">\n\t<td class=\"column-1\">2008<\/td><td class=\"column-2\">1er prix du Jury, <br \/>\nExpo-concours AAPARS<br \/>\nSaint-Bruno-de-Montarville<br \/>\n<\/td><td class=\"column-3\">Saint-Bruno-de-Montarville<\/td>\n<\/tr>\n<tr class=\"row-4\">\n\t<td class=\"column-1\">2008<\/td><td class=\"column-2\">1er prix du Jury,<br \/>\nExpo-concours La Prairie<\/td><td class=\"column-3\">La Prairie<\/td>\n<\/tr>\n<tr class=\"row-5\">\n\t<td class=\"column-1\">2008<\/td><td class=\"column-2\">2i\u00e8me prix du Jury,<br \/>\nFestival de peinture de Mascouche<\/td><td class=\"column-3\">Mascouche<\/td>\n<\/tr>\n<tr class=\"row-6\">\n\t<td class=\"column-1\">2007<\/td><td class=\"column-2\">Mention honorifique,<br \/>\nExpo-concours AAPARS<br \/>\nSaint-Bruno-de Montarville<\/td><td class=\"column-3\">Saint-Bruno-de-Montarville<\/td>\n<\/tr>\n<tr class=\"row-7\">\n\t<td class=\"column-1\">2006<\/td><td class=\"column-2\">\"Coup de coeur\" du Jury,<br \/>\nFestival de peinture de Mascouche<\/td><td class=\"column-3\">Mascouche<\/td>\n<\/tr>\n<tr class=\"row-8\">\n\t<td class=\"column-1\">2005<\/td><td class=\"column-2\">1er prix du jury,<br \/>\nFestival de peinture de Mascouche<\/td><td class=\"column-3\">Mascouche<\/td>\n<\/tr>\n<\/tbody>\n<\/table>\n<!-- #tablepress-5 from cache -->\n<h2>Collections<\/h2>\n\n<table id=\"tablepress-6\" class=\"tablepress tablepress-id-6\">\n<thead>\n<tr class=\"row-1\">\n\t<th class=\"column-1\">Cat\u00e9gorie<\/th><th class=\"column-2\">Nom du lieu<\/th><th class=\"column-3\">Ville<\/th>\n<\/tr>\n<\/thead>\n<tbody class=\"row-striping\">\n<tr class=\"row-2\">\n\t<td class=\"column-1\">Collection publique<\/td><td class=\"column-2\">Ville de La Prairie<\/td><td class=\"column-3\">La Prairie<\/td>\n<\/tr>\n<tr class=\"row-3\">\n\t<td class=\"column-1\">Collection publique<\/td><td class=\"column-2\">Ville de Varennes<\/td><td class=\"column-3\">Varennes<\/td>\n<\/tr>\n<tr class=\"row-4\">\n\t<td class=\"column-1\">Collection publique<\/td><td class=\"column-2\">CSSS Sud-Ouest-Verdun<\/td><td class=\"column-3\">Montr\u00e9al<\/td>\n<\/tr>\n<tr class=\"row-5\">\n\t<td class=\"column-1\">Collection corporative<\/td><td class=\"column-2\">Groupe Pentagone<\/td><td class=\"column-3\">Chambly<\/td>\n<\/tr>\n<tr class=\"row-6\">\n\t<td class=\"column-1\">Collection publique<\/td><td class=\"column-2\">Ville de Saint-Jean-sur-Richelieu<\/td><td class=\"column-3\">Saint-Jean-sur-Richelieu<\/td>\n<\/tr>\n<\/tbody>\n<\/table>\n<!-- #tablepress-6 from cache -->\n","protected":false},"excerpt":{"rendered":"<p>D\u00e9marche La peinture est une exp\u00e9rience cr\u00e9ative, un dialogue que j\u2019entretiens d\u00e8s le premier geste pos\u00e9 sur le tableau.&nbsp; La dynamique provoqu\u00e9e entre les lignes, les formes et les textures guident mes compositions.&nbsp; L\u2019acrylique et la technique mixte me permettent l\u2019exploration qui se veut \u00e9volutive afin de refl\u00e9ter mes impressions soit de lieux, soit de &#8230; <\/p>\n<p class=\"read-more-container\"><a title=\"Ellen Beauchamp\" class=\"read-more button\" href=\"https:\/\/aapars.com\/ellen-beauchamp\/#more-6\" aria-label=\"En savoir plus sur Ellen Beauchamp\">Lire plus<\/a><\/p>\n","protected":false},"author":291,"featured_media":0,"parent":0,"menu_order":0,"comment_status":"closed","ping_status":"closed","template":"","meta":{"_s2mail":"yes","ngg_post_thumbnail":0,"iawp_total_views":606,"footnotes":""},"class_list":["post-6","page","type-page","status-publish"],"yoast_head":"<!-- This site is optimized with the Yoast SEO plugin v27.5 - https:\/\/yoast.com\/product\/yoast-seo-wordpress\/ -->\n<title>Ellen Beauchamp - Ellen Beauchamp - Un site de la galerie virtuelle de l\u2019AAPARS<\/title>\n<meta name=\"description\" content=\"D\u00e9marche La peinture est une exp\u00e9rience cr\u00e9ative, un dialogue que j\u2019entretiens d\u00e8s le premier geste pos\u00e9 sur le tableau.&nbsp; La dynamique provoqu\u00e9e\" \/>\n<meta name=\"robots\" content=\"index, follow, max-snippet:-1, max-image-preview:large, max-video-preview:-1\" \/>\n<link rel=\"canonical\" href=\"https:\/\/aapars.com\/ellen-beauchamp\/\" \/>\n<meta property=\"og:locale\" content=\"fr_FR\" \/>\n<meta property=\"og:type\" content=\"article\" \/>\n<meta property=\"og:title\" content=\"Ellen Beauchamp - Ellen Beauchamp - Un site de la galerie virtuelle de l\u2019AAPARS\" \/>\n<meta property=\"og:description\" content=\"D\u00e9marche La peinture est une exp\u00e9rience cr\u00e9ative, un dialogue que j\u2019entretiens d\u00e8s le premier geste pos\u00e9 sur le tableau.&nbsp; La dynamique provoqu\u00e9e\" \/>\n<meta property=\"og:url\" content=\"https:\/\/aapars.com\/ellen-beauchamp\/\" \/>\n<meta property=\"og:site_name\" content=\"Ellen Beauchamp\" \/>\n<meta property=\"article:modified_time\" content=\"2026-04-22T14:07:13+00:00\" \/>\n<meta property=\"og:image\" content=\"https:\/\/aapars.com\/ellen-beauchamp\/files\/2012\/03\/Ellen2.jpg\" \/>\n\t<meta property=\"og:image:width\" content=\"150\" \/>\n\t<meta property=\"og:image:height\" content=\"205\" \/>\n\t<meta property=\"og:image:type\" content=\"image\/jpeg\" \/>\n<meta name=\"twitter:label1\" content=\"Dur\u00e9e de lecture estim\u00e9e\" \/>\n\t<meta name=\"twitter:data1\" content=\"1 minute\" \/>\n<script type=\"application\/ld+json\" class=\"yoast-schema-graph\">{\"@context\":\"https:\\\/\\\/schema.org\",\"@graph\":[{\"@type\":\"WebPage\",\"@id\":\"https:\\\/\\\/aapars.com\\\/ellen-beauchamp\\\/\",\"url\":\"https:\\\/\\\/aapars.com\\\/ellen-beauchamp\\\/\",\"name\":\"Ellen Beauchamp - Ellen Beauchamp - Un site de la galerie virtuelle de l\u2019AAPARS\",\"isPartOf\":{\"@id\":\"https:\\\/\\\/aapars.com\\\/ellen-beauchamp\\\/#website\"},\"primaryImageOfPage\":{\"@id\":\"https:\\\/\\\/aapars.com\\\/ellen-beauchamp\\\/#primaryimage\"},\"image\":{\"@id\":\"https:\\\/\\\/aapars.com\\\/ellen-beauchamp\\\/#primaryimage\"},\"thumbnailUrl\":\"https:\\\/\\\/aapars.com\\\/ellen-beauchamp\\\/files\\\/2012\\\/03\\\/Ellen2.jpg\",\"datePublished\":\"2010-10-03T05:11:36+00:00\",\"dateModified\":\"2026-04-22T14:07:13+00:00\",\"description\":\"D\u00e9marche La peinture est une exp\u00e9rience cr\u00e9ative, un dialogue que j\u2019entretiens d\u00e8s le premier geste pos\u00e9 sur le tableau.&nbsp; La dynamique provoqu\u00e9e\",\"breadcrumb\":{\"@id\":\"https:\\\/\\\/aapars.com\\\/ellen-beauchamp\\\/#breadcrumb\"},\"inLanguage\":\"fr-FR\",\"potentialAction\":[{\"@type\":\"ReadAction\",\"target\":[\"https:\\\/\\\/aapars.com\\\/ellen-beauchamp\\\/\"]}]},{\"@type\":\"ImageObject\",\"inLanguage\":\"fr-FR\",\"@id\":\"https:\\\/\\\/aapars.com\\\/ellen-beauchamp\\\/#primaryimage\",\"url\":\"https:\\\/\\\/aapars.com\\\/ellen-beauchamp\\\/files\\\/2012\\\/03\\\/Ellen2.jpg\",\"contentUrl\":\"https:\\\/\\\/aapars.com\\\/ellen-beauchamp\\\/files\\\/2012\\\/03\\\/Ellen2.jpg\",\"width\":150,\"height\":205},{\"@type\":\"BreadcrumbList\",\"@id\":\"https:\\\/\\\/aapars.com\\\/ellen-beauchamp\\\/#breadcrumb\",\"itemListElement\":[{\"@type\":\"ListItem\",\"position\":1,\"name\":\"Accueil\",\"item\":\"https:\\\/\\\/aapars.com\\\/ellen-beauchamp\\\/\"},{\"@type\":\"ListItem\",\"position\":2,\"name\":\"Ellen Beauchamp\"}]},{\"@type\":\"WebSite\",\"@id\":\"https:\\\/\\\/aapars.com\\\/ellen-beauchamp\\\/#website\",\"url\":\"https:\\\/\\\/aapars.com\\\/ellen-beauchamp\\\/\",\"name\":\"Ellen Beauchamp\",\"description\":\"Un site de la galerie virtuelle de l\u2019AAPARS\",\"publisher\":{\"@id\":\"https:\\\/\\\/aapars.com\\\/ellen-beauchamp\\\/#organization\"},\"potentialAction\":[{\"@type\":\"SearchAction\",\"target\":{\"@type\":\"EntryPoint\",\"urlTemplate\":\"https:\\\/\\\/aapars.com\\\/ellen-beauchamp\\\/?s={search_term_string}\"},\"query-input\":{\"@type\":\"PropertyValueSpecification\",\"valueRequired\":true,\"valueName\":\"search_term_string\"}}],\"inLanguage\":\"fr-FR\"},{\"@type\":\"Organization\",\"@id\":\"https:\\\/\\\/aapars.com\\\/ellen-beauchamp\\\/#organization\",\"name\":\"Ellen Beauchamp\",\"url\":\"https:\\\/\\\/aapars.com\\\/ellen-beauchamp\\\/\",\"logo\":{\"@type\":\"ImageObject\",\"inLanguage\":\"fr-FR\",\"@id\":\"https:\\\/\\\/aapars.com\\\/ellen-beauchamp\\\/#\\\/schema\\\/logo\\\/image\\\/\",\"url\":\"https:\\\/\\\/aapars.com\\\/ellen-beauchamp\\\/files\\\/2021\\\/05\\\/logo-aapars-@2x.png\",\"contentUrl\":\"https:\\\/\\\/aapars.com\\\/ellen-beauchamp\\\/files\\\/2021\\\/05\\\/logo-aapars-@2x.png\",\"width\":560,\"height\":306,\"caption\":\"Ellen Beauchamp\"},\"image\":{\"@id\":\"https:\\\/\\\/aapars.com\\\/ellen-beauchamp\\\/#\\\/schema\\\/logo\\\/image\\\/\"}}]}<\/script>\n<!-- \/ Yoast SEO plugin. -->","yoast_head_json":{"title":"Ellen Beauchamp - Ellen Beauchamp - Un site de la galerie virtuelle de l\u2019AAPARS","description":"D\u00e9marche La peinture est une exp\u00e9rience cr\u00e9ative, un dialogue que j\u2019entretiens d\u00e8s le premier geste pos\u00e9 sur le tableau.&nbsp; La dynamique provoqu\u00e9e","robots":{"index":"index","follow":"follow","max-snippet":"max-snippet:-1","max-image-preview":"max-image-preview:large","max-video-preview":"max-video-preview:-1"},"canonical":"https:\/\/aapars.com\/ellen-beauchamp\/","og_locale":"fr_FR","og_type":"article","og_title":"Ellen Beauchamp - Ellen Beauchamp - Un site de la galerie virtuelle de l\u2019AAPARS","og_description":"D\u00e9marche La peinture est une exp\u00e9rience cr\u00e9ative, un dialogue que j\u2019entretiens d\u00e8s le premier geste pos\u00e9 sur le tableau.&nbsp; La dynamique provoqu\u00e9e","og_url":"https:\/\/aapars.com\/ellen-beauchamp\/","og_site_name":"Ellen Beauchamp","article_modified_time":"2026-04-22T14:07:13+00:00","og_image":[{"width":150,"height":205,"url":"https:\/\/aapars.com\/ellen-beauchamp\/files\/2012\/03\/Ellen2.jpg","type":"image\/jpeg"}],"twitter_misc":{"Dur\u00e9e de lecture estim\u00e9e":"1 minute"},"schema":{"@context":"https:\/\/schema.org","@graph":[{"@type":"WebPage","@id":"https:\/\/aapars.com\/ellen-beauchamp\/","url":"https:\/\/aapars.com\/ellen-beauchamp\/","name":"Ellen Beauchamp - Ellen Beauchamp - Un site de la galerie virtuelle de l\u2019AAPARS","isPartOf":{"@id":"https:\/\/aapars.com\/ellen-beauchamp\/#website"},"primaryImageOfPage":{"@id":"https:\/\/aapars.com\/ellen-beauchamp\/#primaryimage"},"image":{"@id":"https:\/\/aapars.com\/ellen-beauchamp\/#primaryimage"},"thumbnailUrl":"https:\/\/aapars.com\/ellen-beauchamp\/files\/2012\/03\/Ellen2.jpg","datePublished":"2010-10-03T05:11:36+00:00","dateModified":"2026-04-22T14:07:13+00:00","description":"D\u00e9marche La peinture est une exp\u00e9rience cr\u00e9ative, un dialogue que j\u2019entretiens d\u00e8s le premier geste pos\u00e9 sur le tableau.&nbsp; La dynamique provoqu\u00e9e","breadcrumb":{"@id":"https:\/\/aapars.com\/ellen-beauchamp\/#breadcrumb"},"inLanguage":"fr-FR","potentialAction":[{"@type":"ReadAction","target":["https:\/\/aapars.com\/ellen-beauchamp\/"]}]},{"@type":"ImageObject","inLanguage":"fr-FR","@id":"https:\/\/aapars.com\/ellen-beauchamp\/#primaryimage","url":"https:\/\/aapars.com\/ellen-beauchamp\/files\/2012\/03\/Ellen2.jpg","contentUrl":"https:\/\/aapars.com\/ellen-beauchamp\/files\/2012\/03\/Ellen2.jpg","width":150,"height":205},{"@type":"BreadcrumbList","@id":"https:\/\/aapars.com\/ellen-beauchamp\/#breadcrumb","itemListElement":[{"@type":"ListItem","position":1,"name":"Accueil","item":"https:\/\/aapars.com\/ellen-beauchamp\/"},{"@type":"ListItem","position":2,"name":"Ellen Beauchamp"}]},{"@type":"WebSite","@id":"https:\/\/aapars.com\/ellen-beauchamp\/#website","url":"https:\/\/aapars.com\/ellen-beauchamp\/","name":"Ellen Beauchamp","description":"Un site de la galerie virtuelle de l\u2019AAPARS","publisher":{"@id":"https:\/\/aapars.com\/ellen-beauchamp\/#organization"},"potentialAction":[{"@type":"SearchAction","target":{"@type":"EntryPoint","urlTemplate":"https:\/\/aapars.com\/ellen-beauchamp\/?s={search_term_string}"},"query-input":{"@type":"PropertyValueSpecification","valueRequired":true,"valueName":"search_term_string"}}],"inLanguage":"fr-FR"},{"@type":"Organization","@id":"https:\/\/aapars.com\/ellen-beauchamp\/#organization","name":"Ellen Beauchamp","url":"https:\/\/aapars.com\/ellen-beauchamp\/","logo":{"@type":"ImageObject","inLanguage":"fr-FR","@id":"https:\/\/aapars.com\/ellen-beauchamp\/#\/schema\/logo\/image\/","url":"https:\/\/aapars.com\/ellen-beauchamp\/files\/2021\/05\/logo-aapars-@2x.png","contentUrl":"https:\/\/aapars.com\/ellen-beauchamp\/files\/2021\/05\/logo-aapars-@2x.png","width":560,"height":306,"caption":"Ellen Beauchamp"},"image":{"@id":"https:\/\/aapars.com\/ellen-beauchamp\/#\/schema\/logo\/image\/"}}]}},"_links":{"self":[{"href":"https:\/\/aapars.com\/ellen-beauchamp\/wp-json\/wp\/v2\/pages\/6","targetHints":{"allow":["GET"]}}],"collection":[{"href":"https:\/\/aapars.com\/ellen-beauchamp\/wp-json\/wp\/v2\/pages"}],"about":[{"href":"https:\/\/aapars.com\/ellen-beauchamp\/wp-json\/wp\/v2\/types\/page"}],"author":[{"embeddable":true,"href":"https:\/\/aapars.com\/ellen-beauchamp\/wp-json\/wp\/v2\/users\/291"}],"replies":[{"embeddable":true,"href":"https:\/\/aapars.com\/ellen-beauchamp\/wp-json\/wp\/v2\/comments?post=6"}],"version-history":[{"count":10,"href":"https:\/\/aapars.com\/ellen-beauchamp\/wp-json\/wp\/v2\/pages\/6\/revisions"}],"predecessor-version":[{"id":1006,"href":"https:\/\/aapars.com\/ellen-beauchamp\/wp-json\/wp\/v2\/pages\/6\/revisions\/1006"}],"wp:attachment":[{"href":"https:\/\/aapars.com\/ellen-beauchamp\/wp-json\/wp\/v2\/media?parent=6"}],"curies":[{"name":"wp","href":"https:\/\/api.w.org\/{rel}","templated":true}]}}