{"id":2,"date":"2010-10-03T05:11:36","date_gmt":"2010-10-03T05:11:36","guid":{"rendered":"https:\/\/aapars.com\/jacques-landry\/?page_id=2"},"modified":"2025-06-15T12:24:18","modified_gmt":"2025-06-15T16:24:18","slug":"accueil","status":"publish","type":"page","link":"https:\/\/aapars.com\/diane-paquin\/","title":{"rendered":"Diane Paquin"},"content":{"rendered":"<p><img loading=\"lazy\" decoding=\"async\" class=\"alignnone wp-image-506 size-full\" src=\"https:\/\/aapars.com\/diane-paquin\/files\/2022\/12\/292033651_1845698709154739_8990798920363768542_n.jpg\" alt=\"\" width=\"206\" height=\"206\" srcset=\"https:\/\/aapars.com\/diane-paquin\/files\/2022\/12\/292033651_1845698709154739_8990798920363768542_n.jpg 206w, https:\/\/aapars.com\/diane-paquin\/files\/2022\/12\/292033651_1845698709154739_8990798920363768542_n-200x200.jpg 200w\" sizes=\"auto, (max-width: 206px) 100vw, 206px\" \/><\/p>\n\n<table id=\"tablepress-1\" class=\"tablepress tablepress-id-1\">\n<tbody class=\"row-striping\">\n<tr class=\"row-1\">\n\t<td class=\"column-1\">Technique :<\/td><td class=\"column-2\">Huile, pastel sec, acrylique et aquarelle<\/td>\n<\/tr>\n<tr class=\"row-2\">\n\t<td class=\"column-1\">Affiliations professionelles :<\/td><td class=\"column-2\">AAPARS, CAPSH<\/td>\n<\/tr>\n<tr class=\"row-3\">\n\t<td class=\"column-1\">T\u00e9l\u00e9phone :<\/td><td class=\"column-2\">450-445-0460<\/td>\n<\/tr>\n<tr class=\"row-4\">\n\t<td class=\"column-1\">Courriel :<\/td><td class=\"column-2\"><a href=\"mailto:ladydye.paquin@hotmail.com\">ladydye.paquin@hotmail.com<\/a><\/td>\n<\/tr>\n<\/tbody>\n<\/table>\n<!-- #tablepress-1 from cache -->\n<h2>D\u00e9marche artistique<\/h2>\n<p>Ma passion a d\u00e9but\u00e9 en 1984.&nbsp; Apr\u00e8s avoir fait un premier croquis au fusain, j&#8217;ai tout de suite eu le go\u00fbt de peindre.<\/p>\n<p>Je suis toujours aussi passionn\u00e9e par la peinture et suis inspir\u00e9e par la nature, les changements de saison et plus particuli\u00e8rement par les coucher de soleil, j\u2019interpr\u00e8te les photos que j\u2019ai prises tout en effectuant des changements de couleur, de perspective et en y ajoutant de la lumi\u00e8re afin que mes tableaux soient lumineux.<\/p>\n<p>J&#8217;ai eu des ateliers libres et supervis\u00e9s afin de continuer l&#8217;apprentissage de diff\u00e9rentes techniques pour l&#8217;huile, l&#8217;acrylique,&nbsp; l&#8217;aquarelle et le pastel.&nbsp;&nbsp;<\/p>\n<p>&nbsp;<\/p>\n<h2>Formation<\/h2>\n\n<table id=\"tablepress-2\" class=\"tablepress tablepress-id-2\">\n<thead>\n<tr class=\"row-1\">\n\t<th class=\"column-1\">Ann\u00e9e<\/th><th class=\"column-2\">Institution\/Professeur<\/th><th class=\"column-3\">Programme<\/th>\n<\/tr>\n<\/thead>\n<tbody class=\"row-striping\">\n<tr class=\"row-2\">\n\t<td class=\"column-1\">2025<\/td><td class=\"column-2\">Rachel Cloutier<\/td><td class=\"column-3\">Atelier supervis\u00e9<\/td>\n<\/tr>\n<tr class=\"row-3\">\n\t<td class=\"column-1\"><\/td><td class=\"column-2\"><\/td><td class=\"column-3\"><\/td>\n<\/tr>\n<tr class=\"row-4\">\n\t<td class=\"column-1\">2024<\/td><td class=\"column-2\">Carole Huard<\/td><td class=\"column-3\">Atelier libre<\/td>\n<\/tr>\n<tr class=\"row-5\">\n\t<td class=\"column-1\">2023-2024<\/td><td class=\"column-2\">Jos\u00e9e Chevrier <br \/>\nRachel Cloutier<\/td><td class=\"column-3\">Atelier supervis\u00e9<br \/>\nAtelier supervis\u00e9<\/td>\n<\/tr>\n<tr class=\"row-6\">\n\t<td class=\"column-1\">2021-2023<\/td><td class=\"column-2\">Carole Huard<br \/>\nJos\u00e9e Chevrier<\/td><td class=\"column-3\">Atelier libre<br \/>\nAtelier  supervis\u00e9<\/td>\n<\/tr>\n<tr class=\"row-7\">\n\t<td class=\"column-1\">2020<\/td><td class=\"column-2\">Carole Huard<\/td><td class=\"column-3\">Atelier libre<\/td>\n<\/tr>\n<tr class=\"row-8\">\n\t<td class=\"column-1\">2019<\/td><td class=\"column-2\">Jos\u00e9e Chevrier<\/td><td class=\"column-3\">Atelier libre<\/td>\n<\/tr>\n<tr class=\"row-9\">\n\t<td class=\"column-1\">2019<\/td><td class=\"column-2\">Linda Boyte<br \/>\nartiste-peintre<\/td><td class=\"column-3\">Atelier libre<\/td>\n<\/tr>\n<tr class=\"row-10\">\n\t<td class=\"column-1\">2018-2019<\/td><td class=\"column-2\">AAPARS<\/td><td class=\"column-3\">Atelier mod\u00e8le vivant<\/td>\n<\/tr>\n<tr class=\"row-11\">\n\t<td class=\"column-1\">2000<\/td><td class=\"column-2\">Francine Laurin<br \/>\nArtiste-peintre<\/td><td class=\"column-3\">Atelier libre<\/td>\n<\/tr>\n<tr class=\"row-12\">\n\t<td class=\"column-1\">1998-1999<\/td><td class=\"column-2\">Henriette Giroux<br \/>\nArtiste-peintre<\/td><td class=\"column-3\">Atelier libre  et cours sur la perspective- personnage<\/td>\n<\/tr>\n<tr class=\"row-13\">\n\t<td class=\"column-1\">1986-1988<\/td><td class=\"column-2\">Michel Serra<br \/>\nartiste-peintre<\/td><td class=\"column-3\">Atelier libre<\/td>\n<\/tr>\n<\/tbody>\n<\/table>\n<!-- #tablepress-2 from cache -->\n<h2>Expositions<\/h2>\n\n<table id=\"tablepress-3\" class=\"tablepress tablepress-id-3\">\n<thead>\n<tr class=\"row-1\">\n\t<th class=\"column-1\">Ann\u00e9e<br \/>\n<\/th><th class=\"column-2\">Nom<br \/>\n<br \/>\n<\/th><th class=\"column-3\">Endroit<br \/>\n<br \/>\n<\/th>\n<\/tr>\n<\/thead>\n<tbody class=\"row-striping\">\n<tr class=\"row-2\">\n\t<td class=\"column-1\">28 au 30 novembre 2025<\/td><td class=\"column-2\">Biblioth\u00e8que Raymond L\u00e9vesque<\/td><td class=\"column-3\">7025 bl Cousineau Saint-Hubert<\/td>\n<\/tr>\n<tr class=\"row-3\">\n\t<td class=\"column-1\">1 et 2 novembre 2025<\/td><td class=\"column-2\">Les Fontaines <\/td><td class=\"column-3\"><\/td>\n<\/tr>\n<tr class=\"row-4\">\n\t<td class=\"column-1\">12 octobre 2025<\/td><td class=\"column-2\">Au Blum Brossard<\/td><td class=\"column-3\">3000 ave colomb brossard<\/td>\n<\/tr>\n<tr class=\"row-5\">\n\t<td class=\"column-1\">26 au 28 septembre 2025<\/td><td class=\"column-2\">Couleurs d'automne<\/td><td class=\"column-3\">Parc Michel Chartrand<\/td>\n<\/tr>\n<tr class=\"row-6\">\n\t<td class=\"column-1\">29 novembre au 1 d\u00e9cembre 2024<\/td><td class=\"column-2\">L'Art en cadeau<\/td><td class=\"column-3\">Pavillon Parc de la Cit\u00e9<\/td>\n<\/tr>\n<tr class=\"row-7\">\n\t<td class=\"column-1\"><\/td><td class=\"column-2\">Couleurs d'automne<\/td><td class=\"column-3\">Parc Michel Chartrand<\/td>\n<\/tr>\n<tr class=\"row-8\">\n\t<td class=\"column-1\">20 au 26 mai 2024<\/td><td class=\"column-2\">Carrefour Place Longueuil<br \/>\nHeures ouverture des magasins<\/td><td class=\"column-3\">825 rue Saint-Laurent<br \/>\nouest Longueuil porte 6 (cour centrale)<\/td>\n<\/tr>\n<tr class=\"row-9\">\n\t<td class=\"column-1\"><br \/>\n29 septembre au 1 octobre 2023<br \/>\n<br \/>\n<\/td><td class=\"column-2\">Couleurs d'automne<\/td><td class=\"column-3\">Pavillon du Parc Michel Chartrand<\/td>\n<\/tr>\n<tr class=\"row-10\">\n\t<td class=\"column-1\">21 au 26 mai 2023<\/td><td class=\"column-2\">Carrefour Place Longueuil<br \/>\nHeures ouverture des magasins<\/td><td class=\"column-3\">825 rue Saint-Laurent Ouest Longueuil (cour centrale)<\/td>\n<\/tr>\n<tr class=\"row-11\">\n\t<td class=\"column-1\">20 et 21 novembre<br \/>\n2022<br \/>\n<br \/>\n29 septembre au 2 octobre 2022<\/td><td class=\"column-2\">R\u00e9sidence Le Manoir<br \/>\n<br \/>\n<br \/>\n<br \/>\nCouleurs d'automne<\/td><td class=\"column-3\">R\u00e9sidence le Manoir<br \/>\nSaint-Bruno de Montarville <br \/>\n<br \/>\nParc Michel Chartrand<\/td>\n<\/tr>\n<tr class=\"row-12\">\n\t<td class=\"column-1\">17 et 18 septembre 2022<\/td><td class=\"column-2\">Plus grand que nature<\/td><td class=\"column-3\">Parc du Lac du Village<br \/>\nSaint-Bruno de Montarville<\/td>\n<\/tr>\n<tr class=\"row-13\">\n\t<td class=\"column-1\">2021<\/td><td class=\"column-2\"><\/td><td class=\"column-3\">Centre Culturel Jacques Ferron<\/td>\n<\/tr>\n<tr class=\"row-14\">\n\t<td class=\"column-1\">2021<\/td><td class=\"column-2\">Les couleurs du temps<\/td><td class=\"column-3\">Pavillon Michel Chartrand<\/td>\n<\/tr>\n<tr class=\"row-15\">\n\t<td class=\"column-1\">2019<\/td><td class=\"column-2\">Parfum de printemps<\/td><td class=\"column-3\">Pavillon Parc Michel Chartrand<\/td>\n<\/tr>\n<tr class=\"row-16\">\n\t<td class=\"column-1\">2018<\/td><td class=\"column-2\">Couleurs d'automne<\/td><td class=\"column-3\">Pavillon Parc de la Cit\u00e9<\/td>\n<\/tr>\n<tr class=\"row-17\">\n\t<td class=\"column-1\">10 et 11 ao\u00fbt 2019<br \/>\nde 10h a 17h<\/td><td class=\"column-2\">L'art en f\u00eate<br \/>\n14e \u00e9dition<\/td><td class=\"column-3\">5310 chemin de chambly<br \/>\nSaint Hubert<\/td>\n<\/tr>\n<tr class=\"row-18\">\n\t<td class=\"column-1\">1999<\/td><td class=\"column-2\">Plaisir des yeux<\/td><td class=\"column-3\">Terrasse de l'atelier d'art de Henriette Giroux Ste-Doroth\u00e9e<\/td>\n<\/tr>\n<tr class=\"row-19\">\n\t<td class=\"column-1\">1992-1998<\/td><td class=\"column-2\">6 symposiums de peinture <\/td><td class=\"column-3\">Parc des Chutes de Ste-Ursule<\/td>\n<\/tr>\n<tr class=\"row-20\">\n\t<td class=\"column-1\">1991<\/td><td class=\"column-2\">Festival de la Galette Sarrasin<\/td><td class=\"column-3\">En haut de la mercerie Andr\u00e9 Picotte Louiseville<\/td>\n<\/tr>\n<tr class=\"row-21\">\n\t<td class=\"column-1\">1990<\/td><td class=\"column-2\">Salle communautaire Ignace lessard<\/td><td class=\"column-3\">Ste-Ursule<\/td>\n<\/tr>\n<tr class=\"row-22\">\n\t<td class=\"column-1\">1989<\/td><td class=\"column-2\">Club social des employ\u00e9s des Coop\u00e9rants<\/td><td class=\"column-3\">Montr\u00e9al<\/td>\n<\/tr>\n<tr class=\"row-23\">\n\t<td class=\"column-1\"><\/td><td class=\"column-2\"><\/td><td class=\"column-3\"><\/td>\n<\/tr>\n<tr class=\"row-24\">\n\t<td class=\"column-1\"><\/td><td class=\"column-2\"><\/td><td class=\"column-3\"><\/td>\n<\/tr>\n<tr class=\"row-25\">\n\t<td class=\"column-1\"><\/td><td class=\"column-2\"><\/td><td class=\"column-3\"><\/td>\n<\/tr>\n<tr class=\"row-26\">\n\t<td class=\"column-1\"><\/td><td class=\"column-2\"><\/td><td class=\"column-3\"><\/td>\n<\/tr>\n<\/tbody>\n<\/table>\n<!-- #tablepress-3 from cache -->\n<h2>Reconnaissances<\/h2>\n\n<table id=\"tablepress-5\" class=\"tablepress tablepress-id-5\">\n<thead>\n<tr class=\"row-1\">\n\t<th class=\"column-1\">Ann\u00e9e<\/th><th class=\"column-2\">Nom<\/th><th class=\"column-3\">Endroit de remise<\/th>\n<\/tr>\n<\/thead>\n<tbody class=\"row-striping\">\n<tr class=\"row-2\">\n\t<td class=\"column-1\">1998<\/td><td class=\"column-2\">Mention pour participation des 6 symposiums de peinture et parution dans journal \u00c9cho de Louiseville<\/td><td class=\"column-3\">Parc des chutes de Ste-Ursule<\/td>\n<\/tr>\n<\/tbody>\n<\/table>\n<!-- #tablepress-5 from cache -->\n","protected":false},"excerpt":{"rendered":"<p>D\u00e9marche artistique Ma passion a d\u00e9but\u00e9 en 1984.&nbsp; Apr\u00e8s avoir fait un premier croquis au fusain, j&#8217;ai tout de suite eu le go\u00fbt de peindre. Je suis toujours aussi passionn\u00e9e par la peinture et suis inspir\u00e9e par la nature, les changements de saison et plus particuli\u00e8rement par les coucher de soleil, j\u2019interpr\u00e8te les photos que &#8230; <\/p>\n<p class=\"read-more-container\"><a title=\"Diane Paquin\" class=\"read-more button\" href=\"https:\/\/aapars.com\/diane-paquin\/#more-2\" aria-label=\"En savoir plus sur Diane Paquin\">Lire plus<\/a><\/p>\n","protected":false},"author":3259,"featured_media":0,"parent":0,"menu_order":0,"comment_status":"closed","ping_status":"closed","template":"","meta":{"_s2mail":"yes","ngg_post_thumbnail":0,"iawp_total_views":224,"footnotes":""},"class_list":["post-2","page","type-page","status-publish"],"yoast_head":"<!-- This site is optimized with the Yoast SEO plugin v27.5 - https:\/\/yoast.com\/product\/yoast-seo-wordpress\/ -->\n<title>Diane Paquin - Diane Paquin - Un site de la galerie virtuelle de l&#039;AAPARS<\/title>\n<meta name=\"description\" content=\"D\u00e9marche artistique Ma passion a d\u00e9but\u00e9 en 1984.&nbsp; Apr\u00e8s avoir fait un premier croquis au fusain, j&#039;ai tout de suite eu le go\u00fbt de peindre. Je suis\" \/>\n<meta name=\"robots\" content=\"index, follow, max-snippet:-1, max-image-preview:large, max-video-preview:-1\" \/>\n<link rel=\"canonical\" href=\"https:\/\/aapars.com\/diane-paquin\/\" \/>\n<meta property=\"og:locale\" content=\"fr_FR\" \/>\n<meta property=\"og:type\" content=\"article\" \/>\n<meta property=\"og:title\" content=\"Diane Paquin - Diane Paquin - Un site de la galerie virtuelle de l&#039;AAPARS\" \/>\n<meta property=\"og:description\" content=\"D\u00e9marche artistique Ma passion a d\u00e9but\u00e9 en 1984.&nbsp; Apr\u00e8s avoir fait un premier croquis au fusain, j&#039;ai tout de suite eu le go\u00fbt de peindre. Je suis\" \/>\n<meta property=\"og:url\" content=\"https:\/\/aapars.com\/diane-paquin\/\" \/>\n<meta property=\"og:site_name\" content=\"Diane Paquin\" \/>\n<meta property=\"article:modified_time\" content=\"2025-06-15T16:24:18+00:00\" \/>\n<meta property=\"og:image\" content=\"https:\/\/aapars.com\/diane-paquin\/files\/2022\/12\/292033651_1845698709154739_8990798920363768542_n.jpg\" \/>\n\t<meta property=\"og:image:width\" content=\"206\" \/>\n\t<meta property=\"og:image:height\" content=\"206\" \/>\n\t<meta property=\"og:image:type\" content=\"image\/jpeg\" \/>\n<meta name=\"twitter:label1\" content=\"Dur\u00e9e de lecture estim\u00e9e\" \/>\n\t<meta name=\"twitter:data1\" content=\"1 minute\" \/>\n<script type=\"application\/ld+json\" class=\"yoast-schema-graph\">{\"@context\":\"https:\\\/\\\/schema.org\",\"@graph\":[{\"@type\":\"WebPage\",\"@id\":\"https:\\\/\\\/aapars.com\\\/diane-paquin\\\/\",\"url\":\"https:\\\/\\\/aapars.com\\\/diane-paquin\\\/\",\"name\":\"Diane Paquin - Diane Paquin - Un site de la galerie virtuelle de l&#039;AAPARS\",\"isPartOf\":{\"@id\":\"https:\\\/\\\/aapars.com\\\/diane-paquin\\\/#website\"},\"primaryImageOfPage\":{\"@id\":\"https:\\\/\\\/aapars.com\\\/diane-paquin\\\/#primaryimage\"},\"image\":{\"@id\":\"https:\\\/\\\/aapars.com\\\/diane-paquin\\\/#primaryimage\"},\"thumbnailUrl\":\"https:\\\/\\\/aapars.com\\\/diane-paquin\\\/files\\\/2022\\\/12\\\/292033651_1845698709154739_8990798920363768542_n.jpg\",\"datePublished\":\"2010-10-03T05:11:36+00:00\",\"dateModified\":\"2025-06-15T16:24:18+00:00\",\"description\":\"D\u00e9marche artistique Ma passion a d\u00e9but\u00e9 en 1984.&nbsp; Apr\u00e8s avoir fait un premier croquis au fusain, j'ai tout de suite eu le go\u00fbt de peindre. Je suis\",\"breadcrumb\":{\"@id\":\"https:\\\/\\\/aapars.com\\\/diane-paquin\\\/#breadcrumb\"},\"inLanguage\":\"fr-FR\",\"potentialAction\":[{\"@type\":\"ReadAction\",\"target\":[\"https:\\\/\\\/aapars.com\\\/diane-paquin\\\/\"]}]},{\"@type\":\"ImageObject\",\"inLanguage\":\"fr-FR\",\"@id\":\"https:\\\/\\\/aapars.com\\\/diane-paquin\\\/#primaryimage\",\"url\":\"https:\\\/\\\/aapars.com\\\/diane-paquin\\\/files\\\/2022\\\/12\\\/292033651_1845698709154739_8990798920363768542_n.jpg\",\"contentUrl\":\"https:\\\/\\\/aapars.com\\\/diane-paquin\\\/files\\\/2022\\\/12\\\/292033651_1845698709154739_8990798920363768542_n.jpg\",\"width\":206,\"height\":206},{\"@type\":\"BreadcrumbList\",\"@id\":\"https:\\\/\\\/aapars.com\\\/diane-paquin\\\/#breadcrumb\",\"itemListElement\":[{\"@type\":\"ListItem\",\"position\":1,\"name\":\"Accueil\",\"item\":\"https:\\\/\\\/aapars.com\\\/diane-paquin\\\/\"},{\"@type\":\"ListItem\",\"position\":2,\"name\":\"Diane Paquin\"}]},{\"@type\":\"WebSite\",\"@id\":\"https:\\\/\\\/aapars.com\\\/diane-paquin\\\/#website\",\"url\":\"https:\\\/\\\/aapars.com\\\/diane-paquin\\\/\",\"name\":\"Diane Paquin\",\"description\":\"Un site de la galerie virtuelle de l&#039;AAPARS\",\"publisher\":{\"@id\":\"https:\\\/\\\/aapars.com\\\/diane-paquin\\\/#organization\"},\"potentialAction\":[{\"@type\":\"SearchAction\",\"target\":{\"@type\":\"EntryPoint\",\"urlTemplate\":\"https:\\\/\\\/aapars.com\\\/diane-paquin\\\/?s={search_term_string}\"},\"query-input\":{\"@type\":\"PropertyValueSpecification\",\"valueRequired\":true,\"valueName\":\"search_term_string\"}}],\"inLanguage\":\"fr-FR\"},{\"@type\":\"Organization\",\"@id\":\"https:\\\/\\\/aapars.com\\\/diane-paquin\\\/#organization\",\"name\":\"Diane Paquin\",\"url\":\"https:\\\/\\\/aapars.com\\\/diane-paquin\\\/\",\"logo\":{\"@type\":\"ImageObject\",\"inLanguage\":\"fr-FR\",\"@id\":\"https:\\\/\\\/aapars.com\\\/diane-paquin\\\/#\\\/schema\\\/logo\\\/image\\\/\",\"url\":\"https:\\\/\\\/aapars.com\\\/diane-paquin\\\/files\\\/2012\\\/04\\\/logo-aapars-@2x.png\",\"contentUrl\":\"https:\\\/\\\/aapars.com\\\/diane-paquin\\\/files\\\/2012\\\/04\\\/logo-aapars-@2x.png\",\"width\":560,\"height\":306,\"caption\":\"Diane Paquin\"},\"image\":{\"@id\":\"https:\\\/\\\/aapars.com\\\/diane-paquin\\\/#\\\/schema\\\/logo\\\/image\\\/\"}}]}<\/script>\n<!-- \/ Yoast SEO plugin. -->","yoast_head_json":{"title":"Diane Paquin - Diane Paquin - Un site de la galerie virtuelle de l&#039;AAPARS","description":"D\u00e9marche artistique Ma passion a d\u00e9but\u00e9 en 1984.&nbsp; Apr\u00e8s avoir fait un premier croquis au fusain, j'ai tout de suite eu le go\u00fbt de peindre. Je suis","robots":{"index":"index","follow":"follow","max-snippet":"max-snippet:-1","max-image-preview":"max-image-preview:large","max-video-preview":"max-video-preview:-1"},"canonical":"https:\/\/aapars.com\/diane-paquin\/","og_locale":"fr_FR","og_type":"article","og_title":"Diane Paquin - Diane Paquin - Un site de la galerie virtuelle de l&#039;AAPARS","og_description":"D\u00e9marche artistique Ma passion a d\u00e9but\u00e9 en 1984.&nbsp; Apr\u00e8s avoir fait un premier croquis au fusain, j'ai tout de suite eu le go\u00fbt de peindre. Je suis","og_url":"https:\/\/aapars.com\/diane-paquin\/","og_site_name":"Diane Paquin","article_modified_time":"2025-06-15T16:24:18+00:00","og_image":[{"width":206,"height":206,"url":"https:\/\/aapars.com\/diane-paquin\/files\/2022\/12\/292033651_1845698709154739_8990798920363768542_n.jpg","type":"image\/jpeg"}],"twitter_misc":{"Dur\u00e9e de lecture estim\u00e9e":"1 minute"},"schema":{"@context":"https:\/\/schema.org","@graph":[{"@type":"WebPage","@id":"https:\/\/aapars.com\/diane-paquin\/","url":"https:\/\/aapars.com\/diane-paquin\/","name":"Diane Paquin - Diane Paquin - Un site de la galerie virtuelle de l&#039;AAPARS","isPartOf":{"@id":"https:\/\/aapars.com\/diane-paquin\/#website"},"primaryImageOfPage":{"@id":"https:\/\/aapars.com\/diane-paquin\/#primaryimage"},"image":{"@id":"https:\/\/aapars.com\/diane-paquin\/#primaryimage"},"thumbnailUrl":"https:\/\/aapars.com\/diane-paquin\/files\/2022\/12\/292033651_1845698709154739_8990798920363768542_n.jpg","datePublished":"2010-10-03T05:11:36+00:00","dateModified":"2025-06-15T16:24:18+00:00","description":"D\u00e9marche artistique Ma passion a d\u00e9but\u00e9 en 1984.&nbsp; Apr\u00e8s avoir fait un premier croquis au fusain, j'ai tout de suite eu le go\u00fbt de peindre. Je suis","breadcrumb":{"@id":"https:\/\/aapars.com\/diane-paquin\/#breadcrumb"},"inLanguage":"fr-FR","potentialAction":[{"@type":"ReadAction","target":["https:\/\/aapars.com\/diane-paquin\/"]}]},{"@type":"ImageObject","inLanguage":"fr-FR","@id":"https:\/\/aapars.com\/diane-paquin\/#primaryimage","url":"https:\/\/aapars.com\/diane-paquin\/files\/2022\/12\/292033651_1845698709154739_8990798920363768542_n.jpg","contentUrl":"https:\/\/aapars.com\/diane-paquin\/files\/2022\/12\/292033651_1845698709154739_8990798920363768542_n.jpg","width":206,"height":206},{"@type":"BreadcrumbList","@id":"https:\/\/aapars.com\/diane-paquin\/#breadcrumb","itemListElement":[{"@type":"ListItem","position":1,"name":"Accueil","item":"https:\/\/aapars.com\/diane-paquin\/"},{"@type":"ListItem","position":2,"name":"Diane Paquin"}]},{"@type":"WebSite","@id":"https:\/\/aapars.com\/diane-paquin\/#website","url":"https:\/\/aapars.com\/diane-paquin\/","name":"Diane Paquin","description":"Un site de la galerie virtuelle de l&#039;AAPARS","publisher":{"@id":"https:\/\/aapars.com\/diane-paquin\/#organization"},"potentialAction":[{"@type":"SearchAction","target":{"@type":"EntryPoint","urlTemplate":"https:\/\/aapars.com\/diane-paquin\/?s={search_term_string}"},"query-input":{"@type":"PropertyValueSpecification","valueRequired":true,"valueName":"search_term_string"}}],"inLanguage":"fr-FR"},{"@type":"Organization","@id":"https:\/\/aapars.com\/diane-paquin\/#organization","name":"Diane Paquin","url":"https:\/\/aapars.com\/diane-paquin\/","logo":{"@type":"ImageObject","inLanguage":"fr-FR","@id":"https:\/\/aapars.com\/diane-paquin\/#\/schema\/logo\/image\/","url":"https:\/\/aapars.com\/diane-paquin\/files\/2012\/04\/logo-aapars-@2x.png","contentUrl":"https:\/\/aapars.com\/diane-paquin\/files\/2012\/04\/logo-aapars-@2x.png","width":560,"height":306,"caption":"Diane Paquin"},"image":{"@id":"https:\/\/aapars.com\/diane-paquin\/#\/schema\/logo\/image\/"}}]}},"_links":{"self":[{"href":"https:\/\/aapars.com\/diane-paquin\/wp-json\/wp\/v2\/pages\/2","targetHints":{"allow":["GET"]}}],"collection":[{"href":"https:\/\/aapars.com\/diane-paquin\/wp-json\/wp\/v2\/pages"}],"about":[{"href":"https:\/\/aapars.com\/diane-paquin\/wp-json\/wp\/v2\/types\/page"}],"author":[{"embeddable":true,"href":"https:\/\/aapars.com\/diane-paquin\/wp-json\/wp\/v2\/users\/3259"}],"replies":[{"embeddable":true,"href":"https:\/\/aapars.com\/diane-paquin\/wp-json\/wp\/v2\/comments?post=2"}],"version-history":[{"count":10,"href":"https:\/\/aapars.com\/diane-paquin\/wp-json\/wp\/v2\/pages\/2\/revisions"}],"predecessor-version":[{"id":804,"href":"https:\/\/aapars.com\/diane-paquin\/wp-json\/wp\/v2\/pages\/2\/revisions\/804"}],"wp:attachment":[{"href":"https:\/\/aapars.com\/diane-paquin\/wp-json\/wp\/v2\/media?parent=2"}],"curies":[{"name":"wp","href":"https:\/\/api.w.org\/{rel}","templated":true}]}}