{"id":2,"date":"2010-10-03T05:11:36","date_gmt":"2010-10-03T09:11:36","guid":{"rendered":"https:\/\/aapars.com\/jacques-landry\/?page_id=2"},"modified":"2024-06-07T00:04:23","modified_gmt":"2024-06-07T04:04:23","slug":"accueil","status":"publish","type":"page","link":"https:\/\/aapars.com\/daniel-martin\/","title":{"rendered":"Daniel Martin"},"content":{"rendered":"<p><a href=\"https:\/\/aapars.com\/daniel-martin\/files\/2010\/10\/user-icon-e1286135502728.png\"><img loading=\"lazy\" decoding=\"async\" class=\"alignnone wp-image-330\" src=\"https:\/\/aapars.com\/daniel-martin\/files\/2023\/01\/Daniel-Martin-2-535x629.jpg\" alt=\"\" width=\"184\" height=\"217\"\/><\/a><\/p>\n\n<table id=\"tablepress-1\" class=\"tablepress tablepress-id-1\">\n<tbody class=\"row-striping\">\n<tr class=\"row-1\">\n\t<td class=\"column-1\">Nom:<\/td><td class=\"column-2\">Daniel Martin<\/td>\n<\/tr>\n<tr class=\"row-2\">\n\t<td class=\"column-1\">Technique :<\/td><td class=\"column-2\">Aquarelle, acrylique et techniques mixtes<\/td>\n<\/tr>\n<tr class=\"row-3\">\n\t<td class=\"column-1\">T\u00e9l\u00e9phone :<\/td><td class=\"column-2\">450-915-6067<\/td>\n<\/tr>\n<tr class=\"row-4\">\n\t<td class=\"column-1\">Courriel :<\/td><td class=\"column-2\"><a href=\"mailto:d_3art_in2014@outlook.com\">d_3art_in2014@outlook.com<\/a><\/td>\n<\/tr>\n<\/tbody>\n<\/table>\n<!-- #tablepress-1 from cache -->\n<h2>D\u00e9marche<\/h2>\n<p>Dans ma jeunesse, j&#8217;aimais ce qui se passait derri\u00e8re le rideau de la sc\u00e8ne, un amalgame de lumi\u00e8res, de sons, de d\u00e9cors et d&#8217;acteurs, tout ce qui transporte le spectateur dans un autre univers pour un bref moment. J&#8217;ai appris \u00e0 dessiner, \u00e0 peindre, \u00e0 clouer, \u00e0 \u00e9clairer, \u00e0 faire des grandes toiles.<\/p>\n<p>Quand l&#8217;heure de la retraite est venue, j&#8217;ai tenu la promesse que je m&#8217;\u00e9tais faite il y a bien longtemps,<\/p>\n<p>d&#8217;occuper mon temps libre \u00e0 la peinture.<\/p>\n<p>J&#8217;aime cr\u00e9er \u00e0 partir de rien, peu importe la surface ni la grandeur, la page blanche m&#8217;inspire, que ce soit pour l&#8217;aquarelle ou l&#8217;acrylique qui sont mes m\u00e9diums pr\u00e9f\u00e9r\u00e9s, j&#8217;explore la spontan\u00e9it\u00e9, le geste inconscient. \u00c0 partir de celui-ci, je construis une ligne, une forme, une couleur. De coups de pinceaux, de spatules et de galets, le tout se m\u00e9tamorphose, devient plus concret, m\u00eame dans son abstraction. Tout \u00e0 coup, c&#8217;est l&#8217;\u00e9mergence d&#8217;un monde qui nous touche par sa perspective et sa lumi\u00e8re.<\/p>\n<h2>Formation<\/h2>\n\n<table id=\"tablepress-2\" class=\"tablepress tablepress-id-2\">\n<thead>\n<tr class=\"row-1\">\n\t<th class=\"column-1\">Ann\u00e9e<\/th><th class=\"column-2\">Institution\/Professeur<\/th><th class=\"column-3\">Programme<\/th>\n<\/tr>\n<\/thead>\n<tbody class=\"row-striping\">\n<tr class=\"row-2\">\n\t<td class=\"column-1\">1974-1975<\/td><td class=\"column-2\">C\u00e9gep de Saint-Hyacinthe<\/td><td class=\"column-3\">Technique sc\u00e9nique<\/td>\n<\/tr>\n<tr class=\"row-3\">\n\t<td class=\"column-1\">1998<\/td><td class=\"column-2\">CPO<\/td><td class=\"column-3\">Technique en gestion informatis\u00e9e<\/td>\n<\/tr>\n<tr class=\"row-4\">\n\t<td class=\"column-1\">2018<\/td><td class=\"column-2\">Atelier libre de peinture de Saint-Hyacinthe<\/td><td class=\"column-3\">Acrylique spatule Atelier d'un jour avec Manon Marchand<\/td>\n<\/tr>\n<tr class=\"row-5\">\n\t<td class=\"column-1\">2019<\/td><td class=\"column-2\">Atelier libre de peinture de Saint-Hyacinthe<\/td><td class=\"column-3\">Aquarelle  Atelier d'un jour avec \u00c9lise Miron<\/td>\n<\/tr>\n<tr class=\"row-6\">\n\t<td class=\"column-1\">2019<\/td><td class=\"column-2\">Atelier libre de peinture de Saint-Hyacinthe<\/td><td class=\"column-3\">Aquarelle Atelier d'un jour avec Nicole G\u00e9linas<\/td>\n<\/tr>\n<tr class=\"row-7\">\n\t<td class=\"column-1\">2019<\/td><td class=\"column-2\">Atelier libre de peinture de Saint-Hyacinthe<\/td><td class=\"column-3\">Encre et aquarelle avec Francine Leroux<\/td>\n<\/tr>\n<tr class=\"row-8\">\n\t<td class=\"column-1\">2019<\/td><td class=\"column-2\">Atelier libre de peinture de Saint-Hyacinthe<\/td><td class=\"column-3\">Aquarelle Atelier d'un jour avec Nicole G\u00e9linas<\/td>\n<\/tr>\n<tr class=\"row-9\">\n\t<td class=\"column-1\">2020<\/td><td class=\"column-2\">Atelier libre de peinture de Saint-Hyacinthe<\/td><td class=\"column-3\">Pastel sec Atelier d'un jour avec Michel Raymond<\/td>\n<\/tr>\n<tr class=\"row-10\">\n\t<td class=\"column-1\">2020<\/td><td class=\"column-2\">Atelier libre de peinture de Saint-Hyacinthe<\/td><td class=\"column-3\">Cr\u00e9ation avec Tania Lebedeff<\/td>\n<\/tr>\n<tr class=\"row-11\">\n\t<td class=\"column-1\">2020<\/td><td class=\"column-2\">Atelier libre de peinture de Saint-Hyacinthe<\/td><td class=\"column-3\">\u00c0 la mani\u00e8re de #1 et 2<br \/>\nAvec Sylvie Fournier<\/td>\n<\/tr>\n<\/tbody>\n<\/table>\n<!-- #tablepress-2 from cache -->\n<h2>Expositions<\/h2>\n\n<table id=\"tablepress-3\" class=\"tablepress tablepress-id-3\">\n<thead>\n<tr class=\"row-1\">\n\t<th class=\"column-1\">Ann\u00e9e<\/th><th class=\"column-2\">Nom<\/th><th class=\"column-3\">Endroit<\/th><th class=\"column-4\">\u00c9v\u00e9nement<\/th>\n<\/tr>\n<\/thead>\n<tbody class=\"row-striping\">\n<tr class=\"row-2\">\n\t<td class=\"column-1\">2019<\/td><td class=\"column-2\">Centre Culturel Humania<\/td><td class=\"column-3\">Saint-Hyacinthe<\/td><td class=\"column-4\"><br \/>\n<\/td>\n<\/tr>\n<tr class=\"row-3\">\n\t<td class=\"column-1\">2020<\/td><td class=\"column-2\">Biblioth\u00e8que de Sainte-Rosalie<\/td><td class=\"column-3\">Saint-Hyacinthe<\/td><td class=\"column-4\">Amour<\/td>\n<\/tr>\n<tr class=\"row-4\">\n\t<td class=\"column-1\">2020<\/td><td class=\"column-2\">Mus\u00e9e des beaux arts Mont-Saint-Hilaire<\/td><td class=\"column-3\">Mont-Saint-Hilaire<\/td><td class=\"column-4\">Les 150 variations du confinement<br \/>\n<\/td>\n<\/tr>\n<tr class=\"row-5\">\n\t<td class=\"column-1\">2020<\/td><td class=\"column-2\">Centre Culturel Humania<\/td><td class=\"column-3\">Saint-Hyacinthe<\/td><td class=\"column-4\">Passion<\/td>\n<\/tr>\n<tr class=\"row-6\">\n\t<td class=\"column-1\">2021<\/td><td class=\"column-2\">Mus\u00e9e des beaux arts Mont-Saint-Hilaire<\/td><td class=\"column-3\">Mont-Saint-Hilaire<\/td><td class=\"column-4\">Terre-M\u00e8re en 150 r\u00e9volutions<br \/>\n<\/td>\n<\/tr>\n<tr class=\"row-7\">\n\t<td class=\"column-1\">2022<\/td><td class=\"column-2\">CENTRE D'ART JULIETTE-LASSONDE<br \/>\n<\/td><td class=\"column-3\">Saint-Hyacinthe<\/td><td class=\"column-4\">38 i\u00e8me exposition <br \/>\n<\/td>\n<\/tr>\n<tr class=\"row-8\">\n\t<td class=\"column-1\">2022<\/td><td class=\"column-2\">LA GALERIE DU LAC<br \/>\n<\/td><td class=\"column-3\">Venise-en-Qu\u00e9bec<\/td><td class=\"column-4\">\u00c9t\u00e9 2022<\/td>\n<\/tr>\n<tr class=\"row-9\">\n\t<td class=\"column-1\">2022<\/td><td class=\"column-2\">Mus\u00e9e des beaux arts Mont-Saint-Hilaire<\/td><td class=\"column-3\">Mont-Saint-Hilaire<\/td><td class=\"column-4\">Les chemins de la transition<\/td>\n<\/tr>\n<\/tbody>\n<\/table>\n<!-- #tablepress-3 from cache -->\n","protected":false},"excerpt":{"rendered":"<p>D\u00e9marche Dans ma jeunesse, j&#8217;aimais ce qui se passait derri\u00e8re le rideau de la sc\u00e8ne, un amalgame de lumi\u00e8res, de sons, de d\u00e9cors et d&#8217;acteurs, tout ce qui transporte le spectateur dans un autre univers pour un bref moment. J&#8217;ai appris \u00e0 dessiner, \u00e0 peindre, \u00e0 clouer, \u00e0 \u00e9clairer, \u00e0 faire des grandes toiles. Quand &#8230; <\/p>\n<p class=\"read-more-container\"><a title=\"Daniel Martin\" class=\"read-more button\" href=\"https:\/\/aapars.com\/daniel-martin\/#more-2\" aria-label=\"En savoir plus sur Daniel Martin\">Lire plus<\/a><\/p>\n","protected":false},"author":3574,"featured_media":0,"parent":0,"menu_order":0,"comment_status":"closed","ping_status":"closed","template":"","meta":{"_s2mail":"yes","ngg_post_thumbnail":0,"iawp_total_views":90,"footnotes":""},"class_list":["post-2","page","type-page","status-publish"],"yoast_head":"<!-- This site is optimized with the Yoast SEO plugin v27.5 - https:\/\/yoast.com\/product\/yoast-seo-wordpress\/ -->\n<title>Daniel Martin | Un site de la galerie virtuelle de l&#039;AAPARS<\/title>\n<meta name=\"description\" content=\"D\u00e9marche Dans ma jeunesse, j&#039;aimais ce qui se passait derri\u00e8re le rideau de la sc\u00e8ne, un amalgame de lumi\u00e8res, de sons, de d\u00e9cors et d&#039;acteurs, tout ce\" \/>\n<meta name=\"robots\" content=\"index, follow, max-snippet:-1, max-image-preview:large, max-video-preview:-1\" \/>\n<link rel=\"canonical\" href=\"https:\/\/aapars.com\/daniel-martin\/\" \/>\n<meta property=\"og:locale\" content=\"fr_FR\" \/>\n<meta property=\"og:type\" content=\"article\" \/>\n<meta property=\"og:title\" content=\"Daniel Martin | Un site de la galerie virtuelle de l&#039;AAPARS\" \/>\n<meta property=\"og:description\" content=\"D\u00e9marche Dans ma jeunesse, j&#039;aimais ce qui se passait derri\u00e8re le rideau de la sc\u00e8ne, un amalgame de lumi\u00e8res, de sons, de d\u00e9cors et d&#039;acteurs, tout ce\" \/>\n<meta property=\"og:url\" content=\"https:\/\/aapars.com\/daniel-martin\/\" \/>\n<meta property=\"og:site_name\" content=\"Daniel Martin\" \/>\n<meta property=\"article:modified_time\" content=\"2024-06-07T04:04:23+00:00\" \/>\n<meta property=\"og:image\" content=\"https:\/\/aapars.com\/daniel-martin\/files\/2023\/01\/Daniel-Martin-2-535x629.jpg\" \/>\n<meta name=\"twitter:label1\" content=\"Dur\u00e9e de lecture estim\u00e9e\" \/>\n\t<meta name=\"twitter:data1\" content=\"2 minutes\" \/>\n<script type=\"application\/ld+json\" class=\"yoast-schema-graph\">{\"@context\":\"https:\\\/\\\/schema.org\",\"@graph\":[{\"@type\":\"WebPage\",\"@id\":\"https:\\\/\\\/aapars.com\\\/daniel-martin\\\/\",\"url\":\"https:\\\/\\\/aapars.com\\\/daniel-martin\\\/\",\"name\":\"Daniel Martin | Un site de la galerie virtuelle de l&#039;AAPARS\",\"isPartOf\":{\"@id\":\"https:\\\/\\\/aapars.com\\\/daniel-martin\\\/#website\"},\"primaryImageOfPage\":{\"@id\":\"https:\\\/\\\/aapars.com\\\/daniel-martin\\\/#primaryimage\"},\"image\":{\"@id\":\"https:\\\/\\\/aapars.com\\\/daniel-martin\\\/#primaryimage\"},\"thumbnailUrl\":\"https:\\\/\\\/aapars.com\\\/daniel-martin\\\/files\\\/2023\\\/01\\\/Daniel-Martin-2-535x629.jpg\",\"datePublished\":\"2010-10-03T09:11:36+00:00\",\"dateModified\":\"2024-06-07T04:04:23+00:00\",\"description\":\"D\u00e9marche Dans ma jeunesse, j'aimais ce qui se passait derri\u00e8re le rideau de la sc\u00e8ne, un amalgame de lumi\u00e8res, de sons, de d\u00e9cors et d'acteurs, tout ce\",\"breadcrumb\":{\"@id\":\"https:\\\/\\\/aapars.com\\\/daniel-martin\\\/#breadcrumb\"},\"inLanguage\":\"fr-FR\",\"potentialAction\":[{\"@type\":\"ReadAction\",\"target\":[\"https:\\\/\\\/aapars.com\\\/daniel-martin\\\/\"]}]},{\"@type\":\"ImageObject\",\"inLanguage\":\"fr-FR\",\"@id\":\"https:\\\/\\\/aapars.com\\\/daniel-martin\\\/#primaryimage\",\"url\":\"https:\\\/\\\/aapars.com\\\/daniel-martin\\\/files\\\/2023\\\/01\\\/Daniel-Martin-2-535x629.jpg\",\"contentUrl\":\"https:\\\/\\\/aapars.com\\\/daniel-martin\\\/files\\\/2023\\\/01\\\/Daniel-Martin-2-535x629.jpg\"},{\"@type\":\"BreadcrumbList\",\"@id\":\"https:\\\/\\\/aapars.com\\\/daniel-martin\\\/#breadcrumb\",\"itemListElement\":[{\"@type\":\"ListItem\",\"position\":1,\"name\":\"Accueil\",\"item\":\"https:\\\/\\\/aapars.com\\\/daniel-martin\\\/\"},{\"@type\":\"ListItem\",\"position\":2,\"name\":\"Daniel Martin\"}]},{\"@type\":\"WebSite\",\"@id\":\"https:\\\/\\\/aapars.com\\\/daniel-martin\\\/#website\",\"url\":\"https:\\\/\\\/aapars.com\\\/daniel-martin\\\/\",\"name\":\"Daniel Martin\",\"description\":\"Un site de la galerie virtuelle de l&#039;AAPARS\",\"publisher\":{\"@id\":\"https:\\\/\\\/aapars.com\\\/daniel-martin\\\/#\\\/schema\\\/person\\\/67e727643cc38d6d0d58bde5c504a2f5\"},\"potentialAction\":[{\"@type\":\"SearchAction\",\"target\":{\"@type\":\"EntryPoint\",\"urlTemplate\":\"https:\\\/\\\/aapars.com\\\/daniel-martin\\\/?s={search_term_string}\"},\"query-input\":{\"@type\":\"PropertyValueSpecification\",\"valueRequired\":true,\"valueName\":\"search_term_string\"}}],\"inLanguage\":\"fr-FR\"},{\"@type\":[\"Person\",\"Organization\"],\"@id\":\"https:\\\/\\\/aapars.com\\\/daniel-martin\\\/#\\\/schema\\\/person\\\/67e727643cc38d6d0d58bde5c504a2f5\",\"name\":\"Jean Test\",\"image\":{\"@type\":\"ImageObject\",\"inLanguage\":\"fr-FR\",\"@id\":\"https:\\\/\\\/aapars.com\\\/daniel-martin\\\/files\\\/2012\\\/04\\\/logo-aapars-@2x.png\",\"url\":\"https:\\\/\\\/aapars.com\\\/daniel-martin\\\/files\\\/2012\\\/04\\\/logo-aapars-@2x.png\",\"contentUrl\":\"https:\\\/\\\/aapars.com\\\/daniel-martin\\\/files\\\/2012\\\/04\\\/logo-aapars-@2x.png\",\"width\":560,\"height\":306,\"caption\":\"Jean Test\"},\"logo\":{\"@id\":\"https:\\\/\\\/aapars.com\\\/daniel-martin\\\/files\\\/2012\\\/04\\\/logo-aapars-@2x.png\"}}]}<\/script>\n<!-- \/ Yoast SEO plugin. -->","yoast_head_json":{"title":"Daniel Martin | Un site de la galerie virtuelle de l&#039;AAPARS","description":"D\u00e9marche Dans ma jeunesse, j'aimais ce qui se passait derri\u00e8re le rideau de la sc\u00e8ne, un amalgame de lumi\u00e8res, de sons, de d\u00e9cors et d'acteurs, tout ce","robots":{"index":"index","follow":"follow","max-snippet":"max-snippet:-1","max-image-preview":"max-image-preview:large","max-video-preview":"max-video-preview:-1"},"canonical":"https:\/\/aapars.com\/daniel-martin\/","og_locale":"fr_FR","og_type":"article","og_title":"Daniel Martin | Un site de la galerie virtuelle de l&#039;AAPARS","og_description":"D\u00e9marche Dans ma jeunesse, j'aimais ce qui se passait derri\u00e8re le rideau de la sc\u00e8ne, un amalgame de lumi\u00e8res, de sons, de d\u00e9cors et d'acteurs, tout ce","og_url":"https:\/\/aapars.com\/daniel-martin\/","og_site_name":"Daniel Martin","article_modified_time":"2024-06-07T04:04:23+00:00","og_image":[{"url":"https:\/\/aapars.com\/daniel-martin\/files\/2023\/01\/Daniel-Martin-2-535x629.jpg","type":"","width":"","height":""}],"twitter_misc":{"Dur\u00e9e de lecture estim\u00e9e":"2 minutes"},"schema":{"@context":"https:\/\/schema.org","@graph":[{"@type":"WebPage","@id":"https:\/\/aapars.com\/daniel-martin\/","url":"https:\/\/aapars.com\/daniel-martin\/","name":"Daniel Martin | Un site de la galerie virtuelle de l&#039;AAPARS","isPartOf":{"@id":"https:\/\/aapars.com\/daniel-martin\/#website"},"primaryImageOfPage":{"@id":"https:\/\/aapars.com\/daniel-martin\/#primaryimage"},"image":{"@id":"https:\/\/aapars.com\/daniel-martin\/#primaryimage"},"thumbnailUrl":"https:\/\/aapars.com\/daniel-martin\/files\/2023\/01\/Daniel-Martin-2-535x629.jpg","datePublished":"2010-10-03T09:11:36+00:00","dateModified":"2024-06-07T04:04:23+00:00","description":"D\u00e9marche Dans ma jeunesse, j'aimais ce qui se passait derri\u00e8re le rideau de la sc\u00e8ne, un amalgame de lumi\u00e8res, de sons, de d\u00e9cors et d'acteurs, tout ce","breadcrumb":{"@id":"https:\/\/aapars.com\/daniel-martin\/#breadcrumb"},"inLanguage":"fr-FR","potentialAction":[{"@type":"ReadAction","target":["https:\/\/aapars.com\/daniel-martin\/"]}]},{"@type":"ImageObject","inLanguage":"fr-FR","@id":"https:\/\/aapars.com\/daniel-martin\/#primaryimage","url":"https:\/\/aapars.com\/daniel-martin\/files\/2023\/01\/Daniel-Martin-2-535x629.jpg","contentUrl":"https:\/\/aapars.com\/daniel-martin\/files\/2023\/01\/Daniel-Martin-2-535x629.jpg"},{"@type":"BreadcrumbList","@id":"https:\/\/aapars.com\/daniel-martin\/#breadcrumb","itemListElement":[{"@type":"ListItem","position":1,"name":"Accueil","item":"https:\/\/aapars.com\/daniel-martin\/"},{"@type":"ListItem","position":2,"name":"Daniel Martin"}]},{"@type":"WebSite","@id":"https:\/\/aapars.com\/daniel-martin\/#website","url":"https:\/\/aapars.com\/daniel-martin\/","name":"Daniel Martin","description":"Un site de la galerie virtuelle de l&#039;AAPARS","publisher":{"@id":"https:\/\/aapars.com\/daniel-martin\/#\/schema\/person\/67e727643cc38d6d0d58bde5c504a2f5"},"potentialAction":[{"@type":"SearchAction","target":{"@type":"EntryPoint","urlTemplate":"https:\/\/aapars.com\/daniel-martin\/?s={search_term_string}"},"query-input":{"@type":"PropertyValueSpecification","valueRequired":true,"valueName":"search_term_string"}}],"inLanguage":"fr-FR"},{"@type":["Person","Organization"],"@id":"https:\/\/aapars.com\/daniel-martin\/#\/schema\/person\/67e727643cc38d6d0d58bde5c504a2f5","name":"Jean Test","image":{"@type":"ImageObject","inLanguage":"fr-FR","@id":"https:\/\/aapars.com\/daniel-martin\/files\/2012\/04\/logo-aapars-@2x.png","url":"https:\/\/aapars.com\/daniel-martin\/files\/2012\/04\/logo-aapars-@2x.png","contentUrl":"https:\/\/aapars.com\/daniel-martin\/files\/2012\/04\/logo-aapars-@2x.png","width":560,"height":306,"caption":"Jean Test"},"logo":{"@id":"https:\/\/aapars.com\/daniel-martin\/files\/2012\/04\/logo-aapars-@2x.png"}}]}},"_links":{"self":[{"href":"https:\/\/aapars.com\/daniel-martin\/wp-json\/wp\/v2\/pages\/2","targetHints":{"allow":["GET"]}}],"collection":[{"href":"https:\/\/aapars.com\/daniel-martin\/wp-json\/wp\/v2\/pages"}],"about":[{"href":"https:\/\/aapars.com\/daniel-martin\/wp-json\/wp\/v2\/types\/page"}],"author":[{"embeddable":true,"href":"https:\/\/aapars.com\/daniel-martin\/wp-json\/wp\/v2\/users\/3574"}],"replies":[{"embeddable":true,"href":"https:\/\/aapars.com\/daniel-martin\/wp-json\/wp\/v2\/comments?post=2"}],"version-history":[{"count":5,"href":"https:\/\/aapars.com\/daniel-martin\/wp-json\/wp\/v2\/pages\/2\/revisions"}],"predecessor-version":[{"id":374,"href":"https:\/\/aapars.com\/daniel-martin\/wp-json\/wp\/v2\/pages\/2\/revisions\/374"}],"wp:attachment":[{"href":"https:\/\/aapars.com\/daniel-martin\/wp-json\/wp\/v2\/media?parent=2"}],"curies":[{"name":"wp","href":"https:\/\/api.w.org\/{rel}","templated":true}]}}