{"id":6,"date":"2010-10-03T05:11:36","date_gmt":"2010-10-03T05:11:36","guid":{"rendered":"https:\/\/aapars.com\/jacques-landry\/?page_id=2"},"modified":"2022-03-04T15:51:21","modified_gmt":"2022-03-04T20:51:21","slug":"profil","status":"publish","type":"page","link":"https:\/\/aapars.com\/claudette-sicotte\/","title":{"rendered":"Claudette Sicotte"},"content":{"rendered":"<p><a href=\"https:\/\/aapars.com\/claudette-sicotte\/files\/2013\/04\/Claudette-Sicotte-e1365894510695.jpg\"><img loading=\"lazy\" decoding=\"async\" class=\"wp-image-280 alignnone\" src=\"https:\/\/aapars.com\/claudette-sicotte\/files\/2022\/03\/Photo-Clo-Juillet-2021-4-535x750.jpg\" alt=\"\" width=\"145\" height=\"203\" srcset=\"https:\/\/aapars.com\/claudette-sicotte\/files\/2022\/03\/Photo-Clo-Juillet-2021-4-535x750.jpg 535w, https:\/\/aapars.com\/claudette-sicotte\/files\/2022\/03\/Photo-Clo-Juillet-2021-4-730x1024.jpg 730w, https:\/\/aapars.com\/claudette-sicotte\/files\/2022\/03\/Photo-Clo-Juillet-2021-4-768x1077.jpg 768w, https:\/\/aapars.com\/claudette-sicotte\/files\/2022\/03\/Photo-Clo-Juillet-2021-4-1095x1536.jpg 1095w, https:\/\/aapars.com\/claudette-sicotte\/files\/2022\/03\/Photo-Clo-Juillet-2021-4.jpg 1460w\" sizes=\"auto, (max-width: 145px) 100vw, 145px\" \/><\/a><\/p>\n\n<table id=\"tablepress-1\" class=\"tablepress tablepress-id-1\">\n<tbody class=\"row-striping\">\n<tr class=\"row-1\">\n\t<td class=\"column-1\">Technique :<\/td><td class=\"column-2\">Aquarelle<\/td>\n<\/tr>\n<tr class=\"row-2\">\n\t<td class=\"column-1\">Affiliations professionelles :<\/td><td class=\"column-2\">AAPARS<br \/>\nAAPL (2006- 2007-2008-2012)<\/td>\n<\/tr>\n<tr class=\"row-3\">\n\t<td class=\"column-1\">T\u00e9l\u00e9phone :<\/td><td class=\"column-2\">450 646 3001<\/td>\n<\/tr>\n<tr class=\"row-4\">\n\t<td class=\"column-1\">Courriel :<\/td><td class=\"column-2\"><a href=\"mailto:cerclo@videotron.ca\" target=\"_blank\" rel=\"noopener\">cerclo@videotron.ca<\/a><\/td>\n<\/tr>\n<\/tbody>\n<\/table>\n<!-- #tablepress-1 from cache -->\n<h2>D\u00e9marche<\/h2>\n<p>Contrairement \u00e0 plusieurs artistes, je suis loin d\u2019\u00eatre n\u00e9e avec un pinceau dans les mains. Par contre, d\u00e8s ma jeunesse, j\u2019ai appris \u00e0 d\u00e9velopper ma cr\u00e9ativit\u00e9 avec l\u2019aide d\u2019un p\u00e8re \u00ab&nbsp;patenteux&nbsp;\u00bb et d\u2019une m\u00e8re artiste dans son genre. Mes premiers pas vers l\u2019art visuel ont \u00e9t\u00e9 r\u00e9alis\u00e9s \u00e0 l\u2019aide d\u2019une amie qui, un jour, m\u2019a inscrite \u00e0 un cours se rapportant aux diff\u00e9rentes techniques \u00e0 l\u2019huile anim\u00e9 par M. Grenet. Surprise de mes r\u00e9alisations, j\u2019ai poursuivi mes apprentissages par la pratique, les ateliers, diff\u00e9rentes formations, lectures, visites d\u2019expositions etc. Je suis arriv\u00e9e \u00e0 l\u2019aquarelle gr\u00e2ce \u00e0 un professeur exceptionnel, Madame Huguette Chagnon avec qui j\u2019ai appris les rudiments de cet art, et plus particuli\u00e8rement le l\u00e2cher prise, permettant \u00e0 l\u2019aquarelle de s\u2019exprimer et de laisser jaillir l\u2019\u00e9motion.&nbsp; Puis, le plaisir d\u2019observer, le d\u00e9sir de me surpasser et, bien humblement, la joie reli\u00e9e \u00e0 la r\u00e9ussite ont confirm\u00e9 mon choix et ont contribu\u00e9 \u00e0 me donner l\u2019envie de peindre encore et encore.<\/p>\n<p>J\u2019ai \u00e9galement eu l\u2019honneur de participer \u00e0 une \u00ab&nbsp;Classe des ma\u00eetres&nbsp;\u00bb&nbsp; \u00e0 Bruxelles en Belgique anim\u00e9e par Jean-Louis Morelle, Roland Palmaerts et Cao Bei An.&nbsp; Il va sans dire que ces grands peintres ont fortement influenc\u00e9 ma mani\u00e8re d\u2019apprivoiser l\u2019aquarelle.<\/p>\n<p>Pour moi, une aquarelle est r\u00e9ussie quand l\u2019observateur arrive \u00e0 placer mes personnages dans sa propre histoire, &nbsp;\u00e0 en ressentir l\u2019\u00e9motion, la douceur et \u00e0 percevoir l\u2019atmosph\u00e8re qui s\u2019en d\u00e9gage.<\/p>\n<p>Peintre figuratif, mon inspiration me vient des \u00e9v\u00e8nements de la vie, des diff\u00e9rentes r\u00e9actions \u00e9motionnelles et&nbsp;&nbsp;plus particuli\u00e8rement des images qui m\u2019envahissent lors de voyages que j\u2019ai faits et que j\u2019esp\u00e8re faire encore le plus longtemps possible !<\/p>\n<h2>Formation<\/h2>\n\n<table id=\"tablepress-2\" class=\"tablepress tablepress-id-2\">\n<thead>\n<tr class=\"row-1\">\n\t<th class=\"column-1\">2021<br \/>\n<\/th><th class=\"column-2\">Andr\u00e9e Arsenault <br \/>\nDiane Beaulieu<\/th><th class=\"column-3\">Atelier de marouflage et encadrement<\/th>\n<\/tr>\n<\/thead>\n<tbody class=\"row-striping\">\n<tr class=\"row-2\">\n\t<td class=\"column-1\">2015-2016<\/td><td class=\"column-2\">C\u00e9line Girard<\/td><td class=\"column-3\">L'expression en art abstrait ou figuratif<br \/>\nStage de trois jours et session hebdomadaire<br \/>\n<\/td>\n<\/tr>\n<tr class=\"row-3\">\n\t<td class=\"column-1\">2015<\/td><td class=\"column-2\">Francine Labelle<\/td><td class=\"column-3\">Perception de l'espace n\u00e9gatif<\/td>\n<\/tr>\n<tr class=\"row-4\">\n\t<td class=\"column-1\">2015<\/td><td class=\"column-2\">Francine Labelle<\/td><td class=\"column-3\">Introduction couleur<br \/>\nIntroduction dessin<br \/>\nMod\u00e8le vivant<\/td>\n<\/tr>\n<tr class=\"row-5\">\n\t<td class=\"column-1\">2013<\/td><td class=\"column-2\">Martin Beaupr\u00e9<\/td><td class=\"column-3\">Transiger avec les galeries d'art et les agents d'artistes<\/td>\n<\/tr>\n<tr class=\"row-6\">\n\t<td class=\"column-1\">2013<\/td><td class=\"column-2\">Ren\u00e9e Dion, SCA<\/td><td class=\"column-3\">Paysage au rythme de l'eau<\/td>\n<\/tr>\n<tr class=\"row-7\">\n\t<td class=\"column-1\">2009<\/td><td class=\"column-2\">Roland Palmaerts<br \/>\nCao Bei An<br \/>\nJean-Louis Morelle<\/td><td class=\"column-3\">Masterclass N2 \u00ab vision masculine de la couleur \u00bb<br \/>\nCh\u00e2teau du Karreveld, Bruxelles<\/td>\n<\/tr>\n<tr class=\"row-8\">\n\t<td class=\"column-1\">2009<\/td><td class=\"column-2\">Roland Palmaerts<\/td><td class=\"column-3\">D\u2019exceptionnelles pochades <br \/>\nen gestuelles cr\u00e9atives<\/td>\n<\/tr>\n<tr class=\"row-9\">\n\t<td class=\"column-1\">2008-2013<\/td><td class=\"column-2\">AAPARS St-Bruno<\/td><td class=\"column-3\">Expos\u00e9s techniques de l'AAPARS<\/td>\n<\/tr>\n<tr class=\"row-10\">\n\t<td class=\"column-1\">2008<\/td><td class=\"column-2\">Roland Palmaerts<\/td><td class=\"column-3\">Dynamique et gestuelles cr\u00e9atives<\/td>\n<\/tr>\n<tr class=\"row-11\">\n\t<td class=\"column-1\">2008<\/td><td class=\"column-2\">Ir\u00e8ne Hall\u00e9<\/td><td class=\"column-3\">Formation en techniques d'aquarelle et coaching<\/td>\n<\/tr>\n<tr class=\"row-12\">\n\t<td class=\"column-1\">2008<\/td><td class=\"column-2\">Daniel Vincent<\/td><td class=\"column-3\">D\u00e9monstration, th\u00e9orie, coaching et rehaussement des toiles<br \/>\nExploration des formes, des textures et des couleurs<\/td>\n<\/tr>\n<tr class=\"row-13\">\n\t<td class=\"column-1\">2008<\/td><td class=\"column-2\">Chantal De Serres<\/td><td class=\"column-3\">Atelier de cr\u00e9ation<\/td>\n<\/tr>\n<tr class=\"row-14\">\n\t<td class=\"column-1\">2007<\/td><td class=\"column-2\">Francine Leroux<br \/>\nEstelle Rodier<\/td><td class=\"column-3\">Libert\u00e9 et cr\u00e9ativit\u00e9 en aquarelle<\/td>\n<\/tr>\n<tr class=\"row-15\">\n\t<td class=\"column-1\">2006-2007<\/td><td class=\"column-2\">Groupes aquarellistes Longueuil<br \/>\nHalte des Artistes Brossard<\/td><td class=\"column-3\">Ateliers Libres<\/td>\n<\/tr>\n<tr class=\"row-16\">\n\t<td class=\"column-1\">2006<\/td><td class=\"column-2\">C\u00e9line Gignac<\/td><td class=\"column-3\">Atelier de cr\u00e9ativit\u00e9 gestuelle \u00e0 l'acrylique<\/td>\n<\/tr>\n<tr class=\"row-17\">\n\t<td class=\"column-1\">2006<\/td><td class=\"column-2\">Expos\u00e9s techniques AAPL<br \/>\nVincent Deshaies<br \/>\nMadeleine Chr\u00e9tien<br \/>\nIr\u00e8ne Boulanger Michaud<br \/>\nPierrette Voghel<\/td><td class=\"column-3\">Diversit\u00e9 et mat\u00e9riaux<br \/>\nEncaustique<br \/>\nPapier fait main<br \/>\nAquarelle et collage<\/td>\n<\/tr>\n<tr class=\"row-18\">\n\t<td class=\"column-1\">2006<\/td><td class=\"column-2\">Gis\u00e8le Lavall\u00e9e<\/td><td class=\"column-3\">Formation en techniques d'aquarelle et coaching<\/td>\n<\/tr>\n<tr class=\"row-19\">\n\t<td class=\"column-1\">2005-2006<\/td><td class=\"column-2\">Eug\u00e9nia Reznik<\/td><td class=\"column-3\">Cr\u00e9ativit\u00e9 \u00e0 l\u2019aquarelle et<br \/>\n techniques mixtes<\/td>\n<\/tr>\n<tr class=\"row-20\">\n\t<td class=\"column-1\">2004<\/td><td class=\"column-2\">Diane Forest, SCA<\/td><td class=\"column-3\">Th\u00e9orie et pratique de la<br \/>\n couleur \u00e0 l\u2019aquarelle\u00a0<br \/>\n<br \/>\nTechnique pour sceller l'aquarelle \u00e0 l'aide de paraffine<\/td>\n<\/tr>\n<tr class=\"row-21\">\n\t<td class=\"column-1\">1995-2007<\/td><td class=\"column-2\">Huguette Chagnon<\/td><td class=\"column-3\">Cr\u00e9ativit\u00e9 \u00e0 l'aquarelle et l\u00e2cher prise<br \/>\nCoaching<\/td>\n<\/tr>\n<\/tbody>\n<\/table>\n<!-- #tablepress-2 from cache -->\n<h2>Expositions<\/h2>\n\n<table id=\"tablepress-3\" class=\"tablepress tablepress-id-3 tbody-has-connected-cells\">\n<thead>\n<tr class=\"row-1\">\n\t<th class=\"column-1\">Ann\u00e9e<\/th><th class=\"column-2\">Nom<\/th><th class=\"column-3\">Endroit<\/th>\n<\/tr>\n<\/thead>\n<tbody class=\"row-striping\">\n<tr class=\"row-2\">\n\t<td colspan=\"3\" class=\"column-1\">Collectives<\/td>\n<\/tr>\n<tr class=\"row-3\">\n\t<td class=\"column-1\">2019<\/td><td class=\"column-2\">Exposition Galerie AAPARS<\/td><td class=\"column-3\">Centre Multifonctionnel Francine-Gadbois<\/td>\n<\/tr>\n<tr class=\"row-4\">\n\t<td class=\"column-1\">2018<\/td><td class=\"column-2\">Exposition printani\u00e8re AAPARS<\/td><td class=\"column-3\">Pavillon Jordi-Bonet<br \/>\nMont saint-Hilaire<\/td>\n<\/tr>\n<tr class=\"row-5\">\n\t<td class=\"column-1\">2017<\/td><td class=\"column-2\">Exposition printani\u00e8re AAPARS<\/td><td class=\"column-3\">Quartier Dix 30<br \/>\nBrossard<\/td>\n<\/tr>\n<tr class=\"row-6\">\n\t<td class=\"column-1\">2017<\/td><td class=\"column-2\">Expo concours AAPL<\/td><td class=\"column-3\">Centre culturel Jacques Ferron<\/td>\n<\/tr>\n<tr class=\"row-7\">\n\t<td class=\"column-1\">2015<\/td><td class=\"column-2\">Circuits des Arts<\/td><td class=\"column-3\">Saint-Bruno-de-Montarville<\/td>\n<\/tr>\n<tr class=\"row-8\">\n\t<td class=\"column-1\">2015<\/td><td class=\"column-2\">Expo Galerie AAPARS<\/td><td class=\"column-3\"><\/td>\n<\/tr>\n<tr class=\"row-9\">\n\t<td class=\"column-1\">2015-2016-2018<\/td><td class=\"column-2\">Exposition printani\u00e8re AAPARS<\/td><td class=\"column-3\">Pavillon Jordi-Bonet<br \/>\nMont saint-Hilaire<\/td>\n<\/tr>\n<tr class=\"row-10\">\n\t<td class=\"column-1\">2014-2015-2017<\/td><td class=\"column-2\">Exposition concours automnale<\/td><td class=\"column-3\">Centre Marcel Dulude<br \/>\nSaint-Bruno-de-Montarville<\/td>\n<\/tr>\n<tr class=\"row-11\">\n\t<td class=\"column-1\">2014<\/td><td class=\"column-2\">Coop\u00e9rative fun\u00e9raire<\/td><td class=\"column-3\">Coop\u00e9rative fun\u00e9raire du grand Montr\u00e9al<\/td>\n<\/tr>\n<tr class=\"row-12\">\n\t<td class=\"column-1\">2013<\/td><td class=\"column-2\">Exposition concours automnale<\/td><td class=\"column-3\">Centre Marcel Dulude<br \/>\nSaint-Bruno-de-Montarville<\/td>\n<\/tr>\n<tr class=\"row-13\">\n\t<td class=\"column-1\">2012-2013<\/td><td class=\"column-2\">Promenades St-Bruno AAPARS<\/td><td class=\"column-3\">St-Bruno <\/td>\n<\/tr>\n<tr class=\"row-14\">\n\t<td class=\"column-1\">2012-2013<\/td><td class=\"column-2\">Exposition Printani\u00e8re AAPARS<\/td><td class=\"column-3\">Pavillon Jordi-Bonet, Mont St-Hilaire<\/td>\n<\/tr>\n<tr class=\"row-15\">\n\t<td class=\"column-1\">2012<\/td><td class=\"column-2\">Salon du Printemps AAPL<\/td><td class=\"column-3\">Th\u00e9\u00e2tre de la Ville de Longueuil<\/td>\n<\/tr>\n<tr class=\"row-16\">\n\t<td class=\"column-1\">2010<\/td><td class=\"column-2\">Ligue F\u00e9minine de Golf<\/td><td class=\"column-3\">Club de golf Parcours du Cerf<\/td>\n<\/tr>\n<tr class=\"row-17\">\n\t<td class=\"column-1\">2007-2009<\/td><td class=\"column-2\">L'Art en cadeau AAPL<\/td><td class=\"column-3\">Centre Culturel Jacques- Ferron, Longueuil<\/td>\n<\/tr>\n<tr class=\"row-18\">\n\t<td class=\"column-1\">2008<\/td><td class=\"column-2\">Exposition Printani\u00e8re AAPARS<\/td><td class=\"column-3\">Maison Ethier, Saint-Basile-le-Grand<\/td>\n<\/tr>\n<tr class=\"row-19\">\n\t<td class=\"column-1\">2006-2007-2008<\/td><td class=\"column-2\">Salon du Printemps AAPL<\/td><td class=\"column-3\">Th\u00e9\u00e2tre de la Ville de Longueuil<\/td>\n<\/tr>\n<tr class=\"row-20\">\n\t<td class=\"column-1\">2007<\/td><td class=\"column-2\">Exposition Champ\u00eatre, AAPARS<\/td><td class=\"column-3\">Parc Gordon, Saint-Lambert<\/td>\n<\/tr>\n<tr class=\"row-21\">\n\t<td class=\"column-1\">2007<\/td><td class=\"column-2\">Bagel et Ambiance<\/td><td class=\"column-3\">St-Hubert<\/td>\n<\/tr>\n<tr class=\"row-22\">\n\t<td class=\"column-1\">2005<\/td><td class=\"column-2\">Association des retrait\u00e9s de <br \/>\nl'enseignement du Qu\u00e9bec (AREQ)<\/td><td class=\"column-3\">L'auberge Gray Rocks, Mont Tremblant<\/td>\n<\/tr>\n<tr class=\"row-23\">\n\t<td class=\"column-1\">2004<\/td><td class=\"column-2\">Joyeux retrait\u00e9s de Longueuil<\/td><td class=\"column-3\">Centre Commercial Place Longueuil<\/td>\n<\/tr>\n<\/tbody>\n<\/table>\n<!-- #tablepress-3 from cache -->\n<h2>Reconnaissances<\/h2>\n\n<table id=\"tablepress-5\" class=\"tablepress tablepress-id-5\">\n<thead>\n<tr class=\"row-1\">\n\t<th class=\"column-1\">Ann\u00e9e<\/th><th class=\"column-2\">Nom<\/th><th class=\"column-3\">Endroit de remise<\/th>\n<\/tr>\n<\/thead>\n<tbody class=\"row-striping\">\n<tr class=\"row-2\">\n\t<td class=\"column-1\">2006<\/td><td class=\"column-2\">Mention pour l'oeuvre intitul\u00e9e \"Froidure fluviale\"<br \/>\r\nConcours Peindre \u00e0 l'aquarelle, Paysage d'hiver.<\/td><td class=\"column-3\">Soci\u00e9t\u00e9 canadienne de l'aquarelle (SCA)<\/td>\n<\/tr>\n<tr class=\"row-3\">\n\t<td class=\"column-1\">2010<\/td><td class=\"column-2\">Vote des membres<\/td><td class=\"column-3\">Association des retrait\u00e9s de l'enseignement du Qu\u00e9bec<br \/>\r\n(AREQ)<\/td>\n<\/tr>\n<\/tbody>\n<\/table>\n<!-- #tablepress-5 from cache -->\n<h2>M\u00e9dias<\/h2>\n\n<table id=\"tablepress-7\" class=\"tablepress tablepress-id-7\">\n<thead>\n<tr class=\"row-1\">\n\t<th class=\"column-1\">Ann\u00e9e<\/th><th class=\"column-2\">Titre<\/th><th class=\"column-3\">Auteur<\/th><th class=\"column-4\">Source<\/th>\n<\/tr>\n<\/thead>\n<tbody class=\"row-striping\">\n<tr class=\"row-2\">\n\t<td class=\"column-1\">2006<\/td><td class=\"column-2\">Les prix du<br \/>\r\nConcours Peindre \u00e0 l'aquarelle<br \/>\r\nde la Soci\u00e9t\u00e9 canadienne de l'aquarelle.<\/td><td class=\"column-3\">Claude No\u00ebl<br \/>\r\nAu nom de la Soci\u00e9t\u00e9 canadienne de l'aquarelle.<\/td><td class=\"column-4\">L'Aquarelliste<br \/>\r\nVolume 21 Num\u00e9ro 4<br \/>\r\npages 20-21<\/td>\n<\/tr>\n<\/tbody>\n<\/table>\n<!-- #tablepress-7 from cache -->\n","protected":false},"excerpt":{"rendered":"<p>D\u00e9marche Contrairement \u00e0 plusieurs artistes, je suis loin d\u2019\u00eatre n\u00e9e avec un pinceau dans les mains. Par contre, d\u00e8s ma jeunesse, j\u2019ai appris \u00e0 d\u00e9velopper ma cr\u00e9ativit\u00e9 avec l\u2019aide d\u2019un p\u00e8re \u00ab&nbsp;patenteux&nbsp;\u00bb et d\u2019une m\u00e8re artiste dans son genre. Mes premiers pas vers l\u2019art visuel ont \u00e9t\u00e9 r\u00e9alis\u00e9s \u00e0 l\u2019aide d\u2019une amie qui, un jour, &#8230; <\/p>\n<p class=\"read-more-container\"><a title=\"Claudette Sicotte\" class=\"read-more button\" href=\"https:\/\/aapars.com\/claudette-sicotte\/#more-6\" aria-label=\"En savoir plus sur Claudette Sicotte\">Lire plus<\/a><\/p>\n","protected":false},"author":290,"featured_media":0,"parent":0,"menu_order":0,"comment_status":"closed","ping_status":"closed","template":"","meta":{"_s2mail":"yes","ngg_post_thumbnail":0,"iawp_total_views":130,"footnotes":""},"class_list":["post-6","page","type-page","status-publish"],"yoast_head":"<!-- This site is optimized with the Yoast SEO plugin v27.5 - https:\/\/yoast.com\/product\/yoast-seo-wordpress\/ -->\n<title>Claudette Sicotte - Claudette Sicotte - Un site de la galerie virtuelle de l\u2019AAPARS<\/title>\n<meta name=\"description\" content=\"D\u00e9marche Contrairement \u00e0 plusieurs artistes, je suis loin d\u2019\u00eatre n\u00e9e avec un pinceau dans les mains. Par contre, d\u00e8s ma jeunesse, j\u2019ai appris \u00e0 d\u00e9velopper\" \/>\n<meta name=\"robots\" content=\"index, follow, max-snippet:-1, max-image-preview:large, max-video-preview:-1\" \/>\n<link rel=\"canonical\" href=\"https:\/\/aapars.com\/claudette-sicotte\/\" \/>\n<meta property=\"og:locale\" content=\"fr_FR\" \/>\n<meta property=\"og:type\" content=\"article\" \/>\n<meta property=\"og:title\" content=\"Claudette Sicotte - Claudette Sicotte - Un site de la galerie virtuelle de l\u2019AAPARS\" \/>\n<meta property=\"og:description\" content=\"D\u00e9marche Contrairement \u00e0 plusieurs artistes, je suis loin d\u2019\u00eatre n\u00e9e avec un pinceau dans les mains. Par contre, d\u00e8s ma jeunesse, j\u2019ai appris \u00e0 d\u00e9velopper\" \/>\n<meta property=\"og:url\" content=\"https:\/\/aapars.com\/claudette-sicotte\/\" \/>\n<meta property=\"og:site_name\" content=\"Claudette Sicotte\" \/>\n<meta property=\"article:modified_time\" content=\"2022-03-04T20:51:21+00:00\" \/>\n<meta property=\"og:image\" content=\"https:\/\/aapars.com\/claudette-sicotte\/files\/2022\/03\/Photo-Clo-Juillet-2021-4-535x750.jpg\" \/>\n<meta name=\"twitter:label1\" content=\"Dur\u00e9e de lecture estim\u00e9e\" \/>\n\t<meta name=\"twitter:data1\" content=\"2 minutes\" \/>\n<script type=\"application\/ld+json\" class=\"yoast-schema-graph\">{\"@context\":\"https:\\\/\\\/schema.org\",\"@graph\":[{\"@type\":\"WebPage\",\"@id\":\"https:\\\/\\\/aapars.com\\\/claudette-sicotte\\\/\",\"url\":\"https:\\\/\\\/aapars.com\\\/claudette-sicotte\\\/\",\"name\":\"Claudette Sicotte - Claudette Sicotte - Un site de la galerie virtuelle de l\u2019AAPARS\",\"isPartOf\":{\"@id\":\"https:\\\/\\\/aapars.com\\\/claudette-sicotte\\\/#website\"},\"primaryImageOfPage\":{\"@id\":\"https:\\\/\\\/aapars.com\\\/claudette-sicotte\\\/#primaryimage\"},\"image\":{\"@id\":\"https:\\\/\\\/aapars.com\\\/claudette-sicotte\\\/#primaryimage\"},\"thumbnailUrl\":\"https:\\\/\\\/aapars.com\\\/claudette-sicotte\\\/files\\\/2022\\\/03\\\/Photo-Clo-Juillet-2021-4-535x750.jpg\",\"datePublished\":\"2010-10-03T05:11:36+00:00\",\"dateModified\":\"2022-03-04T20:51:21+00:00\",\"description\":\"D\u00e9marche Contrairement \u00e0 plusieurs artistes, je suis loin d\u2019\u00eatre n\u00e9e avec un pinceau dans les mains. Par contre, d\u00e8s ma jeunesse, j\u2019ai appris \u00e0 d\u00e9velopper\",\"breadcrumb\":{\"@id\":\"https:\\\/\\\/aapars.com\\\/claudette-sicotte\\\/#breadcrumb\"},\"inLanguage\":\"fr-FR\",\"potentialAction\":[{\"@type\":\"ReadAction\",\"target\":[\"https:\\\/\\\/aapars.com\\\/claudette-sicotte\\\/\"]}]},{\"@type\":\"ImageObject\",\"inLanguage\":\"fr-FR\",\"@id\":\"https:\\\/\\\/aapars.com\\\/claudette-sicotte\\\/#primaryimage\",\"url\":\"https:\\\/\\\/aapars.com\\\/claudette-sicotte\\\/files\\\/2022\\\/03\\\/Photo-Clo-Juillet-2021-4.jpg\",\"contentUrl\":\"https:\\\/\\\/aapars.com\\\/claudette-sicotte\\\/files\\\/2022\\\/03\\\/Photo-Clo-Juillet-2021-4.jpg\",\"width\":1460,\"height\":2048},{\"@type\":\"BreadcrumbList\",\"@id\":\"https:\\\/\\\/aapars.com\\\/claudette-sicotte\\\/#breadcrumb\",\"itemListElement\":[{\"@type\":\"ListItem\",\"position\":1,\"name\":\"Accueil\",\"item\":\"https:\\\/\\\/aapars.com\\\/claudette-sicotte\\\/\"},{\"@type\":\"ListItem\",\"position\":2,\"name\":\"Claudette Sicotte\"}]},{\"@type\":\"WebSite\",\"@id\":\"https:\\\/\\\/aapars.com\\\/claudette-sicotte\\\/#website\",\"url\":\"https:\\\/\\\/aapars.com\\\/claudette-sicotte\\\/\",\"name\":\"Claudette Sicotte\",\"description\":\"Un site de la galerie virtuelle de l\u2019AAPARS\",\"publisher\":{\"@id\":\"https:\\\/\\\/aapars.com\\\/claudette-sicotte\\\/#organization\"},\"potentialAction\":[{\"@type\":\"SearchAction\",\"target\":{\"@type\":\"EntryPoint\",\"urlTemplate\":\"https:\\\/\\\/aapars.com\\\/claudette-sicotte\\\/?s={search_term_string}\"},\"query-input\":{\"@type\":\"PropertyValueSpecification\",\"valueRequired\":true,\"valueName\":\"search_term_string\"}}],\"inLanguage\":\"fr-FR\"},{\"@type\":\"Organization\",\"@id\":\"https:\\\/\\\/aapars.com\\\/claudette-sicotte\\\/#organization\",\"name\":\"Claudette Sicotte\",\"url\":\"https:\\\/\\\/aapars.com\\\/claudette-sicotte\\\/\",\"logo\":{\"@type\":\"ImageObject\",\"inLanguage\":\"fr-FR\",\"@id\":\"https:\\\/\\\/aapars.com\\\/claudette-sicotte\\\/#\\\/schema\\\/logo\\\/image\\\/\",\"url\":\"https:\\\/\\\/aapars.com\\\/claudette-sicotte\\\/files\\\/2021\\\/05\\\/logo-aapars-@2x.png\",\"contentUrl\":\"https:\\\/\\\/aapars.com\\\/claudette-sicotte\\\/files\\\/2021\\\/05\\\/logo-aapars-@2x.png\",\"width\":560,\"height\":306,\"caption\":\"Claudette Sicotte\"},\"image\":{\"@id\":\"https:\\\/\\\/aapars.com\\\/claudette-sicotte\\\/#\\\/schema\\\/logo\\\/image\\\/\"}}]}<\/script>\n<!-- \/ Yoast SEO plugin. -->","yoast_head_json":{"title":"Claudette Sicotte - Claudette Sicotte - Un site de la galerie virtuelle de l\u2019AAPARS","description":"D\u00e9marche Contrairement \u00e0 plusieurs artistes, je suis loin d\u2019\u00eatre n\u00e9e avec un pinceau dans les mains. Par contre, d\u00e8s ma jeunesse, j\u2019ai appris \u00e0 d\u00e9velopper","robots":{"index":"index","follow":"follow","max-snippet":"max-snippet:-1","max-image-preview":"max-image-preview:large","max-video-preview":"max-video-preview:-1"},"canonical":"https:\/\/aapars.com\/claudette-sicotte\/","og_locale":"fr_FR","og_type":"article","og_title":"Claudette Sicotte - Claudette Sicotte - Un site de la galerie virtuelle de l\u2019AAPARS","og_description":"D\u00e9marche Contrairement \u00e0 plusieurs artistes, je suis loin d\u2019\u00eatre n\u00e9e avec un pinceau dans les mains. Par contre, d\u00e8s ma jeunesse, j\u2019ai appris \u00e0 d\u00e9velopper","og_url":"https:\/\/aapars.com\/claudette-sicotte\/","og_site_name":"Claudette Sicotte","article_modified_time":"2022-03-04T20:51:21+00:00","og_image":[{"url":"https:\/\/aapars.com\/claudette-sicotte\/files\/2022\/03\/Photo-Clo-Juillet-2021-4-535x750.jpg","type":"","width":"","height":""}],"twitter_misc":{"Dur\u00e9e de lecture estim\u00e9e":"2 minutes"},"schema":{"@context":"https:\/\/schema.org","@graph":[{"@type":"WebPage","@id":"https:\/\/aapars.com\/claudette-sicotte\/","url":"https:\/\/aapars.com\/claudette-sicotte\/","name":"Claudette Sicotte - Claudette Sicotte - Un site de la galerie virtuelle de l\u2019AAPARS","isPartOf":{"@id":"https:\/\/aapars.com\/claudette-sicotte\/#website"},"primaryImageOfPage":{"@id":"https:\/\/aapars.com\/claudette-sicotte\/#primaryimage"},"image":{"@id":"https:\/\/aapars.com\/claudette-sicotte\/#primaryimage"},"thumbnailUrl":"https:\/\/aapars.com\/claudette-sicotte\/files\/2022\/03\/Photo-Clo-Juillet-2021-4-535x750.jpg","datePublished":"2010-10-03T05:11:36+00:00","dateModified":"2022-03-04T20:51:21+00:00","description":"D\u00e9marche Contrairement \u00e0 plusieurs artistes, je suis loin d\u2019\u00eatre n\u00e9e avec un pinceau dans les mains. Par contre, d\u00e8s ma jeunesse, j\u2019ai appris \u00e0 d\u00e9velopper","breadcrumb":{"@id":"https:\/\/aapars.com\/claudette-sicotte\/#breadcrumb"},"inLanguage":"fr-FR","potentialAction":[{"@type":"ReadAction","target":["https:\/\/aapars.com\/claudette-sicotte\/"]}]},{"@type":"ImageObject","inLanguage":"fr-FR","@id":"https:\/\/aapars.com\/claudette-sicotte\/#primaryimage","url":"https:\/\/aapars.com\/claudette-sicotte\/files\/2022\/03\/Photo-Clo-Juillet-2021-4.jpg","contentUrl":"https:\/\/aapars.com\/claudette-sicotte\/files\/2022\/03\/Photo-Clo-Juillet-2021-4.jpg","width":1460,"height":2048},{"@type":"BreadcrumbList","@id":"https:\/\/aapars.com\/claudette-sicotte\/#breadcrumb","itemListElement":[{"@type":"ListItem","position":1,"name":"Accueil","item":"https:\/\/aapars.com\/claudette-sicotte\/"},{"@type":"ListItem","position":2,"name":"Claudette Sicotte"}]},{"@type":"WebSite","@id":"https:\/\/aapars.com\/claudette-sicotte\/#website","url":"https:\/\/aapars.com\/claudette-sicotte\/","name":"Claudette Sicotte","description":"Un site de la galerie virtuelle de l\u2019AAPARS","publisher":{"@id":"https:\/\/aapars.com\/claudette-sicotte\/#organization"},"potentialAction":[{"@type":"SearchAction","target":{"@type":"EntryPoint","urlTemplate":"https:\/\/aapars.com\/claudette-sicotte\/?s={search_term_string}"},"query-input":{"@type":"PropertyValueSpecification","valueRequired":true,"valueName":"search_term_string"}}],"inLanguage":"fr-FR"},{"@type":"Organization","@id":"https:\/\/aapars.com\/claudette-sicotte\/#organization","name":"Claudette Sicotte","url":"https:\/\/aapars.com\/claudette-sicotte\/","logo":{"@type":"ImageObject","inLanguage":"fr-FR","@id":"https:\/\/aapars.com\/claudette-sicotte\/#\/schema\/logo\/image\/","url":"https:\/\/aapars.com\/claudette-sicotte\/files\/2021\/05\/logo-aapars-@2x.png","contentUrl":"https:\/\/aapars.com\/claudette-sicotte\/files\/2021\/05\/logo-aapars-@2x.png","width":560,"height":306,"caption":"Claudette Sicotte"},"image":{"@id":"https:\/\/aapars.com\/claudette-sicotte\/#\/schema\/logo\/image\/"}}]}},"_links":{"self":[{"href":"https:\/\/aapars.com\/claudette-sicotte\/wp-json\/wp\/v2\/pages\/6","targetHints":{"allow":["GET"]}}],"collection":[{"href":"https:\/\/aapars.com\/claudette-sicotte\/wp-json\/wp\/v2\/pages"}],"about":[{"href":"https:\/\/aapars.com\/claudette-sicotte\/wp-json\/wp\/v2\/types\/page"}],"author":[{"embeddable":true,"href":"https:\/\/aapars.com\/claudette-sicotte\/wp-json\/wp\/v2\/users\/290"}],"replies":[{"embeddable":true,"href":"https:\/\/aapars.com\/claudette-sicotte\/wp-json\/wp\/v2\/comments?post=6"}],"version-history":[{"count":1,"href":"https:\/\/aapars.com\/claudette-sicotte\/wp-json\/wp\/v2\/pages\/6\/revisions"}],"predecessor-version":[{"id":394,"href":"https:\/\/aapars.com\/claudette-sicotte\/wp-json\/wp\/v2\/pages\/6\/revisions\/394"}],"wp:attachment":[{"href":"https:\/\/aapars.com\/claudette-sicotte\/wp-json\/wp\/v2\/media?parent=6"}],"curies":[{"name":"wp","href":"https:\/\/api.w.org\/{rel}","templated":true}]}}