{"id":2,"date":"2010-10-03T05:11:36","date_gmt":"2010-10-03T05:11:36","guid":{"rendered":"https:\/\/aapars.com\/jacques-landry\/?page_id=2"},"modified":"2024-03-26T11:11:23","modified_gmt":"2024-03-26T15:11:23","slug":"accueil","status":"publish","type":"page","link":"https:\/\/aapars.com\/claire-marchand\/","title":{"rendered":"Claire Marchand"},"content":{"rendered":"<p>&nbsp;<\/p>\n<p><img loading=\"lazy\" decoding=\"async\" class=\"alignnone wp-image-160\" src=\"https:\/\/aapars.com\/claire-marchand\/files\/2021\/01\/claireete.jpg\" alt=\"\" width=\"297\" height=\"332\"\/><\/p>\n\n<table id=\"tablepress-1\" class=\"tablepress tablepress-id-1\">\n<tbody class=\"row-striping\">\n<tr class=\"row-1\">\n\t<td class=\"column-1\">Technique :<\/td><td class=\"column-2\">Acrylique sur bois<\/td>\n<\/tr>\n<tr class=\"row-2\">\n\t<td class=\"column-1\">Affiliations professionelles :<\/td><td class=\"column-2\">AAPARS (Association des Artistes Peintres Affili\u00e9s de la Rive-sud)<br \/>\n<br \/>\nART (O) St-Jean-sur-Richelieu<\/td>\n<\/tr>\n<tr class=\"row-3\">\n\t<td class=\"column-1\">T\u00e9l\u00e9phone :<\/td><td class=\"column-2\"><a href=\"tel:450-741-4509\">450-741-4509<\/a><\/td>\n<\/tr>\n<tr class=\"row-4\">\n\t<td class=\"column-1\">Courriel :<\/td><td class=\"column-2\"><a href=\"mailto:clairemarchand009@gmail.com\">clairemarchand009@gmail.com<\/a><\/td>\n<\/tr>\n<tr class=\"row-5\">\n\t<td class=\"column-1\">Site Internet :<\/td><td class=\"column-2\"><a href=\"http:\/\/http\/\/\/aapars.com\/claire-marchand\">aapars.com\/claire-marchand<\/a><\/td>\n<\/tr>\n<\/tbody>\n<\/table>\n<!-- #tablepress-1 from cache -->\n<h2>D\u00e9marche<\/h2>\n<p><i><b>Je suis une artiste peintre autodidacte<\/b><\/i><i><b>.&nbsp; Je suis une passionn\u00e9e de l&#8217;art depuis mon enfance.&nbsp; Depuis d\u00e9j\u00e0 plusieurs ann\u00e9es je consacre tout mon temps&nbsp; \u00e0 ma passion et je suis en constante recherche de nouveaut\u00e9s.<\/b><\/i><i><b>&nbsp; Les grandes beaut\u00e9s de la nature et la lumi\u00e8re m&#8217;inspirent constamment. Au fil du temps,&nbsp; j&#8217;ai suivi diff\u00e9rents ateliers en art abstrait et figuratif et exp\u00e9riment\u00e9 plusieurs m\u00e9diums qui m&#8217;ont amen\u00e9 \u00e0 d\u00e9couvrir la force des couleurs, les textures et la transparence. Aujourd&#8217;hui mes cr\u00e9ations sont \u00e0 la fronti\u00e8re de l&#8217;abstrait et du figuratif, ce qui me permet de peindre les ambiances avec une technique que j&#8217;ai moi-m\u00eame d\u00e9velopp\u00e9e<\/b><\/i><\/p>\n<p>&nbsp;<\/p>\n<h2>Reconnaissances<\/h2>\n\n<table id=\"tablepress-5\" class=\"tablepress tablepress-id-5\">\n<thead>\n<tr class=\"row-1\">\n\t<th class=\"column-1\">2e Prix - Art Figuratif<br \/>\n10-2018 <br \/>\n<\/th><th class=\"column-2\">Exposition Concours Automnal de l'AAPARS 2018 (Association des artistes peintres affili\u00e9s de la rive-sud)<\/th><th class=\"column-3\">Centre Marcel Dulude, St-Bruno de Montarville<\/th>\n<\/tr>\n<\/thead>\n<tbody class=\"row-striping row-hover\">\n<tr class=\"row-2\">\n\t<td class=\"column-1\"><\/td><td class=\"column-2\"><\/td><td class=\"column-3\"><\/td>\n<\/tr>\n<\/tbody>\n<\/table>\n<!-- #tablepress-5 from cache -->\n<h2>Collections<\/h2>\n\n<table id=\"tablepress-6\" class=\"tablepress tablepress-id-6\">\n<thead>\n<tr class=\"row-1\">\n\t<th class=\"column-1\">Collection de la Ville de St-Jean-sur-Richelieu<\/th><th class=\"column-2\">Nature d\u00e9cha\u00een\u00e9e<\/th><th class=\"column-3\">Cr\u00e9ation 2018<\/th>\n<\/tr>\n<\/thead>\n<tbody class=\"row-striping row-hover\">\n<tr class=\"row-2\">\n\t<td class=\"column-1\"><\/td><td class=\"column-2\"><\/td><td class=\"column-3\"><\/td>\n<\/tr>\n<tr class=\"row-3\">\n\t<td class=\"column-1\"><\/td><td class=\"column-2\"><\/td><td class=\"column-3\"><\/td>\n<\/tr>\n<tr class=\"row-4\">\n\t<td class=\"column-1\"><\/td><td class=\"column-2\"><\/td><td class=\"column-3\"><\/td>\n<\/tr>\n<\/tbody>\n<\/table>\n<!-- #tablepress-6 from cache -->\n<h2>Expositions<\/h2>\n\n<table id=\"tablepress-3\" class=\"tablepress tablepress-id-3\">\n<thead>\n<tr class=\"row-1\">\n\t<th class=\"column-1\">Ann\u00e9e<\/th><th class=\"column-2\">Nom<\/th><th class=\"column-3\">Endroit<\/th><td class=\"column-4\"><\/td>\n<\/tr>\n<\/thead>\n<tbody class=\"row-striping row-hover\">\n<tr class=\"row-2\">\n\t<td class=\"column-1\">EXPOSITIONS SOLO ET DUO<br \/>\n<\/td><td class=\"column-2\"><\/td><td class=\"column-3\"><\/td><td class=\"column-4\"><\/td>\n<\/tr>\n<tr class=\"row-3\">\n\t<td class=\"column-1\">Decembre 2024<\/td><td class=\"column-2\">Exposition duo<\/td><td class=\"column-3\">Bibliotheque Ste-Julie<\/td><td class=\"column-4\"><\/td>\n<\/tr>\n<tr class=\"row-4\">\n\t<td class=\"column-1\">Decembre 2023<\/td><td class=\"column-2\">Exposition solo<\/td><td class=\"column-3\">Petite galerie ARTO<\/td><td class=\"column-4\"><\/td>\n<\/tr>\n<tr class=\"row-5\">\n\t<td class=\"column-1\">Septembre 2019 <\/td><td class=\"column-2\">Exposition solo - nature en changement<\/td><td class=\"column-3\">Salon Rouge, biblioth\u00e8que St-Luc, St-Jean-sur-Richelieu<\/td><td class=\"column-4\"><\/td>\n<\/tr>\n<tr class=\"row-6\">\n\t<td class=\"column-1\">COLLECTIVE<\/td><td class=\"column-2\"><\/td><td class=\"column-3\"><\/td><td class=\"column-4\"><\/td>\n<\/tr>\n<tr class=\"row-7\">\n\t<td class=\"column-1\">Octobre 2024<\/td><td class=\"column-2\">Expo concours 2024<\/td><td class=\"column-3\">St-Bruno-de-Montarville<\/td><td class=\"column-4\"><\/td>\n<\/tr>\n<tr class=\"row-8\">\n\t<td class=\"column-1\">Avril 2024<\/td><td class=\"column-2\">Expo Galerie <\/td><td class=\"column-3\">Boucherville<\/td><td class=\"column-4\"><\/td>\n<\/tr>\n<tr class=\"row-9\">\n\t<td class=\"column-1\">Novembre 2023<\/td><td class=\"column-2\">Expo concours<\/td><td class=\"column-3\">St-Bruno de Montarville<\/td><td class=\"column-4\"><\/td>\n<\/tr>\n<tr class=\"row-10\">\n\t<td class=\"column-1\">Mai 2023<\/td><td class=\"column-2\">Rencontre des Arts St-Jean-sur-Richelieu<\/td><td class=\"column-3\">St-Jean-sur-Richelieu<\/td><td class=\"column-4\"><\/td>\n<\/tr>\n<tr class=\"row-11\">\n\t<td class=\"column-1\">Mars 2023<\/td><td class=\"column-2\">Expo galerie- AAPARS<\/td><td class=\"column-3\">Laprairie, Que<\/td><td class=\"column-4\"><\/td>\n<\/tr>\n<tr class=\"row-12\">\n\t<td class=\"column-1\">Aout 2022<\/td><td class=\"column-2\">Festival des Arts. Salabery-de-Valleyfield<\/td><td class=\"column-3\">Valleyfield<\/td><td class=\"column-4\"><\/td>\n<\/tr>\n<tr class=\"row-13\">\n\t<td class=\"column-1\">Juil, 2022<\/td><td class=\"column-2\">Symposium Cap Sabt\u00e9<\/td><td class=\"column-3\">Cap Sant\u00e9, Que<\/td><td class=\"column-4\"><\/td>\n<\/tr>\n<tr class=\"row-14\">\n\t<td class=\"column-1\">Mars 2022<\/td><td class=\"column-2\">Expo Galerie - AAPARS<\/td><td class=\"column-3\">Boucherville, Que<\/td><td class=\"column-4\"><\/td>\n<\/tr>\n<tr class=\"row-15\">\n\t<td class=\"column-1\">Septembre 2022<\/td><td class=\"column-2\">CDA Plus Grand que Nature<\/td><td class=\"column-3\">St-Bruno de Montarville<\/td><td class=\"column-4\"><\/td>\n<\/tr>\n<tr class=\"row-16\">\n\t<td class=\"column-1\">juillet 2021<\/td><td class=\"column-2\">Festival des Arts de Salaberry-de-Valleyfield<\/td><td class=\"column-3\">Valleyfield, Que<br \/>\n<\/td><td class=\"column-4\"><\/td>\n<\/tr>\n<tr class=\"row-17\">\n\t<td class=\"column-1\">nov. 2021<\/td><td class=\"column-2\">Expo Concours de Laprairie<\/td><td class=\"column-3\">LaPrairie<\/td><td class=\"column-4\"><\/td>\n<\/tr>\n<tr class=\"row-18\">\n\t<td class=\"column-1\">Sept 2021<\/td><td class=\"column-2\">Symposium des Arts visuels de Trois-Rivi\u00e8res<\/td><td class=\"column-3\">Trois-Rivi\u00e8res<\/td><td class=\"column-4\"><\/td>\n<\/tr>\n<tr class=\"row-19\">\n\t<td class=\"column-1\">sept 2021<\/td><td class=\"column-2\">CDA + grand que Nature<\/td><td class=\"column-3\">St-Bruno-de-Montarville<br \/>\n<\/td><td class=\"column-4\"><\/td>\n<\/tr>\n<tr class=\"row-20\">\n\t<td class=\"column-1\">mai 2021<\/td><td class=\"column-2\">Art en libert\u00e9<\/td><td class=\"column-3\">Laprairie, Que<\/td><td class=\"column-4\"><\/td>\n<\/tr>\n<tr class=\"row-21\">\n\t<td class=\"column-1\">Sept 2020<\/td><td class=\"column-2\">CDA + Grand que Nature<\/td><td class=\"column-3\">St-Bruno-de-Montarville<\/td><td class=\"column-4\"><\/td>\n<\/tr>\n<tr class=\"row-22\">\n\t<td class=\"column-1\">Juin 2020<\/td><td class=\"column-2\">ARTO(O) se d\u00e9confine<\/td><td class=\"column-3\">St-Jean-sur-Richelieu<\/td><td class=\"column-4\"><\/td>\n<\/tr>\n<tr class=\"row-23\">\n\t<td class=\"column-1\">aout 2019<\/td><td class=\"column-2\">Festival des Montgolfi\u00e8res - kiosque promotionnel<\/td><td class=\"column-3\">St-Jean-sur-Richelieu<\/td><td class=\"column-4\"><\/td>\n<\/tr>\n<tr class=\"row-24\">\n\t<td class=\"column-1\">Novembre 2019 <\/td><td class=\"column-2\">Expo concours 2019<\/td><td class=\"column-3\">Ville de Laprairie, Que<\/td><td class=\"column-4\"><\/td>\n<\/tr>\n<tr class=\"row-25\">\n\t<td class=\"column-1\">Juillet 2019 <\/td><td class=\"column-2\">Symposium Arts Visuels de Trois-Rivi\u00e8res<\/td><td class=\"column-3\">Trois-Rivi\u00e8res<\/td><td class=\"column-4\"><\/td>\n<\/tr>\n<tr class=\"row-26\">\n\t<td class=\"column-1\">juin 2019<\/td><td class=\"column-2\">Collectif estival - ART[O]<\/td><td class=\"column-3\">St-Jean-sur-Richelieu<\/td><td class=\"column-4\"><\/td>\n<\/tr>\n<tr class=\"row-27\">\n\t<td class=\"column-1\">Ao\u00fbt 2019<\/td><td class=\"column-2\">Arts et Reflets Chateau Richer<\/td><td class=\"column-3\">Quebec, Que<br \/>\n<\/td><td class=\"column-4\"><\/td>\n<\/tr>\n<tr class=\"row-28\">\n\t<td class=\"column-1\">Mars 2019<\/td><td class=\"column-2\">Expo Galerie AAPARS <\/td><td class=\"column-3\">Boucherville<\/td><td class=\"column-4\"><\/td>\n<\/tr>\n<tr class=\"row-29\">\n\t<td class=\"column-1\">2018<\/td><td class=\"column-2\">Symposium Art St-Jean-sur-Richelieu<\/td><td class=\"column-3\">Art(O)<\/td><td class=\"column-4\"><\/td>\n<\/tr>\n<tr class=\"row-30\">\n\t<td class=\"column-1\">2018<\/td><td class=\"column-2\">Exposition Concours Automnal AAPARS (2e prix art figuratif)<\/td><td class=\"column-3\">St-Bruno-de-Montarville<\/td><td class=\"column-4\"><\/td>\n<\/tr>\n<\/tbody>\n<\/table>\n<!-- #tablepress-3 from cache -->\n<h2>Galeries<\/h2>\n\n<table id=\"tablepress-4\" class=\"tablepress tablepress-id-4\">\n<thead>\n<tr class=\"row-1\">\n\t<td class=\"column-1\"><\/td><td class=\"column-2\"><\/td>\n<\/tr>\n<\/thead>\n<tbody class=\"row-striping\">\n<tr class=\"row-2\">\n\t<td class=\"column-1\">Art(O)<\/td><td class=\"column-2\">St-Jean-sur-Richelieu<\/td>\n<\/tr>\n<tr class=\"row-3\">\n\t<td class=\"column-1\">La Loge - Espace photo<\/td><td class=\"column-2\">St-Jean-sur-Richelieu<\/td>\n<\/tr>\n<tr class=\"row-4\">\n\t<td class=\"column-1\"><\/td><td class=\"column-2\"><\/td>\n<\/tr>\n<tr class=\"row-5\">\n\t<td class=\"column-1\"><\/td><td class=\"column-2\"><\/td>\n<\/tr>\n<\/tbody>\n<\/table>\n<!-- #tablepress-4 from cache -->\n<h2>Medias<\/h2>\n\n<table id=\"tablepress-7\" class=\"tablepress tablepress-id-7\">\n<thead>\n<tr class=\"row-1\">\n\t<th class=\"column-1\">Date<\/th><th class=\"column-2\">Article<\/th><td class=\"column-3\"><\/td><th class=\"column-4\">Source<\/th>\n<\/tr>\n<\/thead>\n<tbody class=\"row-striping\">\n<tr class=\"row-2\">\n\t<td class=\"column-1\">Decembre 2024<\/td><td class=\"column-2\">Article<\/td><td class=\"column-3\"><\/td><td class=\"column-4\">Article paru dans le journal Les Versants<br \/>\n<\/td>\n<\/tr>\n<tr class=\"row-3\">\n\t<td class=\"column-1\">Septembre 2019 <\/td><td class=\"column-2\">Article<\/td><td class=\"column-3\"><\/td><td class=\"column-4\">Article paru dans le Canada-Fran\u00e7ais du 26 septembre 2019<\/td>\n<\/tr>\n<tr class=\"row-4\">\n\t<td class=\"column-1\">Hiver 2019<\/td><td class=\"column-2\">Article et photo<\/td><td class=\"column-3\"><\/td><td class=\"column-4\">Magazin'art<br \/>\n<\/td>\n<\/tr>\n<tr class=\"row-5\">\n\t<td class=\"column-1\">Octobre 2018<\/td><td class=\"column-2\">Article et photos des gagnants de l'Exposition concours automnal de l'AAPARS<\/td><td class=\"column-3\"><\/td><td class=\"column-4\">Journal Les Versants,<br \/>\nLa Rel\u00e8ve de Boucherville et L'Oeil R\u00e9gional<\/td>\n<\/tr>\n<\/tbody>\n<\/table>\n<!-- #tablepress-7 from cache -->\n<h2>Formation<\/h2>\n\n<table id=\"tablepress-2\" class=\"tablepress tablepress-id-2\">\n<thead>\n<tr class=\"row-1\">\n\t<th class=\"column-1\">Ann\u00e9e<\/th><th class=\"column-2\">Institution\/Professeur<\/th><th class=\"column-3\">Programme<\/th>\n<\/tr>\n<\/thead>\n<tbody class=\"row-striping\">\n<tr class=\"row-2\">\n\t<td class=\"column-1\">2020<\/td><td class=\"column-2\">Nadia Nadege<\/td><td class=\"column-3\">Formation Vivre de son art<\/td>\n<\/tr>\n<tr class=\"row-3\">\n\t<td class=\"column-1\">2017-19<\/td><td class=\"column-2\">Expos\u00e9s de l'AAPARS \u00e0 chaque mois<br \/>\n<\/td><td class=\"column-3\"><\/td>\n<\/tr>\n<tr class=\"row-4\">\n\t<td class=\"column-1\">2017<\/td><td class=\"column-2\">Daniel Vincent<\/td><td class=\"column-3\">Acrylique<\/td>\n<\/tr>\n<tr class=\"row-5\">\n\t<td class=\"column-1\">2017<\/td><td class=\"column-2\">Tania Lebedeef<\/td><td class=\"column-3\">Acrylique<\/td>\n<\/tr>\n<tr class=\"row-6\">\n\t<td class=\"column-1\">2010<\/td><td class=\"column-2\">Irene Halle<\/td><td class=\"column-3\">Aquarelle<\/td>\n<\/tr>\n<\/tbody>\n<\/table>\n<!-- #tablepress-2 from cache -->\n","protected":false},"excerpt":{"rendered":"<p>&nbsp; D\u00e9marche Je suis une artiste peintre autodidacte.&nbsp; Je suis une passionn\u00e9e de l&#8217;art depuis mon enfance.&nbsp; Depuis d\u00e9j\u00e0 plusieurs ann\u00e9es je consacre tout mon temps&nbsp; \u00e0 ma passion et je suis en constante recherche de nouveaut\u00e9s.&nbsp; Les grandes beaut\u00e9s de la nature et la lumi\u00e8re m&#8217;inspirent constamment. Au fil du temps,&nbsp; j&#8217;ai suivi diff\u00e9rents &#8230; <\/p>\n<p class=\"read-more-container\"><a title=\"Claire Marchand\" class=\"read-more button\" href=\"https:\/\/aapars.com\/claire-marchand\/#more-2\" aria-label=\"En savoir plus sur Claire Marchand\">Lire plus<\/a><\/p>\n","protected":false},"author":3882,"featured_media":0,"parent":0,"menu_order":0,"comment_status":"closed","ping_status":"closed","template":"","meta":{"_s2mail":"yes","ngg_post_thumbnail":0,"iawp_total_views":139,"footnotes":""},"class_list":["post-2","page","type-page","status-publish"],"yoast_head":"<!-- This site is optimized with the Yoast SEO plugin v27.5 - https:\/\/yoast.com\/product\/yoast-seo-wordpress\/ -->\n<title>Claire Marchand - Claire Marchand - Un site de la galerie virtuelle de l&#039;AAPARS<\/title>\n<meta name=\"description\" content=\"&nbsp; D\u00e9marche Je suis une artiste peintre autodidacte.&nbsp; Je suis une passionn\u00e9e de l&#039;art depuis mon enfance.&nbsp; Depuis d\u00e9j\u00e0 plusieurs ann\u00e9es je\" \/>\n<meta name=\"robots\" content=\"index, follow, max-snippet:-1, max-image-preview:large, max-video-preview:-1\" \/>\n<link rel=\"canonical\" href=\"https:\/\/aapars.com\/claire-marchand\/\" \/>\n<meta property=\"og:locale\" content=\"fr_FR\" \/>\n<meta property=\"og:type\" content=\"article\" \/>\n<meta property=\"og:title\" content=\"Claire Marchand - Claire Marchand - Un site de la galerie virtuelle de l&#039;AAPARS\" \/>\n<meta property=\"og:description\" content=\"&nbsp; D\u00e9marche Je suis une artiste peintre autodidacte.&nbsp; Je suis une passionn\u00e9e de l&#039;art depuis mon enfance.&nbsp; Depuis d\u00e9j\u00e0 plusieurs ann\u00e9es je\" \/>\n<meta property=\"og:url\" content=\"https:\/\/aapars.com\/claire-marchand\/\" \/>\n<meta property=\"og:site_name\" content=\"Claire Marchand\" \/>\n<meta property=\"article:modified_time\" content=\"2024-03-26T15:11:23+00:00\" \/>\n<meta property=\"og:image\" content=\"https:\/\/aapars.com\/claire-marchand\/files\/2021\/01\/claireete.jpg\" \/>\n<meta name=\"twitter:label1\" content=\"Dur\u00e9e de lecture estim\u00e9e\" \/>\n\t<meta name=\"twitter:data1\" content=\"1 minute\" \/>\n<script type=\"application\/ld+json\" class=\"yoast-schema-graph\">{\"@context\":\"https:\\\/\\\/schema.org\",\"@graph\":[{\"@type\":\"WebPage\",\"@id\":\"https:\\\/\\\/aapars.com\\\/claire-marchand\\\/\",\"url\":\"https:\\\/\\\/aapars.com\\\/claire-marchand\\\/\",\"name\":\"Claire Marchand - Claire Marchand - Un site de la galerie virtuelle de l&#039;AAPARS\",\"isPartOf\":{\"@id\":\"https:\\\/\\\/aapars.com\\\/claire-marchand\\\/#website\"},\"primaryImageOfPage\":{\"@id\":\"https:\\\/\\\/aapars.com\\\/claire-marchand\\\/#primaryimage\"},\"image\":{\"@id\":\"https:\\\/\\\/aapars.com\\\/claire-marchand\\\/#primaryimage\"},\"thumbnailUrl\":\"https:\\\/\\\/aapars.com\\\/claire-marchand\\\/files\\\/2021\\\/01\\\/claireete.jpg\",\"datePublished\":\"2010-10-03T05:11:36+00:00\",\"dateModified\":\"2024-03-26T15:11:23+00:00\",\"description\":\"&nbsp; D\u00e9marche Je suis une artiste peintre autodidacte.&nbsp; Je suis une passionn\u00e9e de l'art depuis mon enfance.&nbsp; Depuis d\u00e9j\u00e0 plusieurs ann\u00e9es je\",\"breadcrumb\":{\"@id\":\"https:\\\/\\\/aapars.com\\\/claire-marchand\\\/#breadcrumb\"},\"inLanguage\":\"fr-FR\",\"potentialAction\":[{\"@type\":\"ReadAction\",\"target\":[\"https:\\\/\\\/aapars.com\\\/claire-marchand\\\/\"]}]},{\"@type\":\"ImageObject\",\"inLanguage\":\"fr-FR\",\"@id\":\"https:\\\/\\\/aapars.com\\\/claire-marchand\\\/#primaryimage\",\"url\":\"https:\\\/\\\/aapars.com\\\/claire-marchand\\\/files\\\/2021\\\/01\\\/claireete.jpg\",\"contentUrl\":\"https:\\\/\\\/aapars.com\\\/claire-marchand\\\/files\\\/2021\\\/01\\\/claireete.jpg\",\"width\":368,\"height\":411},{\"@type\":\"BreadcrumbList\",\"@id\":\"https:\\\/\\\/aapars.com\\\/claire-marchand\\\/#breadcrumb\",\"itemListElement\":[{\"@type\":\"ListItem\",\"position\":1,\"name\":\"Accueil\",\"item\":\"https:\\\/\\\/aapars.com\\\/claire-marchand\\\/\"},{\"@type\":\"ListItem\",\"position\":2,\"name\":\"Claire Marchand\"}]},{\"@type\":\"WebSite\",\"@id\":\"https:\\\/\\\/aapars.com\\\/claire-marchand\\\/#website\",\"url\":\"https:\\\/\\\/aapars.com\\\/claire-marchand\\\/\",\"name\":\"Claire Marchand\",\"description\":\"Un site de la galerie virtuelle de l&#039;AAPARS\",\"publisher\":{\"@id\":\"https:\\\/\\\/aapars.com\\\/claire-marchand\\\/#organization\"},\"potentialAction\":[{\"@type\":\"SearchAction\",\"target\":{\"@type\":\"EntryPoint\",\"urlTemplate\":\"https:\\\/\\\/aapars.com\\\/claire-marchand\\\/?s={search_term_string}\"},\"query-input\":{\"@type\":\"PropertyValueSpecification\",\"valueRequired\":true,\"valueName\":\"search_term_string\"}}],\"inLanguage\":\"fr-FR\"},{\"@type\":\"Organization\",\"@id\":\"https:\\\/\\\/aapars.com\\\/claire-marchand\\\/#organization\",\"name\":\"Claire Marchand\",\"url\":\"https:\\\/\\\/aapars.com\\\/claire-marchand\\\/\",\"logo\":{\"@type\":\"ImageObject\",\"inLanguage\":\"fr-FR\",\"@id\":\"https:\\\/\\\/aapars.com\\\/claire-marchand\\\/#\\\/schema\\\/logo\\\/image\\\/\",\"url\":\"https:\\\/\\\/aapars.com\\\/claire-marchand\\\/files\\\/2012\\\/04\\\/logo-aapars-@2x.png\",\"contentUrl\":\"https:\\\/\\\/aapars.com\\\/claire-marchand\\\/files\\\/2012\\\/04\\\/logo-aapars-@2x.png\",\"width\":560,\"height\":306,\"caption\":\"Claire Marchand\"},\"image\":{\"@id\":\"https:\\\/\\\/aapars.com\\\/claire-marchand\\\/#\\\/schema\\\/logo\\\/image\\\/\"}}]}<\/script>\n<!-- \/ Yoast SEO plugin. -->","yoast_head_json":{"title":"Claire Marchand - Claire Marchand - Un site de la galerie virtuelle de l&#039;AAPARS","description":"&nbsp; D\u00e9marche Je suis une artiste peintre autodidacte.&nbsp; Je suis une passionn\u00e9e de l'art depuis mon enfance.&nbsp; Depuis d\u00e9j\u00e0 plusieurs ann\u00e9es je","robots":{"index":"index","follow":"follow","max-snippet":"max-snippet:-1","max-image-preview":"max-image-preview:large","max-video-preview":"max-video-preview:-1"},"canonical":"https:\/\/aapars.com\/claire-marchand\/","og_locale":"fr_FR","og_type":"article","og_title":"Claire Marchand - Claire Marchand - Un site de la galerie virtuelle de l&#039;AAPARS","og_description":"&nbsp; D\u00e9marche Je suis une artiste peintre autodidacte.&nbsp; Je suis une passionn\u00e9e de l'art depuis mon enfance.&nbsp; Depuis d\u00e9j\u00e0 plusieurs ann\u00e9es je","og_url":"https:\/\/aapars.com\/claire-marchand\/","og_site_name":"Claire Marchand","article_modified_time":"2024-03-26T15:11:23+00:00","og_image":[{"url":"https:\/\/aapars.com\/claire-marchand\/files\/2021\/01\/claireete.jpg","type":"","width":"","height":""}],"twitter_misc":{"Dur\u00e9e de lecture estim\u00e9e":"1 minute"},"schema":{"@context":"https:\/\/schema.org","@graph":[{"@type":"WebPage","@id":"https:\/\/aapars.com\/claire-marchand\/","url":"https:\/\/aapars.com\/claire-marchand\/","name":"Claire Marchand - Claire Marchand - Un site de la galerie virtuelle de l&#039;AAPARS","isPartOf":{"@id":"https:\/\/aapars.com\/claire-marchand\/#website"},"primaryImageOfPage":{"@id":"https:\/\/aapars.com\/claire-marchand\/#primaryimage"},"image":{"@id":"https:\/\/aapars.com\/claire-marchand\/#primaryimage"},"thumbnailUrl":"https:\/\/aapars.com\/claire-marchand\/files\/2021\/01\/claireete.jpg","datePublished":"2010-10-03T05:11:36+00:00","dateModified":"2024-03-26T15:11:23+00:00","description":"&nbsp; D\u00e9marche Je suis une artiste peintre autodidacte.&nbsp; Je suis une passionn\u00e9e de l'art depuis mon enfance.&nbsp; Depuis d\u00e9j\u00e0 plusieurs ann\u00e9es je","breadcrumb":{"@id":"https:\/\/aapars.com\/claire-marchand\/#breadcrumb"},"inLanguage":"fr-FR","potentialAction":[{"@type":"ReadAction","target":["https:\/\/aapars.com\/claire-marchand\/"]}]},{"@type":"ImageObject","inLanguage":"fr-FR","@id":"https:\/\/aapars.com\/claire-marchand\/#primaryimage","url":"https:\/\/aapars.com\/claire-marchand\/files\/2021\/01\/claireete.jpg","contentUrl":"https:\/\/aapars.com\/claire-marchand\/files\/2021\/01\/claireete.jpg","width":368,"height":411},{"@type":"BreadcrumbList","@id":"https:\/\/aapars.com\/claire-marchand\/#breadcrumb","itemListElement":[{"@type":"ListItem","position":1,"name":"Accueil","item":"https:\/\/aapars.com\/claire-marchand\/"},{"@type":"ListItem","position":2,"name":"Claire Marchand"}]},{"@type":"WebSite","@id":"https:\/\/aapars.com\/claire-marchand\/#website","url":"https:\/\/aapars.com\/claire-marchand\/","name":"Claire Marchand","description":"Un site de la galerie virtuelle de l&#039;AAPARS","publisher":{"@id":"https:\/\/aapars.com\/claire-marchand\/#organization"},"potentialAction":[{"@type":"SearchAction","target":{"@type":"EntryPoint","urlTemplate":"https:\/\/aapars.com\/claire-marchand\/?s={search_term_string}"},"query-input":{"@type":"PropertyValueSpecification","valueRequired":true,"valueName":"search_term_string"}}],"inLanguage":"fr-FR"},{"@type":"Organization","@id":"https:\/\/aapars.com\/claire-marchand\/#organization","name":"Claire Marchand","url":"https:\/\/aapars.com\/claire-marchand\/","logo":{"@type":"ImageObject","inLanguage":"fr-FR","@id":"https:\/\/aapars.com\/claire-marchand\/#\/schema\/logo\/image\/","url":"https:\/\/aapars.com\/claire-marchand\/files\/2012\/04\/logo-aapars-@2x.png","contentUrl":"https:\/\/aapars.com\/claire-marchand\/files\/2012\/04\/logo-aapars-@2x.png","width":560,"height":306,"caption":"Claire Marchand"},"image":{"@id":"https:\/\/aapars.com\/claire-marchand\/#\/schema\/logo\/image\/"}}]}},"_links":{"self":[{"href":"https:\/\/aapars.com\/claire-marchand\/wp-json\/wp\/v2\/pages\/2","targetHints":{"allow":["GET"]}}],"collection":[{"href":"https:\/\/aapars.com\/claire-marchand\/wp-json\/wp\/v2\/pages"}],"about":[{"href":"https:\/\/aapars.com\/claire-marchand\/wp-json\/wp\/v2\/types\/page"}],"author":[{"embeddable":true,"href":"https:\/\/aapars.com\/claire-marchand\/wp-json\/wp\/v2\/users\/3882"}],"replies":[{"embeddable":true,"href":"https:\/\/aapars.com\/claire-marchand\/wp-json\/wp\/v2\/comments?post=2"}],"version-history":[{"count":3,"href":"https:\/\/aapars.com\/claire-marchand\/wp-json\/wp\/v2\/pages\/2\/revisions"}],"predecessor-version":[{"id":644,"href":"https:\/\/aapars.com\/claire-marchand\/wp-json\/wp\/v2\/pages\/2\/revisions\/644"}],"wp:attachment":[{"href":"https:\/\/aapars.com\/claire-marchand\/wp-json\/wp\/v2\/media?parent=2"}],"curies":[{"name":"wp","href":"https:\/\/api.w.org\/{rel}","templated":true}]}}