{"id":6,"date":"2010-10-03T05:11:36","date_gmt":"2010-10-03T05:11:36","guid":{"rendered":"https:\/\/aapars.com\/jacques-landry\/?page_id=2"},"modified":"2021-05-23T13:38:47","modified_gmt":"2021-05-23T17:38:47","slug":"profil","status":"publish","type":"page","link":"https:\/\/aapars.com\/chantal-paquin\/","title":{"rendered":"Chantal Paquin"},"content":{"rendered":"<p><a href=\"https:\/\/aapars.com\/chantal-paquin\/profil\/portrait2009\/\" rel=\"attachment wp-att-48\"><img loading=\"lazy\" decoding=\"async\" class=\"size-medium wp-image-48\" src=\"https:\/\/aapars.com\/chantal-paquin\/files\/2013\/01\/Portrait2009-300x200.jpg\" alt=\"Chantal Paquin\" width=\"300\" height=\"200\" \/><\/a><\/p>\n\n<table id=\"tablepress-1\" class=\"tablepress tablepress-id-1\">\n<tbody class=\"row-striping\">\n<tr class=\"row-1\">\n\t<td class=\"column-1\">Technique :<\/td><td class=\"column-2\">Acrylique<\/td>\n<\/tr>\n<tr class=\"row-2\">\n\t<td class=\"column-1\">Affiliations professionelles :<\/td><td class=\"column-2\">AAPARS<\/td>\n<\/tr>\n<tr class=\"row-3\">\n\t<td class=\"column-1\">T\u00e9l\u00e9phone :<\/td><td class=\"column-2\">450-813-1552<\/td>\n<\/tr>\n<tr class=\"row-4\">\n\t<td class=\"column-1\">Courriel :<\/td><td class=\"column-2\"><a href=\"mailto:chantalpaquin@videotron.qc.ca\" target=\"_blank\" rel=\"noopener\">chantalpaquin@videotron.qc.ca<\/a><\/td>\n<\/tr>\n<tr class=\"row-5\">\n\t<td class=\"column-1\">Site Internet :<\/td><td class=\"column-2\"><a href=\"http:\/\/aapars.com\/chantal-paquin\">aapars.com\/chantal-paquin<\/a><\/td>\n<\/tr>\n<\/tbody>\n<\/table>\n<!-- #tablepress-1 from cache -->\n<p>&nbsp;<\/p>\n<p>&nbsp;<\/p>\n<h2>D\u00e9marche<\/h2>\n<p>&nbsp;<\/p>\n<p>L&#8217;ambiance autour d&#8217;un sujet, les nuances de couleurs qui le composent, telles sont mes sources d&#8217;inspiration pour peindre. Que ce soit un paysage visit\u00e9 ou un objet de c\u00e9ramique, c&#8217;est d&#8217;abord le plaisir de les dessiner qui m&#8217;am\u00e8ne \u00e0 appr\u00e9cier le d\u00e9tail des couleurs qu&#8217;ils renferment.<\/p>\n<p>J&#8217;aime observer les diff\u00e9rents\u00a0\u00e9l\u00e9ments de la nature : la fragilit\u00e9 qui c\u00f4toie l&#8217;immensit\u00e9 d&#8217;un lieu, la douceur de notre hiver qu\u00e9b\u00e9cois, la s\u00e9r\u00e9nit\u00e9 d&#8217;un endroit d\u00e9nud\u00e9\u00a0&#8230; Mon travail en figuration est inspir\u00e9 d&#8217;heures de contemplation de la nature ou simplement d&#8217;objets qui incarnent un souvenir. L&#8217;abstraction est, dans ma d\u00e9marche, l&#8217;opportunit\u00e9 d&#8217;explorer et de cr\u00e9er des palettes de couleurs libres de toutes censures.<\/p>\n<p>&nbsp;<\/p>\n<h2>Formation<\/h2>\n\n<table id=\"tablepress-2\" class=\"tablepress tablepress-id-2\">\n<thead>\n<tr class=\"row-1\">\n\t<th class=\"column-1\">Ann\u00e9e<\/th><th class=\"column-2\">Institution\/Professeur<\/th><th class=\"column-3\">Programme<\/th>\n<\/tr>\n<\/thead>\n<tbody class=\"row-striping\">\n<tr class=\"row-2\">\n\t<td class=\"column-1\">2009-2012<\/td><td class=\"column-2\">Tania Lebedeff<\/td><td class=\"column-3\">Atelier libre<\/td>\n<\/tr>\n<tr class=\"row-3\">\n\t<td class=\"column-1\">2008<\/td><td class=\"column-2\">Kensington and Chelsea College - Londres  \/  Paul Gildea<\/td><td class=\"column-3\">Technique de dessin<\/td>\n<\/tr>\n<tr class=\"row-4\">\n\t<td class=\"column-1\">2007<\/td><td class=\"column-2\">Kensington and Chelsea College - Londres  \/ Tony Rothon<\/td><td class=\"column-3\">Dessin avec mod\u00e8le<\/td>\n<\/tr>\n<tr class=\"row-5\">\n\t<td class=\"column-1\">2006<\/td><td class=\"column-2\">Kensington and Chelsea College - Londres  \/  Peter Fleming<\/td><td class=\"column-3\">Peinture avec mod\u00e8le<\/td>\n<\/tr>\n<tr class=\"row-6\">\n\t<td class=\"column-1\">2001-2005<\/td><td class=\"column-2\">Tania Lebedeff<\/td><td class=\"column-3\">Atelier de cr\u00e9ativit\u00e9<\/td>\n<\/tr>\n<\/tbody>\n<\/table>\n<!-- #tablepress-2 from cache -->\n<h2>Expositions<\/h2>\n\n<table id=\"tablepress-3\" class=\"tablepress tablepress-id-3 tbody-has-connected-cells\">\n<thead>\n<tr class=\"row-1\">\n\t<th class=\"column-1\">Ann\u00e9e<\/th><th class=\"column-2\">Nom<\/th><th class=\"column-3\">Endroit<\/th>\n<\/tr>\n<\/thead>\n<tbody class=\"row-striping\">\n<tr class=\"row-2\">\n\t<td colspan=\"3\" class=\"column-1\">Individuelles<\/td>\n<\/tr>\n<tr class=\"row-3\">\n\t<td class=\"column-1\">2019<\/td><td class=\"column-2\">Aire ReMax<\/td><td class=\"column-3\">St-Bruno-de-Montarville<\/td>\n<\/tr>\n<tr class=\"row-4\">\n\t<td class=\"column-1\">2018<br \/>\n<\/td><td class=\"column-2\">Biblioth\u00e8que Claude-Henry-Grignon<br \/>\nVieux Presbyt\u00e8re<\/td><td class=\"column-3\">Longueuil<br \/>\nGrondines<\/td>\n<\/tr>\n<tr class=\"row-5\">\n\t<td class=\"column-1\">2017<\/td><td class=\"column-2\">Centre Unisant\u00e9<\/td><td class=\"column-3\">Mont-Saint-Hilaire<\/td>\n<\/tr>\n<tr class=\"row-6\">\n\t<td class=\"column-1\">2016<\/td><td class=\"column-2\">Le Corrid'Art<\/td><td class=\"column-3\">Mont-Saint-Hilaire<\/td>\n<\/tr>\n<tr class=\"row-7\">\n\t<td class=\"column-1\">2014<\/td><td class=\"column-2\">Petit Bor\u00e9art<\/td><td class=\"column-3\">Granby<\/td>\n<\/tr>\n<tr class=\"row-8\">\n\t<td class=\"column-1\">2013<\/td><td class=\"column-2\">Tourisme et congr\u00e8s St-Hyacinthe<\/td><td class=\"column-3\">St-Hyacinthe<\/td>\n<\/tr>\n<tr class=\"row-9\">\n\t<td class=\"column-1\">2010<\/td><td class=\"column-2\">Petite galerie d'Arts Station<\/td><td class=\"column-3\">Mont-Saint-Hilaire<\/td>\n<\/tr>\n<tr class=\"row-10\">\n\t<td class=\"column-1\">2005<\/td><td class=\"column-2\">Biblioth\u00e8que Claude-Henry-Grignon<\/td><td class=\"column-3\">Longueuil<\/td>\n<\/tr>\n<tr class=\"row-11\">\n\t<td colspan=\"3\" class=\"column-1\">Collectives avec jury<\/td>\n<\/tr>\n<tr class=\"row-12\">\n\t<td class=\"column-1\">2018<\/td><td class=\"column-2\">Exposition concours de l'AAPARS<\/td><td class=\"column-3\">Saint-Bruno-de-Montarville<\/td>\n<\/tr>\n<tr class=\"row-13\">\n\t<td class=\"column-1\">2012<\/td><td class=\"column-2\">Exposition concours de l'AAPARS<\/td><td class=\"column-3\">Saint-Bruno-de-Montarville<\/td>\n<\/tr>\n<tr class=\"row-14\">\n\t<td class=\"column-1\">2012<\/td><td class=\"column-2\">Biennale internationale d'art miniature<\/td><td class=\"column-3\">Ville Marie<\/td>\n<\/tr>\n<tr class=\"row-15\">\n\t<td class=\"column-1\">2010<\/td><td class=\"column-2\">Exposition concours de l'AAPARS<\/td><td class=\"column-3\">Saint-Bruno-de-Montarville<\/td>\n<\/tr>\n<tr class=\"row-16\">\n\t<td class=\"column-1\">2010<\/td><td class=\"column-2\">Biennale internationale d'art miniature<\/td><td class=\"column-3\">Ville Marie<\/td>\n<\/tr>\n<tr class=\"row-17\">\n\t<td class=\"column-1\">2008<\/td><td class=\"column-2\">Biennale internationale d'art miniature<\/td><td class=\"column-3\">Ville Marie<\/td>\n<\/tr>\n<tr class=\"row-18\">\n\t<td class=\"column-1\">2007<\/td><td class=\"column-2\">Exposition concours de la Prairie<\/td><td class=\"column-3\">La Prairie<\/td>\n<\/tr>\n<tr class=\"row-19\">\n\t<td colspan=\"3\" class=\"column-1\">Expositions collectives<\/td>\n<\/tr>\n<tr class=\"row-20\">\n\t<td class=\"column-1\">2014<\/td><td class=\"column-2\">Galerie DOSHA<\/td><td class=\"column-3\">Beloeil<\/td>\n<\/tr>\n<tr class=\"row-21\">\n\t<td class=\"column-1\">2013<\/td><td class=\"column-2\">Les Impatients<\/td><td class=\"column-3\">Montr\u00e9al<\/td>\n<\/tr>\n<tr class=\"row-22\">\n\t<td class=\"column-1\">2012<\/td><td class=\"column-2\">Les Impatients<\/td><td class=\"column-3\">Montr\u00e9al<\/td>\n<\/tr>\n<tr class=\"row-23\">\n\t<td class=\"column-1\">2011<\/td><td class=\"column-2\">Galerie l'Espace contemporain<\/td><td class=\"column-3\">Montr\u00e9al<\/td>\n<\/tr>\n<tr class=\"row-24\">\n\t<td class=\"column-1\">2010<\/td><td class=\"column-2\">Galerie l'Espace contemporain<\/td><td class=\"column-3\">Montr\u00e9al<\/td>\n<\/tr>\n<tr class=\"row-25\">\n\t<td class=\"column-1\">2010<\/td><td class=\"column-2\">Exposition printani\u00e8re de l'AAPARS<\/td><td class=\"column-3\">Mont-Saint-Hilaire<\/td>\n<\/tr>\n<tr class=\"row-26\">\n\t<td class=\"column-1\">2008 et 2009<\/td><td class=\"column-2\">L'Art pour tous, tous pour l'art<\/td><td class=\"column-3\">Mont-Saint-Hilaire<\/td>\n<\/tr>\n<tr class=\"row-27\">\n\t<td class=\"column-1\">2005<\/td><td class=\"column-2\">Arts Station c\u00f4t\u00e9 galerie<\/td><td class=\"column-3\">Mont-Saint-Hilaire<\/td>\n<\/tr>\n<tr class=\"row-28\">\n\t<td class=\"column-1\">2005<\/td><td class=\"column-2\">Salon des Arts visuels<\/td><td class=\"column-3\">Brossard<\/td>\n<\/tr>\n<tr class=\"row-29\">\n\t<td class=\"column-1\">2004<\/td><td class=\"column-2\">Arts Station c\u00f4t\u00e9 galerie<\/td><td class=\"column-3\">Mont-Saint-Hilaire<\/td>\n<\/tr>\n<\/tbody>\n<\/table>\n<!-- #tablepress-3 from cache -->\n<h2>Reconnaissances<\/h2>\n\n<table id=\"tablepress-5\" class=\"tablepress tablepress-id-5\">\n<thead>\n<tr class=\"row-1\">\n\t<th class=\"column-1\">Ann\u00e9e<\/th><th class=\"column-2\">Nom<\/th><th class=\"column-3\">Endroit de remise<\/th>\n<\/tr>\n<\/thead>\n<tbody class=\"row-striping\">\n<tr class=\"row-2\">\n\t<td class=\"column-1\">1995<\/td><td class=\"column-2\">Gagnante du concours d'illustration de carte de No\u00ebl pour Hydro-Qu\u00e9bec<\/td><td class=\"column-3\">Montr\u00e9al<\/td>\n<\/tr>\n<\/tbody>\n<\/table>\n<!-- #tablepress-5 from cache -->\n<h2>M\u00e9dias<\/h2>\n\n<table id=\"tablepress-7\" class=\"tablepress tablepress-id-7\">\n<thead>\n<tr class=\"row-1\">\n\t<th class=\"column-1\">Ann\u00e9e<\/th><th class=\"column-2\">Titre<\/th><th class=\"column-3\">Source<\/th><th class=\"column-4\">Endroit<\/th>\n<\/tr>\n<\/thead>\n<tbody class=\"row-striping\">\n<tr class=\"row-2\">\n\t<td class=\"column-1\">2018<\/td><td class=\"column-2\">''Paysages visit\u00e9s''<br \/>\n<br \/>\n''Retour aux sources''<\/td><td class=\"column-3\">Espace culturel<br \/>\nLe Phare<\/td><td class=\"column-4\">Longueuil<br \/>\n<br \/>\nGrondines<\/td>\n<\/tr>\n<tr class=\"row-3\">\n\t<td class=\"column-1\">2016<\/td><td class=\"column-2\">''Chantal Paquin expose pour la saison hivernale''<\/td><td class=\"column-3\">L'oeil R\u00e9gional<\/td><td class=\"column-4\">Beloeil<\/td>\n<\/tr>\n<tr class=\"row-4\">\n\t<td class=\"column-1\">2013<\/td><td class=\"column-2\">\"Au rythme des saisons\"<\/td><td class=\"column-3\">Journal Mobiles<\/td><td class=\"column-4\">St-Hyacinthe<\/td>\n<\/tr>\n<tr class=\"row-5\">\n\t<td class=\"column-1\">2010<\/td><td class=\"column-2\">\"Deux pays, deux vibrations\"<\/td><td class=\"column-3\">L'oeil R\u00e9gional<\/td><td class=\"column-4\">Beloeil<\/td>\n<\/tr>\n<tr class=\"row-6\">\n\t<td class=\"column-1\">2005<\/td><td class=\"column-2\">\"Art'8 expose \u00e0 Arts Station\"<\/td><td class=\"column-3\">Le Courrier<\/td><td class=\"column-4\">St-Hyacinthe<\/td>\n<\/tr>\n<tr class=\"row-7\">\n\t<td class=\"column-1\">2005<\/td><td class=\"column-2\">\"Un groupe de huit artistes expose \u00e0 Arts Station\"<\/td><td class=\"column-3\">L'oeil R\u00e9gional<\/td><td class=\"column-4\">Beloeil<\/td>\n<\/tr>\n<tr class=\"row-8\">\n\t<td class=\"column-1\">2005<\/td><td class=\"column-2\">\"Chantal Paquin expose au Vieux Longueuil\"<\/td><td class=\"column-3\">L'Impact<\/td><td class=\"column-4\">Vieux Longueuil<\/td>\n<\/tr>\n<tr class=\"row-9\">\n\t<td class=\"column-1\">2005<\/td><td class=\"column-2\">\"Les couleurs de la moisson sur les toiles de Chantal Paquin\"<\/td><td class=\"column-3\">Longueuil Extra<\/td><td class=\"column-4\">Longueuil<\/td>\n<\/tr>\n<tr class=\"row-10\">\n\t<td class=\"column-1\">2004<\/td><td class=\"column-2\">\"Synergie et expression\"<\/td><td class=\"column-3\">Le Courrier<\/td><td class=\"column-4\">Saint-Hyacinthe<\/td>\n<\/tr>\n<tr class=\"row-11\">\n\t<td class=\"column-1\">2004<\/td><td class=\"column-2\">\"Huit peintres, huit mois, huit univers\"<\/td><td class=\"column-3\">L'oeil R\u00e9gional<\/td><td class=\"column-4\">Beloeil<\/td>\n<\/tr>\n<\/tbody>\n<\/table>\n<!-- #tablepress-7 from cache -->\n<h2>Autres informations<\/h2>\n<p>&nbsp;<\/p>\n<p>&nbsp;<\/p>\n<p>&nbsp;<\/p>\n","protected":false},"excerpt":{"rendered":"<p>&nbsp; &nbsp; D\u00e9marche &nbsp; L&#8217;ambiance autour d&#8217;un sujet, les nuances de couleurs qui le composent, telles sont mes sources d&#8217;inspiration pour peindre. Que ce soit un paysage visit\u00e9 ou un objet de c\u00e9ramique, c&#8217;est d&#8217;abord le plaisir de les dessiner qui m&#8217;am\u00e8ne \u00e0 appr\u00e9cier le d\u00e9tail des couleurs qu&#8217;ils renferment. J&#8217;aime observer les diff\u00e9rents\u00a0\u00e9l\u00e9ments de &#8230; <\/p>\n<p class=\"read-more-container\"><a title=\"Chantal Paquin\" class=\"read-more button\" href=\"https:\/\/aapars.com\/chantal-paquin\/#more-6\" aria-label=\"En savoir plus sur Chantal Paquin\">Lire plus<\/a><\/p>\n","protected":false},"author":497,"featured_media":0,"parent":0,"menu_order":0,"comment_status":"closed","ping_status":"closed","template":"","meta":{"_s2mail":"yes","ngg_post_thumbnail":0,"iawp_total_views":124,"footnotes":""},"class_list":["post-6","page","type-page","status-publish"],"yoast_head":"<!-- This site is optimized with the Yoast SEO plugin v27.5 - https:\/\/yoast.com\/product\/yoast-seo-wordpress\/ -->\n<title>Chantal Paquin - Chantal Paquin - Un site de la galerie virtuelle de l&#039;AAPARS<\/title>\n<meta name=\"description\" content=\"&nbsp; &nbsp; D\u00e9marche &nbsp; L&#039;ambiance autour d&#039;un sujet, les nuances de couleurs qui le composent, telles sont mes sources d&#039;inspiration pour peindre.\" \/>\n<meta name=\"robots\" content=\"index, follow, max-snippet:-1, max-image-preview:large, max-video-preview:-1\" \/>\n<link rel=\"canonical\" href=\"https:\/\/aapars.com\/chantal-paquin\/\" \/>\n<meta property=\"og:locale\" content=\"fr_FR\" \/>\n<meta property=\"og:type\" content=\"article\" \/>\n<meta property=\"og:title\" content=\"Chantal Paquin - Chantal Paquin - Un site de la galerie virtuelle de l&#039;AAPARS\" \/>\n<meta property=\"og:description\" content=\"&nbsp; &nbsp; D\u00e9marche &nbsp; L&#039;ambiance autour d&#039;un sujet, les nuances de couleurs qui le composent, telles sont mes sources d&#039;inspiration pour peindre.\" \/>\n<meta property=\"og:url\" content=\"https:\/\/aapars.com\/chantal-paquin\/\" \/>\n<meta property=\"og:site_name\" content=\"Chantal Paquin\" \/>\n<meta property=\"article:modified_time\" content=\"2021-05-23T17:38:47+00:00\" \/>\n<meta property=\"og:image\" content=\"https:\/\/aapars.com\/chantal-paquin\/files\/2013\/01\/Portrait2009-300x200.jpg\" \/>\n<meta name=\"twitter:label1\" content=\"Dur\u00e9e de lecture estim\u00e9e\" \/>\n\t<meta name=\"twitter:data1\" content=\"1 minute\" \/>\n<script type=\"application\/ld+json\" class=\"yoast-schema-graph\">{\"@context\":\"https:\\\/\\\/schema.org\",\"@graph\":[{\"@type\":\"WebPage\",\"@id\":\"https:\\\/\\\/aapars.com\\\/chantal-paquin\\\/\",\"url\":\"https:\\\/\\\/aapars.com\\\/chantal-paquin\\\/\",\"name\":\"Chantal Paquin - Chantal Paquin - Un site de la galerie virtuelle de l&#039;AAPARS\",\"isPartOf\":{\"@id\":\"https:\\\/\\\/aapars.com\\\/chantal-paquin\\\/#website\"},\"primaryImageOfPage\":{\"@id\":\"https:\\\/\\\/aapars.com\\\/chantal-paquin\\\/#primaryimage\"},\"image\":{\"@id\":\"https:\\\/\\\/aapars.com\\\/chantal-paquin\\\/#primaryimage\"},\"thumbnailUrl\":\"https:\\\/\\\/aapars.com\\\/chantal-paquin\\\/files\\\/2013\\\/01\\\/Portrait2009-300x200.jpg\",\"datePublished\":\"2010-10-03T05:11:36+00:00\",\"dateModified\":\"2021-05-23T17:38:47+00:00\",\"description\":\"&nbsp; &nbsp; D\u00e9marche &nbsp; L'ambiance autour d'un sujet, les nuances de couleurs qui le composent, telles sont mes sources d'inspiration pour peindre.\",\"breadcrumb\":{\"@id\":\"https:\\\/\\\/aapars.com\\\/chantal-paquin\\\/#breadcrumb\"},\"inLanguage\":\"fr-FR\",\"potentialAction\":[{\"@type\":\"ReadAction\",\"target\":[\"https:\\\/\\\/aapars.com\\\/chantal-paquin\\\/\"]}]},{\"@type\":\"ImageObject\",\"inLanguage\":\"fr-FR\",\"@id\":\"https:\\\/\\\/aapars.com\\\/chantal-paquin\\\/#primaryimage\",\"url\":\"https:\\\/\\\/aapars.com\\\/chantal-paquin\\\/files\\\/2013\\\/01\\\/Portrait2009-300x200.jpg\",\"contentUrl\":\"https:\\\/\\\/aapars.com\\\/chantal-paquin\\\/files\\\/2013\\\/01\\\/Portrait2009-300x200.jpg\"},{\"@type\":\"BreadcrumbList\",\"@id\":\"https:\\\/\\\/aapars.com\\\/chantal-paquin\\\/#breadcrumb\",\"itemListElement\":[{\"@type\":\"ListItem\",\"position\":1,\"name\":\"Accueil\",\"item\":\"https:\\\/\\\/aapars.com\\\/chantal-paquin\\\/\"},{\"@type\":\"ListItem\",\"position\":2,\"name\":\"Chantal Paquin\"}]},{\"@type\":\"WebSite\",\"@id\":\"https:\\\/\\\/aapars.com\\\/chantal-paquin\\\/#website\",\"url\":\"https:\\\/\\\/aapars.com\\\/chantal-paquin\\\/\",\"name\":\"Chantal Paquin\",\"description\":\"Un site de la galerie virtuelle de l&#039;AAPARS\",\"publisher\":{\"@id\":\"https:\\\/\\\/aapars.com\\\/chantal-paquin\\\/#organization\"},\"potentialAction\":[{\"@type\":\"SearchAction\",\"target\":{\"@type\":\"EntryPoint\",\"urlTemplate\":\"https:\\\/\\\/aapars.com\\\/chantal-paquin\\\/?s={search_term_string}\"},\"query-input\":{\"@type\":\"PropertyValueSpecification\",\"valueRequired\":true,\"valueName\":\"search_term_string\"}}],\"inLanguage\":\"fr-FR\"},{\"@type\":\"Organization\",\"@id\":\"https:\\\/\\\/aapars.com\\\/chantal-paquin\\\/#organization\",\"name\":\"Chantal Paquin\",\"url\":\"https:\\\/\\\/aapars.com\\\/chantal-paquin\\\/\",\"logo\":{\"@type\":\"ImageObject\",\"inLanguage\":\"fr-FR\",\"@id\":\"https:\\\/\\\/aapars.com\\\/chantal-paquin\\\/#\\\/schema\\\/logo\\\/image\\\/\",\"url\":\"https:\\\/\\\/aapars.com\\\/chantal-paquin\\\/files\\\/2012\\\/04\\\/logo-aapars-@2x.png\",\"contentUrl\":\"https:\\\/\\\/aapars.com\\\/chantal-paquin\\\/files\\\/2012\\\/04\\\/logo-aapars-@2x.png\",\"width\":560,\"height\":306,\"caption\":\"Chantal Paquin\"},\"image\":{\"@id\":\"https:\\\/\\\/aapars.com\\\/chantal-paquin\\\/#\\\/schema\\\/logo\\\/image\\\/\"}}]}<\/script>\n<!-- \/ Yoast SEO plugin. -->","yoast_head_json":{"title":"Chantal Paquin - Chantal Paquin - Un site de la galerie virtuelle de l&#039;AAPARS","description":"&nbsp; &nbsp; D\u00e9marche &nbsp; L'ambiance autour d'un sujet, les nuances de couleurs qui le composent, telles sont mes sources d'inspiration pour peindre.","robots":{"index":"index","follow":"follow","max-snippet":"max-snippet:-1","max-image-preview":"max-image-preview:large","max-video-preview":"max-video-preview:-1"},"canonical":"https:\/\/aapars.com\/chantal-paquin\/","og_locale":"fr_FR","og_type":"article","og_title":"Chantal Paquin - Chantal Paquin - Un site de la galerie virtuelle de l&#039;AAPARS","og_description":"&nbsp; &nbsp; D\u00e9marche &nbsp; L'ambiance autour d'un sujet, les nuances de couleurs qui le composent, telles sont mes sources d'inspiration pour peindre.","og_url":"https:\/\/aapars.com\/chantal-paquin\/","og_site_name":"Chantal Paquin","article_modified_time":"2021-05-23T17:38:47+00:00","og_image":[{"url":"https:\/\/aapars.com\/chantal-paquin\/files\/2013\/01\/Portrait2009-300x200.jpg","type":"","width":"","height":""}],"twitter_misc":{"Dur\u00e9e de lecture estim\u00e9e":"1 minute"},"schema":{"@context":"https:\/\/schema.org","@graph":[{"@type":"WebPage","@id":"https:\/\/aapars.com\/chantal-paquin\/","url":"https:\/\/aapars.com\/chantal-paquin\/","name":"Chantal Paquin - Chantal Paquin - Un site de la galerie virtuelle de l&#039;AAPARS","isPartOf":{"@id":"https:\/\/aapars.com\/chantal-paquin\/#website"},"primaryImageOfPage":{"@id":"https:\/\/aapars.com\/chantal-paquin\/#primaryimage"},"image":{"@id":"https:\/\/aapars.com\/chantal-paquin\/#primaryimage"},"thumbnailUrl":"https:\/\/aapars.com\/chantal-paquin\/files\/2013\/01\/Portrait2009-300x200.jpg","datePublished":"2010-10-03T05:11:36+00:00","dateModified":"2021-05-23T17:38:47+00:00","description":"&nbsp; &nbsp; D\u00e9marche &nbsp; L'ambiance autour d'un sujet, les nuances de couleurs qui le composent, telles sont mes sources d'inspiration pour peindre.","breadcrumb":{"@id":"https:\/\/aapars.com\/chantal-paquin\/#breadcrumb"},"inLanguage":"fr-FR","potentialAction":[{"@type":"ReadAction","target":["https:\/\/aapars.com\/chantal-paquin\/"]}]},{"@type":"ImageObject","inLanguage":"fr-FR","@id":"https:\/\/aapars.com\/chantal-paquin\/#primaryimage","url":"https:\/\/aapars.com\/chantal-paquin\/files\/2013\/01\/Portrait2009-300x200.jpg","contentUrl":"https:\/\/aapars.com\/chantal-paquin\/files\/2013\/01\/Portrait2009-300x200.jpg"},{"@type":"BreadcrumbList","@id":"https:\/\/aapars.com\/chantal-paquin\/#breadcrumb","itemListElement":[{"@type":"ListItem","position":1,"name":"Accueil","item":"https:\/\/aapars.com\/chantal-paquin\/"},{"@type":"ListItem","position":2,"name":"Chantal Paquin"}]},{"@type":"WebSite","@id":"https:\/\/aapars.com\/chantal-paquin\/#website","url":"https:\/\/aapars.com\/chantal-paquin\/","name":"Chantal Paquin","description":"Un site de la galerie virtuelle de l&#039;AAPARS","publisher":{"@id":"https:\/\/aapars.com\/chantal-paquin\/#organization"},"potentialAction":[{"@type":"SearchAction","target":{"@type":"EntryPoint","urlTemplate":"https:\/\/aapars.com\/chantal-paquin\/?s={search_term_string}"},"query-input":{"@type":"PropertyValueSpecification","valueRequired":true,"valueName":"search_term_string"}}],"inLanguage":"fr-FR"},{"@type":"Organization","@id":"https:\/\/aapars.com\/chantal-paquin\/#organization","name":"Chantal Paquin","url":"https:\/\/aapars.com\/chantal-paquin\/","logo":{"@type":"ImageObject","inLanguage":"fr-FR","@id":"https:\/\/aapars.com\/chantal-paquin\/#\/schema\/logo\/image\/","url":"https:\/\/aapars.com\/chantal-paquin\/files\/2012\/04\/logo-aapars-@2x.png","contentUrl":"https:\/\/aapars.com\/chantal-paquin\/files\/2012\/04\/logo-aapars-@2x.png","width":560,"height":306,"caption":"Chantal Paquin"},"image":{"@id":"https:\/\/aapars.com\/chantal-paquin\/#\/schema\/logo\/image\/"}}]}},"_links":{"self":[{"href":"https:\/\/aapars.com\/chantal-paquin\/wp-json\/wp\/v2\/pages\/6","targetHints":{"allow":["GET"]}}],"collection":[{"href":"https:\/\/aapars.com\/chantal-paquin\/wp-json\/wp\/v2\/pages"}],"about":[{"href":"https:\/\/aapars.com\/chantal-paquin\/wp-json\/wp\/v2\/types\/page"}],"author":[{"embeddable":true,"href":"https:\/\/aapars.com\/chantal-paquin\/wp-json\/wp\/v2\/users\/497"}],"replies":[{"embeddable":true,"href":"https:\/\/aapars.com\/chantal-paquin\/wp-json\/wp\/v2\/comments?post=6"}],"version-history":[{"count":0,"href":"https:\/\/aapars.com\/chantal-paquin\/wp-json\/wp\/v2\/pages\/6\/revisions"}],"wp:attachment":[{"href":"https:\/\/aapars.com\/chantal-paquin\/wp-json\/wp\/v2\/media?parent=6"}],"curies":[{"name":"wp","href":"https:\/\/api.w.org\/{rel}","templated":true}]}}