{"id":2,"date":"2010-10-03T05:11:36","date_gmt":"2010-10-03T09:11:36","guid":{"rendered":"https:\/\/aapars.com\/jacques-landry\/?page_id=2"},"modified":"2024-03-25T15:36:27","modified_gmt":"2024-03-25T19:36:27","slug":"accueil","status":"publish","type":"page","link":"https:\/\/aapars.com\/carole-rudzinski\/","title":{"rendered":"Carole RUDZINSKI"},"content":{"rendered":"<p><a href=\"https:\/\/aapars.com\/carole-rudzinski\/files\/2010\/10\/user-icon-e1286135502728.png\"><img loading=\"lazy\" decoding=\"async\" class=\"alignnone wp-image-291 size-thumbnail\" src=\"https:\/\/aapars.com\/carole-rudzinski\/files\/2022\/02\/Rudzinski-atelier-2020-200x200.jpg\" alt=\"Carole Rudzinski-photo\" width=\"200\" height=\"200\"\/><\/a><\/p>\n\n<table id=\"tablepress-1\" class=\"tablepress tablepress-id-1\">\n<tbody class=\"row-striping\">\n<tr class=\"row-1\">\n\t<td class=\"column-1\">Technique : <\/td><td class=\"column-2\">Acrylique sur toile et cire froide et huile<\/td>\n<\/tr>\n<tr class=\"row-2\">\n\t<td class=\"column-1\">Affiliations professionelles :   <\/td><td class=\"column-2\">AAPARS, Art'M Magog, Soci\u00e9t\u00e9 artistique de Qu\u00e9bec, Cr\u00e9a-Qu\u00e9bec<\/td>\n<\/tr>\n<tr class=\"row-3\">\n\t<td class=\"column-1\">T\u00e9l\u00e9phone : <\/td><td class=\"column-2\">514-220-9605<\/td>\n<\/tr>\n<tr class=\"row-4\">\n\t<td class=\"column-1\">Courriel : <\/td><td class=\"column-2\"><a href=\"mailto:rudzinskiart@gmail.com\">rudzinskiart@gmail.com<\/a><\/td>\n<\/tr>\n<tr class=\"row-5\">\n\t<td class=\"column-1\">Site Internet :<\/td><td class=\"column-2\"><\/td>\n<\/tr>\n<\/tbody>\n<\/table>\n<!-- #tablepress-1 from cache -->\n<h2>D\u00e9marche<\/h2>\n<p>Pour Rudzinski, l\u2019art s\u2019offre en h\u00e9ritage : sa m\u00e8re \u00e9tait artiste et ses fils le sont aussi. Qu\u2019elle soit spectatrice ou cr\u00e9atrice, l\u2019\u00e9motion intense qu\u2019elle ressent au contact de l\u2019art est la m\u00eame. \u00c0 travers ses voyages et ses formations elle a su se cr\u00e9er un style particulier o\u00f9 le <strong>mouvement de la couleur<\/strong> pr\u00e9sente des personnages singuliers ou des paysages abstraits.<\/p>\n<p>Au d\u00e9but de son cheminement artistique, ses \u0153uvres \u00e9taient faites de pr\u00e9cisions et de d\u00e9tails : elles \u00e9taient teint\u00e9es de son exp\u00e9rience de graphiste. Aujourd\u2019hui, tout est \u00e9clat de couleur et de lumi\u00e8re. Les \u0153uvres de <strong>Rudzinski<\/strong> sont pass\u00e9es de la pr\u00e9cision du pinceau \u00e0 la suggestion de la spatule. Elle s\u2019offre ainsi plus de libert\u00e9 en se tournant r\u00e9solument vers l\u2019expressionnisme.<\/p>\n<p>Chaque ambiance est importante pour installer la vie sur la toile, que ce soit en utilisant <strong>l\u2019acrylique<\/strong> ou bien la technique <strong>cire froide et huile<\/strong>. Rudzinski entretient un dialogue avec son \u0153uvre tout au long du processus de cr\u00e9ation, pour ainsi produire un r\u00e9sultat significatif tant au niveau de la composition que de l\u2019introspection<\/p>\n<h2>Formation<\/h2>\n\n<table id=\"tablepress-2\" class=\"tablepress tablepress-id-2\">\n<thead>\n<tr class=\"row-1\">\n\t<th class=\"column-1\">Ann\u00e9e<\/th><th class=\"column-2\">Institution\/Professeur<\/th><th class=\"column-3\">Programme<\/th>\n<\/tr>\n<\/thead>\n<tbody class=\"row-striping\">\n<tr class=\"row-2\">\n\t<td class=\"column-1\">2022<\/td><td class=\"column-2\">Melinda Cootsona<\/td><td class=\"column-3\">Cold wax and oil <\/td>\n<\/tr>\n<tr class=\"row-3\">\n\t<td class=\"column-1\">2018 \u00e0 2022<\/td><td class=\"column-2\">Richard Arsenault<\/td><td class=\"column-3\">Coaching artistique<\/td>\n<\/tr>\n<tr class=\"row-4\">\n\t<td class=\"column-1\">2021-2022<\/td><td class=\"column-2\">Jaber Lufti<\/td><td class=\"column-3\">Baisers vol\u00e9s et collage<\/td>\n<\/tr>\n<tr class=\"row-5\">\n\t<td class=\"column-1\">2020<\/td><td class=\"column-2\">Lucie Michel<\/td><td class=\"column-3\">Cire froide et huile<\/td>\n<\/tr>\n<tr class=\"row-6\">\n\t<td class=\"column-1\">2018<\/td><td class=\"column-2\">Miguel Forest<\/td><td class=\"column-3\">Acrylique sur toile<\/td>\n<\/tr>\n<tr class=\"row-7\">\n\t<td class=\"column-1\">2018-2019<\/td><td class=\"column-2\">Janick Ericksen<\/td><td class=\"column-3\">Techniques mixtes<\/td>\n<\/tr>\n<tr class=\"row-8\">\n\t<td class=\"column-1\">2012-2013<\/td><td class=\"column-2\">Jacques Cl\u00e9ment<\/td><td class=\"column-3\">Paysage sur motif<\/td>\n<\/tr>\n<tr class=\"row-9\">\n\t<td class=\"column-1\">2009<\/td><td class=\"column-2\">Universit\u00e9 de Sherbrooke<\/td><td class=\"column-3\">Certificat en arts visuels<\/td>\n<\/tr>\n<tr class=\"row-10\">\n\t<td class=\"column-1\">2005<\/td><td class=\"column-2\">Seymor Seygal<\/td><td class=\"column-3\">Coaching cr\u00e9ativit\u00e9 artistique<\/td>\n<\/tr>\n<tr class=\"row-11\">\n\t<td class=\"column-1\">2008-2022<\/td><td class=\"column-2\">Formation et ateliers<\/td><td class=\"column-3\">Mod\u00e8les vivants<\/td>\n<\/tr>\n<\/tbody>\n<\/table>\n<!-- #tablepress-2 from cache -->\n<h2>Expositions<\/h2>\n\n<table id=\"tablepress-3\" class=\"tablepress tablepress-id-3 tbody-has-connected-cells\">\n<thead>\n<tr class=\"row-1\">\n\t<th class=\"column-1\">Ann\u00e9e<\/th><th class=\"column-2\">Nom<\/th><th class=\"column-3\">Endroit<\/th>\n<\/tr>\n<\/thead>\n<tbody class=\"row-striping\">\n<tr class=\"row-2\">\n\t<td colspan=\"3\" class=\"column-1\"><\/td>\n<\/tr>\n<tr class=\"row-3\">\n\t<td class=\"column-1\">2018 \u00e0 2022<\/td><td class=\"column-2\">Collectif d'artistes<\/td><td class=\"column-3\">Art'M Magog<\/td>\n<\/tr>\n<tr class=\"row-4\">\n\t<td class=\"column-1\">2021<\/td><td class=\"column-2\">Grande vir\u00e9e artistique<\/td><td class=\"column-3\">Grand Couvent Sherbrooke<\/td>\n<\/tr>\n<tr class=\"row-5\">\n\t<td class=\"column-1\">2019<\/td><td class=\"column-2\">Dialogues r\u00e9flexifs<\/td><td class=\"column-3\">Duo Rudzinski et Lucie Levasseur, au Parvis<\/td>\n<\/tr>\n<tr class=\"row-6\">\n\t<td colspan=\"3\" class=\"column-1\"><\/td>\n<\/tr>\n<tr class=\"row-7\">\n\t<td class=\"column-1\">2019<\/td><td class=\"column-2\">Grande vir\u00e9e artistique<\/td><td class=\"column-3\">Atelier Beauvoir<\/td>\n<\/tr>\n<tr class=\"row-8\">\n\t<td class=\"column-1\">2019<\/td><td class=\"column-2\">Regroupement de 66 artistes du Qu\u00e9bec<\/td><td class=\"column-3\">Grand salon des arts de Sherbrooke<\/td>\n<\/tr>\n<tr class=\"row-9\">\n\t<td class=\"column-1\">2019<\/td><td class=\"column-2\">Artistes en vedette<\/td><td class=\"column-3\">RCGT- Raymond-Chabot-Grant-Thornton<\/td>\n<\/tr>\n<\/tbody>\n<\/table>\n<!-- #tablepress-3 from cache -->\n<h2>Reconnaissances<\/h2>\n\n<table id=\"tablepress-5\" class=\"tablepress tablepress-id-5\">\n<thead>\n<tr class=\"row-1\">\n\t<th class=\"column-1\">Ann\u00e9e<\/th><th class=\"column-2\">Nom<\/th><th class=\"column-3\">Endroit de remise<\/th>\n<\/tr>\n<\/thead>\n<tbody class=\"row-striping\">\n<tr class=\"row-2\">\n\t<td class=\"column-1\">2019<\/td><td class=\"column-2\">Coup de coeur du public pour \"J'y pense\"<\/td><td class=\"column-3\">Art'm Magog<\/td>\n<\/tr>\n<tr class=\"row-3\">\n\t<td class=\"column-1\"><\/td><td class=\"column-2\"><\/td><td class=\"column-3\"><\/td>\n<\/tr>\n<tr class=\"row-4\">\n\t<td class=\"column-1\"><\/td><td class=\"column-2\"><\/td><td class=\"column-3\"><\/td>\n<\/tr>\n<tr class=\"row-5\">\n\t<td class=\"column-1\"><\/td><td class=\"column-2\"><\/td><td class=\"column-3\"><\/td>\n<\/tr>\n<\/tbody>\n<\/table>\n<!-- #tablepress-5 from cache -->\n<h2>M\u00e9dias<\/h2>\n\n<table id=\"tablepress-7\" class=\"tablepress tablepress-id-7\">\n<thead>\n<tr class=\"row-1\">\n\t<th class=\"column-1\">Ann\u00e9e<\/th><th class=\"column-2\">Titre<\/th><th class=\"column-3\">Auteur<\/th><th class=\"column-4\">Source<\/th>\n<\/tr>\n<\/thead>\n<tbody class=\"row-striping\">\n<tr class=\"row-2\">\n\t<td class=\"column-1\">2021<\/td><td class=\"column-2\">A voir<\/td><td class=\"column-3\">Placart<\/td><td class=\"column-4\">La tribune<\/td>\n<\/tr>\n<tr class=\"row-3\">\n\t<td class=\"column-1\">2021<\/td><td class=\"column-2\">L'art au couvent<\/td><td class=\"column-3\">Sonia Bolduc<\/td><td class=\"column-4\">La tribune<\/td>\n<\/tr>\n<tr class=\"row-4\">\n\t<td class=\"column-1\"><\/td><td class=\"column-2\"><\/td><td class=\"column-3\"><\/td><td class=\"column-4\"><\/td>\n<\/tr>\n<tr class=\"row-5\">\n\t<td class=\"column-1\"><\/td><td class=\"column-2\"><\/td><td class=\"column-3\"><\/td><td class=\"column-4\"><\/td>\n<\/tr>\n<\/tbody>\n<\/table>\n<!-- #tablepress-7 from cache -->\n<input class=\"fooboxshare_post_id\" type=\"hidden\" value=\"2\"\/>","protected":false},"excerpt":{"rendered":"<p>D\u00e9marche Pour Rudzinski, l\u2019art s\u2019offre en h\u00e9ritage : sa m\u00e8re \u00e9tait artiste et ses fils le sont aussi. Qu\u2019elle soit spectatrice ou cr\u00e9atrice, l\u2019\u00e9motion intense qu\u2019elle ressent au contact de l\u2019art est la m\u00eame. \u00c0 travers ses voyages et ses formations elle a su se cr\u00e9er un style particulier o\u00f9 le mouvement de la couleur &#8230; <\/p>\n<p class=\"read-more-container\"><a title=\"Carole RUDZINSKI\" class=\"read-more button\" href=\"https:\/\/aapars.com\/carole-rudzinski\/#more-2\" aria-label=\"En savoir plus sur Carole RUDZINSKI\">Lire plus<\/a><\/p>\n","protected":false},"author":3482,"featured_media":0,"parent":0,"menu_order":0,"comment_status":"closed","ping_status":"closed","template":"","meta":{"_s2mail":"yes","ngg_post_thumbnail":0,"iawp_total_views":75,"footnotes":""},"class_list":["post-2","page","type-page","status-publish"],"yoast_head":"<!-- This site is optimized with the Yoast SEO plugin v27.5 - https:\/\/yoast.com\/product\/yoast-seo-wordpress\/ -->\n<title>Carole Rudzinski | Un site de la galerie virtuelle de l&#039;AAPARS<\/title>\n<meta name=\"description\" content=\"D\u00e9marche Pour Rudzinski, l\u2019art s\u2019offre en h\u00e9ritage : sa m\u00e8re \u00e9tait artiste et ses fils le sont aussi. Qu\u2019elle soit spectatrice ou cr\u00e9atrice, l\u2019\u00e9motion\" \/>\n<meta name=\"robots\" content=\"index, follow, max-snippet:-1, max-image-preview:large, max-video-preview:-1\" \/>\n<link rel=\"canonical\" href=\"https:\/\/aapars.com\/carole-rudzinski\/\" \/>\n<meta property=\"og:locale\" content=\"fr_FR\" \/>\n<meta property=\"og:type\" content=\"article\" \/>\n<meta property=\"og:title\" content=\"Carole Rudzinski | Un site de la galerie virtuelle de l&#039;AAPARS\" \/>\n<meta property=\"og:description\" content=\"D\u00e9marche Pour Rudzinski, l\u2019art s\u2019offre en h\u00e9ritage : sa m\u00e8re \u00e9tait artiste et ses fils le sont aussi. Qu\u2019elle soit spectatrice ou cr\u00e9atrice, l\u2019\u00e9motion\" \/>\n<meta property=\"og:url\" content=\"https:\/\/aapars.com\/carole-rudzinski\/\" \/>\n<meta property=\"og:site_name\" content=\"Carole Rudzinski\" \/>\n<meta property=\"article:publisher\" content=\"https:\/\/www.facebook.com\/carole.rudzinski\" \/>\n<meta property=\"article:modified_time\" content=\"2024-03-25T19:36:27+00:00\" \/>\n<meta property=\"og:image\" content=\"https:\/\/aapars.com\/carole-rudzinski\/files\/2022\/02\/Rudzinski-atelier-2020-200x200.jpg\" \/>\n<meta name=\"twitter:label1\" content=\"Dur\u00e9e de lecture estim\u00e9e\" \/>\n\t<meta name=\"twitter:data1\" content=\"2 minutes\" \/>\n<script type=\"application\/ld+json\" class=\"yoast-schema-graph\">{\"@context\":\"https:\\\/\\\/schema.org\",\"@graph\":[{\"@type\":\"WebPage\",\"@id\":\"https:\\\/\\\/aapars.com\\\/carole-rudzinski\\\/\",\"url\":\"https:\\\/\\\/aapars.com\\\/carole-rudzinski\\\/\",\"name\":\"Carole Rudzinski | Un site de la galerie virtuelle de l&#039;AAPARS\",\"isPartOf\":{\"@id\":\"https:\\\/\\\/aapars.com\\\/carole-rudzinski\\\/#website\"},\"primaryImageOfPage\":{\"@id\":\"https:\\\/\\\/aapars.com\\\/carole-rudzinski\\\/#primaryimage\"},\"image\":{\"@id\":\"https:\\\/\\\/aapars.com\\\/carole-rudzinski\\\/#primaryimage\"},\"thumbnailUrl\":\"https:\\\/\\\/aapars.com\\\/carole-rudzinski\\\/files\\\/2022\\\/02\\\/Rudzinski-atelier-2020-200x200.jpg\",\"datePublished\":\"2010-10-03T09:11:36+00:00\",\"dateModified\":\"2024-03-25T19:36:27+00:00\",\"description\":\"D\u00e9marche Pour Rudzinski, l\u2019art s\u2019offre en h\u00e9ritage : sa m\u00e8re \u00e9tait artiste et ses fils le sont aussi. Qu\u2019elle soit spectatrice ou cr\u00e9atrice, l\u2019\u00e9motion\",\"breadcrumb\":{\"@id\":\"https:\\\/\\\/aapars.com\\\/carole-rudzinski\\\/#breadcrumb\"},\"inLanguage\":\"fr-FR\",\"potentialAction\":[{\"@type\":\"ReadAction\",\"target\":[\"https:\\\/\\\/aapars.com\\\/carole-rudzinski\\\/\"]}]},{\"@type\":\"ImageObject\",\"inLanguage\":\"fr-FR\",\"@id\":\"https:\\\/\\\/aapars.com\\\/carole-rudzinski\\\/#primaryimage\",\"url\":\"https:\\\/\\\/aapars.com\\\/carole-rudzinski\\\/files\\\/2022\\\/02\\\/Rudzinski-atelier-2020-e1644765624784.jpg\",\"contentUrl\":\"https:\\\/\\\/aapars.com\\\/carole-rudzinski\\\/files\\\/2022\\\/02\\\/Rudzinski-atelier-2020-e1644765624784.jpg\",\"width\":150,\"height\":170},{\"@type\":\"BreadcrumbList\",\"@id\":\"https:\\\/\\\/aapars.com\\\/carole-rudzinski\\\/#breadcrumb\",\"itemListElement\":[{\"@type\":\"ListItem\",\"position\":1,\"name\":\"Accueil\",\"item\":\"https:\\\/\\\/aapars.com\\\/carole-rudzinski\\\/\"},{\"@type\":\"ListItem\",\"position\":2,\"name\":\"Carole RUDZINSKI\"}]},{\"@type\":\"WebSite\",\"@id\":\"https:\\\/\\\/aapars.com\\\/carole-rudzinski\\\/#website\",\"url\":\"https:\\\/\\\/aapars.com\\\/carole-rudzinski\\\/\",\"name\":\"Carole Rudzinski\",\"description\":\"Un site de la galerie virtuelle de l&#039;AAPARS\",\"publisher\":{\"@id\":\"https:\\\/\\\/aapars.com\\\/carole-rudzinski\\\/#\\\/schema\\\/person\\\/0c4b8658093fd266fb006ada3a6b884c\"},\"potentialAction\":[{\"@type\":\"SearchAction\",\"target\":{\"@type\":\"EntryPoint\",\"urlTemplate\":\"https:\\\/\\\/aapars.com\\\/carole-rudzinski\\\/?s={search_term_string}\"},\"query-input\":{\"@type\":\"PropertyValueSpecification\",\"valueRequired\":true,\"valueName\":\"search_term_string\"}}],\"inLanguage\":\"fr-FR\"},{\"@type\":[\"Person\",\"Organization\"],\"@id\":\"https:\\\/\\\/aapars.com\\\/carole-rudzinski\\\/#\\\/schema\\\/person\\\/0c4b8658093fd266fb006ada3a6b884c\",\"name\":\"Carole Rudzinski\",\"image\":{\"@type\":\"ImageObject\",\"inLanguage\":\"fr-FR\",\"@id\":\"https:\\\/\\\/aapars.com\\\/carole-rudzinski\\\/files\\\/2012\\\/04\\\/logo-aapars-@2x.png\",\"url\":\"https:\\\/\\\/aapars.com\\\/carole-rudzinski\\\/files\\\/2012\\\/04\\\/logo-aapars-@2x.png\",\"contentUrl\":\"https:\\\/\\\/aapars.com\\\/carole-rudzinski\\\/files\\\/2012\\\/04\\\/logo-aapars-@2x.png\",\"width\":560,\"height\":306,\"caption\":\"Carole Rudzinski\"},\"logo\":{\"@id\":\"https:\\\/\\\/aapars.com\\\/carole-rudzinski\\\/files\\\/2012\\\/04\\\/logo-aapars-@2x.png\"},\"sameAs\":[\"http:\\\/\\\/www.carolerudzinski.com\",\"https:\\\/\\\/www.facebook.com\\\/carole.rudzinski\"]}]}<\/script>\n<!-- \/ Yoast SEO plugin. -->","yoast_head_json":{"title":"Carole Rudzinski | Un site de la galerie virtuelle de l&#039;AAPARS","description":"D\u00e9marche Pour Rudzinski, l\u2019art s\u2019offre en h\u00e9ritage : sa m\u00e8re \u00e9tait artiste et ses fils le sont aussi. Qu\u2019elle soit spectatrice ou cr\u00e9atrice, l\u2019\u00e9motion","robots":{"index":"index","follow":"follow","max-snippet":"max-snippet:-1","max-image-preview":"max-image-preview:large","max-video-preview":"max-video-preview:-1"},"canonical":"https:\/\/aapars.com\/carole-rudzinski\/","og_locale":"fr_FR","og_type":"article","og_title":"Carole Rudzinski | Un site de la galerie virtuelle de l&#039;AAPARS","og_description":"D\u00e9marche Pour Rudzinski, l\u2019art s\u2019offre en h\u00e9ritage : sa m\u00e8re \u00e9tait artiste et ses fils le sont aussi. Qu\u2019elle soit spectatrice ou cr\u00e9atrice, l\u2019\u00e9motion","og_url":"https:\/\/aapars.com\/carole-rudzinski\/","og_site_name":"Carole Rudzinski","article_publisher":"https:\/\/www.facebook.com\/carole.rudzinski","article_modified_time":"2024-03-25T19:36:27+00:00","og_image":[{"url":"https:\/\/aapars.com\/carole-rudzinski\/files\/2022\/02\/Rudzinski-atelier-2020-200x200.jpg","type":"","width":"","height":""}],"twitter_misc":{"Dur\u00e9e de lecture estim\u00e9e":"2 minutes"},"schema":{"@context":"https:\/\/schema.org","@graph":[{"@type":"WebPage","@id":"https:\/\/aapars.com\/carole-rudzinski\/","url":"https:\/\/aapars.com\/carole-rudzinski\/","name":"Carole Rudzinski | Un site de la galerie virtuelle de l&#039;AAPARS","isPartOf":{"@id":"https:\/\/aapars.com\/carole-rudzinski\/#website"},"primaryImageOfPage":{"@id":"https:\/\/aapars.com\/carole-rudzinski\/#primaryimage"},"image":{"@id":"https:\/\/aapars.com\/carole-rudzinski\/#primaryimage"},"thumbnailUrl":"https:\/\/aapars.com\/carole-rudzinski\/files\/2022\/02\/Rudzinski-atelier-2020-200x200.jpg","datePublished":"2010-10-03T09:11:36+00:00","dateModified":"2024-03-25T19:36:27+00:00","description":"D\u00e9marche Pour Rudzinski, l\u2019art s\u2019offre en h\u00e9ritage : sa m\u00e8re \u00e9tait artiste et ses fils le sont aussi. Qu\u2019elle soit spectatrice ou cr\u00e9atrice, l\u2019\u00e9motion","breadcrumb":{"@id":"https:\/\/aapars.com\/carole-rudzinski\/#breadcrumb"},"inLanguage":"fr-FR","potentialAction":[{"@type":"ReadAction","target":["https:\/\/aapars.com\/carole-rudzinski\/"]}]},{"@type":"ImageObject","inLanguage":"fr-FR","@id":"https:\/\/aapars.com\/carole-rudzinski\/#primaryimage","url":"https:\/\/aapars.com\/carole-rudzinski\/files\/2022\/02\/Rudzinski-atelier-2020-e1644765624784.jpg","contentUrl":"https:\/\/aapars.com\/carole-rudzinski\/files\/2022\/02\/Rudzinski-atelier-2020-e1644765624784.jpg","width":150,"height":170},{"@type":"BreadcrumbList","@id":"https:\/\/aapars.com\/carole-rudzinski\/#breadcrumb","itemListElement":[{"@type":"ListItem","position":1,"name":"Accueil","item":"https:\/\/aapars.com\/carole-rudzinski\/"},{"@type":"ListItem","position":2,"name":"Carole RUDZINSKI"}]},{"@type":"WebSite","@id":"https:\/\/aapars.com\/carole-rudzinski\/#website","url":"https:\/\/aapars.com\/carole-rudzinski\/","name":"Carole Rudzinski","description":"Un site de la galerie virtuelle de l&#039;AAPARS","publisher":{"@id":"https:\/\/aapars.com\/carole-rudzinski\/#\/schema\/person\/0c4b8658093fd266fb006ada3a6b884c"},"potentialAction":[{"@type":"SearchAction","target":{"@type":"EntryPoint","urlTemplate":"https:\/\/aapars.com\/carole-rudzinski\/?s={search_term_string}"},"query-input":{"@type":"PropertyValueSpecification","valueRequired":true,"valueName":"search_term_string"}}],"inLanguage":"fr-FR"},{"@type":["Person","Organization"],"@id":"https:\/\/aapars.com\/carole-rudzinski\/#\/schema\/person\/0c4b8658093fd266fb006ada3a6b884c","name":"Carole Rudzinski","image":{"@type":"ImageObject","inLanguage":"fr-FR","@id":"https:\/\/aapars.com\/carole-rudzinski\/files\/2012\/04\/logo-aapars-@2x.png","url":"https:\/\/aapars.com\/carole-rudzinski\/files\/2012\/04\/logo-aapars-@2x.png","contentUrl":"https:\/\/aapars.com\/carole-rudzinski\/files\/2012\/04\/logo-aapars-@2x.png","width":560,"height":306,"caption":"Carole Rudzinski"},"logo":{"@id":"https:\/\/aapars.com\/carole-rudzinski\/files\/2012\/04\/logo-aapars-@2x.png"},"sameAs":["http:\/\/www.carolerudzinski.com","https:\/\/www.facebook.com\/carole.rudzinski"]}]}},"_links":{"self":[{"href":"https:\/\/aapars.com\/carole-rudzinski\/wp-json\/wp\/v2\/pages\/2","targetHints":{"allow":["GET"]}}],"collection":[{"href":"https:\/\/aapars.com\/carole-rudzinski\/wp-json\/wp\/v2\/pages"}],"about":[{"href":"https:\/\/aapars.com\/carole-rudzinski\/wp-json\/wp\/v2\/types\/page"}],"author":[{"embeddable":true,"href":"https:\/\/aapars.com\/carole-rudzinski\/wp-json\/wp\/v2\/users\/3482"}],"replies":[{"embeddable":true,"href":"https:\/\/aapars.com\/carole-rudzinski\/wp-json\/wp\/v2\/comments?post=2"}],"version-history":[{"count":2,"href":"https:\/\/aapars.com\/carole-rudzinski\/wp-json\/wp\/v2\/pages\/2\/revisions"}],"predecessor-version":[{"id":427,"href":"https:\/\/aapars.com\/carole-rudzinski\/wp-json\/wp\/v2\/pages\/2\/revisions\/427"}],"wp:attachment":[{"href":"https:\/\/aapars.com\/carole-rudzinski\/wp-json\/wp\/v2\/media?parent=2"}],"curies":[{"name":"wp","href":"https:\/\/api.w.org\/{rel}","templated":true}]}}